{"version":"1.0","provider_name":"Galerija umjetnina","provider_url":"https:\/\/galerijakaptol.hr","title":"\u017dELJKO SENE\u010cI\u0106 - Galerija umjetnina","type":"rich","width":600,"height":338,"html":"<blockquote class=\"wp-embedded-content\" data-secret=\"PZfQS5Fku8\"><a href=\"https:\/\/galerijakaptol.hr\/index.php\/2023\/09\/20\/zeljko-senecic\/\">\u017dELJKO SENE\u010cI\u0106<\/a><\/blockquote><iframe sandbox=\"allow-scripts\" security=\"restricted\" src=\"https:\/\/galerijakaptol.hr\/index.php\/2023\/09\/20\/zeljko-senecic\/embed\/#?secret=PZfQS5Fku8\" width=\"600\" height=\"338\" title=\"&#8220;\u017dELJKO SENE\u010cI\u0106&#8221; &#8212; Galerija umjetnina\" data-secret=\"PZfQS5Fku8\" frameborder=\"0\" marginwidth=\"0\" marginheight=\"0\" scrolling=\"no\" class=\"wp-embedded-content\"><\/iframe><script>\n\/*! This file is auto-generated *\/\n!function(d,l){\"use strict\";l.querySelector&&d.addEventListener&&\"undefined\"!=typeof URL&&(d.wp=d.wp||{},d.wp.receiveEmbedMessage||(d.wp.receiveEmbedMessage=function(e){var t=e.data;if((t||t.secret||t.message||t.value)&&!\/[^a-zA-Z0-9]\/.test(t.secret)){for(var s,r,n,a=l.querySelectorAll('iframe[data-secret=\"'+t.secret+'\"]'),o=l.querySelectorAll('blockquote[data-secret=\"'+t.secret+'\"]'),c=new RegExp(\"^https?:$\",\"i\"),i=0;i<o.length;i++)o[i].style.display=\"none\";for(i=0;i<a.length;i++)s=a[i],e.source===s.contentWindow&&(s.removeAttribute(\"style\"),\"height\"===t.message?(1e3<(r=parseInt(t.value,10))?r=1e3:~~r<200&&(r=200),s.height=r):\"link\"===t.message&&(r=new URL(s.getAttribute(\"src\")),n=new URL(t.value),c.test(n.protocol))&&n.host===r.host&&l.activeElement===s&&(d.top.location.href=t.value))}},d.addEventListener(\"message\",d.wp.receiveEmbedMessage,!1),l.addEventListener(\"DOMContentLoaded\",function(){for(var e,t,s=l.querySelectorAll(\"iframe.wp-embedded-content\"),r=0;r<s.length;r++)(t=(e=s[r]).getAttribute(\"data-secret\"))||(t=Math.random().toString(36).substring(2,12),e.src+=\"#?secret=\"+t,e.setAttribute(\"data-secret\",t)),e.contentWindow.postMessage({message:\"ready\",secret:t},\"*\")},!1)))}(window,document);\n\/\/# sourceURL=https:\/\/galerijakaptol.hr\/wp-includes\/js\/wp-embed.min.js\n<\/script>\n","thumbnail_url":"https:\/\/galerijakaptol.hr\/wp-content\/uploads\/2023\/09\/ZELJKO-SENECIC-Pogled-s-Dolca.jpg","thumbnail_width":624,"thumbnail_height":469,"description":"Hrvatski\u00a0slikar, filmski scenograf i redatelj\u00a0(Zagreb,\u00a018.\u00a0I.\u00a01933\u00a0\u2013\u00a0Zagreb,\u00a02.\u00a0I.\u00a02018). U Zagrebu diplomirao slikarstvo na Akademiji likovnih umjetnosti (M. Detoni) 1956. te scenografiju na Kazali\u0161noj akademiji 1960. Bio je suradnik Majstorske radionice K. Hegedu\u0161i\u0107a (1956\u201360). Prete\u017eno tehnikom ulja na platnu ili staklu slikao lirske vizije gradova, osobito Zagreba, prizore iz cirkusa i likove klaunova (ciklusi\u00a0Moj grad,\u00a01988;\u00a0Sene\u010di\u0107eve vedute,\u00a02003). Sna\u017enim kontrastima tamnih i svijetlih boja te nagla\u0161enim crte\u017eom postizao dramati\u010dnost i ekspresivnost.\u00a0"}