{"id":132,"date":"2023-09-10T18:17:55","date_gmt":"2023-09-10T18:17:55","guid":{"rendered":"https:\/\/galerijakaptol.hr\/?page_id=132"},"modified":"2023-10-17T18:44:42","modified_gmt":"2023-10-17T18:44:42","slug":"fundus","status":"publish","type":"page","link":"https:\/\/galerijakaptol.hr\/index.php\/fundus\/","title":{"rendered":"Fundus"},"content":{"rendered":"<form role=\"search\" method=\"get\" action=\"https:\/\/galerijakaptol.hr\/\" class=\"wp-block-search__button-inside wp-block-search__icon-button aligncenter wp-block-search\"    ><label class=\"wp-block-search__label screen-reader-text\" for=\"wp-block-search__input-1\" >Pretraga<\/label><div class=\"wp-block-search__inside-wrapper\"  style=\"width: 1204px\"><input class=\"wp-block-search__input\" id=\"wp-block-search__input-1\" placeholder=\"Pretra\u017ei autore\" value=\"\" type=\"search\" name=\"s\" required \/><button aria-label=\"Pretraga\" class=\"wp-block-search__button has-text-color has-foreground-color has-background has-background-background-color has-icon wp-element-button\" type=\"submit\" ><svg class=\"search-icon\" viewBox=\"0 0 24 24\" width=\"24\" height=\"24\">\n\t\t\t\t\t<path d=\"M13 5c-3.3 0-6 2.7-6 6 0 1.4.5 2.7 1.3 3.7l-3.8 3.8 1.1 1.1 3.8-3.8c1 .8 2.3 1.3 3.7 1.3 3.3 0 6-2.7 6-6S16.3 5 13 5zm0 10.5c-2.5 0-4.5-2-4.5-4.5s2-4.5 4.5-4.5 4.5 2 4.5 4.5-2 4.5-4.5 4.5z\"><\/path>\n\t\t\t\t<\/svg><\/button><\/div><\/form>\n\n\n<div class=\"wp-block-columns are-vertically-aligned-top is-layout-flex wp-container-core-columns-is-layout-28f84493 wp-block-columns-is-layout-flex\">\n<div class=\"wp-block-column is-vertically-aligned-top is-layout-flow wp-block-column-is-layout-flow\" style=\"flex-basis:100%\">\n<div class=\"wp-block-query is-layout-constrained wp-container-core-query-is-layout-2db066cb wp-block-query-is-layout-constrained\"><ul class=\"columns-4 wp-block-post-template is-layout-grid wp-container-core-post-template-is-layout-e7fd85f5 wp-block-post-template-is-layout-grid\"><li class=\"wp-block-post post-632 post type-post status-publish format-standard has-post-thumbnail hentry category-fundus\">\n<figure style=\"width:100%;height:200px;\" class=\"wp-block-post-featured-image\"><a href=\"https:\/\/galerijakaptol.hr\/index.php\/2023\/09\/20\/ranko-ajdinovic\/\" target=\"_self\"  style=\"height:200px\"><img loading=\"lazy\" decoding=\"async\" width=\"2106\" height=\"2560\" src=\"https:\/\/galerijakaptol.hr\/wp-content\/uploads\/2025\/07\/IMG_6262-scaled.jpeg\" class=\"attachment-post-thumbnail size-post-thumbnail wp-post-image\" alt=\"RANKO AJDINOVI\u0106\" style=\"border-style:none;border-width:0px;height:200px;object-fit:cover;\" srcset=\"https:\/\/galerijakaptol.hr\/wp-content\/uploads\/2025\/07\/IMG_6262-scaled.jpeg 2106w, https:\/\/galerijakaptol.hr\/wp-content\/uploads\/2025\/07\/IMG_6262-247x300.jpeg 247w, https:\/\/galerijakaptol.hr\/wp-content\/uploads\/2025\/07\/IMG_6262-842x1024.jpeg 842w, https:\/\/galerijakaptol.hr\/wp-content\/uploads\/2025\/07\/IMG_6262-768x934.jpeg 768w, https:\/\/galerijakaptol.hr\/wp-content\/uploads\/2025\/07\/IMG_6262-1263x1536.jpeg 1263w, https:\/\/galerijakaptol.hr\/wp-content\/uploads\/2025\/07\/IMG_6262-1684x2048.jpeg 1684w\" sizes=\"auto, (max-width: 2106px) 100vw, 2106px\" \/><\/a><\/figure>\n\n\n<div class=\"wp-block-columns is-not-stacked-on-mobile is-layout-flex wp-container-core-columns-is-layout-1b75516c wp-block-columns-is-layout-flex\">\n<div class=\"wp-block-column is-layout-flow wp-block-column-is-layout-flow\"><h2 style=\"font-style:normal;font-weight:400; margin-top:0.2em;\" class=\"has-text-align-center wp-block-post-title has-small-font-size has-system-font-font-family\"><a href=\"https:\/\/galerijakaptol.hr\/index.php\/2023\/09\/20\/ranko-ajdinovic\/\" target=\"_self\" >RANKO AJDINOVI\u0106<\/a><\/h2><\/div>\n<\/div>\n\n<\/li><li class=\"wp-block-post post-4012 post type-post status-publish format-standard has-post-thumbnail hentry category-uncategorized category-fundus\">\n<figure style=\"width:100%;height:200px;\" class=\"wp-block-post-featured-image\"><a href=\"https:\/\/galerijakaptol.hr\/index.php\/2025\/10\/23\/davor-antolic\/\" target=\"_self\"  style=\"height:200px\"><img loading=\"lazy\" decoding=\"async\" width=\"2560\" height=\"958\" src=\"https:\/\/galerijakaptol.hr\/wp-content\/uploads\/2025\/10\/IMG_1715-scaled.jpeg\" class=\"attachment-post-thumbnail size-post-thumbnail wp-post-image\" alt=\"IVICA ANTOL\u010cI\u0106\" style=\"border-style:none;border-width:0px;height:200px;object-fit:cover;\" srcset=\"https:\/\/galerijakaptol.hr\/wp-content\/uploads\/2025\/10\/IMG_1715-scaled.jpeg 2560w, https:\/\/galerijakaptol.hr\/wp-content\/uploads\/2025\/10\/IMG_1715-300x112.jpeg 300w, https:\/\/galerijakaptol.hr\/wp-content\/uploads\/2025\/10\/IMG_1715-1024x383.jpeg 1024w, https:\/\/galerijakaptol.hr\/wp-content\/uploads\/2025\/10\/IMG_1715-768x287.jpeg 768w, https:\/\/galerijakaptol.hr\/wp-content\/uploads\/2025\/10\/IMG_1715-1536x575.jpeg 1536w, https:\/\/galerijakaptol.hr\/wp-content\/uploads\/2025\/10\/IMG_1715-2048x766.jpeg 2048w\" sizes=\"auto, (max-width: 2560px) 100vw, 2560px\" \/><\/a><\/figure>\n\n\n<div class=\"wp-block-columns is-not-stacked-on-mobile is-layout-flex wp-container-core-columns-is-layout-1b75516c wp-block-columns-is-layout-flex\">\n<div class=\"wp-block-column is-layout-flow wp-block-column-is-layout-flow\"><h2 style=\"font-style:normal;font-weight:400; margin-top:0.2em;\" class=\"has-text-align-center wp-block-post-title has-small-font-size has-system-font-font-family\"><a href=\"https:\/\/galerijakaptol.hr\/index.php\/2025\/10\/23\/davor-antolic\/\" target=\"_self\" >IVICA ANTOL\u010cI\u0106<\/a><\/h2><\/div>\n<\/div>\n\n<\/li><li class=\"wp-block-post post-376 post type-post status-publish format-standard has-post-thumbnail hentry category-fundus\">\n<figure style=\"width:100%;height:200px;\" class=\"wp-block-post-featured-image\"><a href=\"https:\/\/galerijakaptol.hr\/index.php\/2023\/09\/12\/grgo-anzulovic\/\" target=\"_self\"  style=\"height:200px\"><img loading=\"lazy\" decoding=\"async\" width=\"2560\" height=\"2211\" src=\"https:\/\/galerijakaptol.hr\/wp-content\/uploads\/2025\/10\/IMG_1597-scaled.jpeg\" class=\"attachment-post-thumbnail size-post-thumbnail wp-post-image\" alt=\"GRGO ANZULOVI\u0106\" style=\"border-style:none;border-width:0px;height:200px;object-fit:cover;\" srcset=\"https:\/\/galerijakaptol.hr\/wp-content\/uploads\/2025\/10\/IMG_1597-scaled.jpeg 2560w, https:\/\/galerijakaptol.hr\/wp-content\/uploads\/2025\/10\/IMG_1597-300x259.jpeg 300w, https:\/\/galerijakaptol.hr\/wp-content\/uploads\/2025\/10\/IMG_1597-1024x884.jpeg 1024w, https:\/\/galerijakaptol.hr\/wp-content\/uploads\/2025\/10\/IMG_1597-768x663.jpeg 768w, https:\/\/galerijakaptol.hr\/wp-content\/uploads\/2025\/10\/IMG_1597-1536x1326.jpeg 1536w, https:\/\/galerijakaptol.hr\/wp-content\/uploads\/2025\/10\/IMG_1597-2048x1769.jpeg 2048w\" sizes=\"auto, (max-width: 2560px) 100vw, 2560px\" \/><\/a><\/figure>\n\n\n<div class=\"wp-block-columns is-not-stacked-on-mobile is-layout-flex wp-container-core-columns-is-layout-1b75516c wp-block-columns-is-layout-flex\">\n<div class=\"wp-block-column is-layout-flow wp-block-column-is-layout-flow\"><h2 style=\"font-style:normal;font-weight:400; margin-top:0.2em;\" class=\"has-text-align-center wp-block-post-title has-small-font-size has-system-font-font-family\"><a href=\"https:\/\/galerijakaptol.hr\/index.php\/2023\/09\/12\/grgo-anzulovic\/\" target=\"_self\" >GRGO ANZULOVI\u0106<\/a><\/h2><\/div>\n<\/div>\n\n<\/li><li class=\"wp-block-post post-538 post type-post status-publish format-standard has-post-thumbnail hentry category-fundus\">\n<figure style=\"width:100%;height:200px;\" class=\"wp-block-post-featured-image\"><a href=\"https:\/\/galerijakaptol.hr\/index.php\/2023\/09\/20\/lovro-artukovic\/\" target=\"_self\"  style=\"height:200px\"><img loading=\"lazy\" decoding=\"async\" width=\"395\" height=\"540\" src=\"https:\/\/galerijakaptol.hr\/wp-content\/uploads\/2023\/09\/LOVRO-ARTUKOVIC-Milovanje.jpg\" class=\"attachment-post-thumbnail size-post-thumbnail wp-post-image\" alt=\"LOVRO ARTUKOVI\u0106\" style=\"border-style:none;border-width:0px;height:200px;object-fit:cover;\" srcset=\"https:\/\/galerijakaptol.hr\/wp-content\/uploads\/2023\/09\/LOVRO-ARTUKOVIC-Milovanje.jpg 395w, https:\/\/galerijakaptol.hr\/wp-content\/uploads\/2023\/09\/LOVRO-ARTUKOVIC-Milovanje-219x300.jpg 219w\" sizes=\"auto, (max-width: 395px) 100vw, 395px\" \/><\/a><\/figure>\n\n\n<div class=\"wp-block-columns is-not-stacked-on-mobile is-layout-flex wp-container-core-columns-is-layout-1b75516c wp-block-columns-is-layout-flex\">\n<div class=\"wp-block-column is-layout-flow wp-block-column-is-layout-flow\"><h2 style=\"font-style:normal;font-weight:400; margin-top:0.2em;\" class=\"has-text-align-center wp-block-post-title has-small-font-size has-system-font-font-family\"><a href=\"https:\/\/galerijakaptol.hr\/index.php\/2023\/09\/20\/lovro-artukovic\/\" target=\"_self\" >LOVRO ARTUKOVI\u0106<\/a><\/h2><\/div>\n<\/div>\n\n<\/li><li class=\"wp-block-post post-218 post type-post status-publish format-standard has-post-thumbnail hentry category-fundus\">\n<figure style=\"width:100%;height:200px;\" class=\"wp-block-post-featured-image\"><a href=\"https:\/\/galerijakaptol.hr\/index.php\/2023\/09\/11\/branko-bahunek\/\" target=\"_self\"  style=\"height:200px\"><img loading=\"lazy\" decoding=\"async\" width=\"2055\" height=\"2560\" src=\"https:\/\/galerijakaptol.hr\/wp-content\/uploads\/2024\/08\/FullSizeRender-scaled.jpeg\" class=\"attachment-post-thumbnail size-post-thumbnail wp-post-image\" alt=\"BRANKO BAHUNEK\" style=\"border-style:none;border-width:0px;height:200px;object-fit:cover;\" srcset=\"https:\/\/galerijakaptol.hr\/wp-content\/uploads\/2024\/08\/FullSizeRender-scaled.jpeg 2055w, https:\/\/galerijakaptol.hr\/wp-content\/uploads\/2024\/08\/FullSizeRender-241x300.jpeg 241w, https:\/\/galerijakaptol.hr\/wp-content\/uploads\/2024\/08\/FullSizeRender-822x1024.jpeg 822w, https:\/\/galerijakaptol.hr\/wp-content\/uploads\/2024\/08\/FullSizeRender-768x957.jpeg 768w, https:\/\/galerijakaptol.hr\/wp-content\/uploads\/2024\/08\/FullSizeRender-1233x1536.jpeg 1233w, https:\/\/galerijakaptol.hr\/wp-content\/uploads\/2024\/08\/FullSizeRender-1644x2048.jpeg 1644w\" sizes=\"auto, (max-width: 2055px) 100vw, 2055px\" \/><\/a><\/figure>\n\n\n<div class=\"wp-block-columns is-not-stacked-on-mobile is-layout-flex wp-container-core-columns-is-layout-1b75516c wp-block-columns-is-layout-flex\">\n<div class=\"wp-block-column is-layout-flow wp-block-column-is-layout-flow\"><h2 style=\"font-style:normal;font-weight:400; margin-top:0.2em;\" class=\"has-text-align-center wp-block-post-title has-small-font-size has-system-font-font-family\"><a href=\"https:\/\/galerijakaptol.hr\/index.php\/2023\/09\/11\/branko-bahunek\/\" target=\"_self\" >BRANKO BAHUNEK<\/a><\/h2><\/div>\n<\/div>\n\n<\/li><li class=\"wp-block-post post-184 post type-post status-publish format-standard has-post-thumbnail hentry category-fundus\">\n<figure style=\"width:100%;height:200px;\" class=\"wp-block-post-featured-image\"><a href=\"https:\/\/galerijakaptol.hr\/index.php\/2023\/09\/11\/ana-barbic-katicic\/\" target=\"_self\"  style=\"height:200px\"><img loading=\"lazy\" decoding=\"async\" width=\"419\" height=\"341\" src=\"https:\/\/galerijakaptol.hr\/wp-content\/uploads\/2023\/09\/ANA-BARBIC-KATICIC-Barcelona.jpg\" class=\"attachment-post-thumbnail size-post-thumbnail wp-post-image\" alt=\"ANA BARBI\u0106 KATI\u010cI\u0106\" style=\"border-style:none;border-width:0px;height:200px;object-fit:cover;\" srcset=\"https:\/\/galerijakaptol.hr\/wp-content\/uploads\/2023\/09\/ANA-BARBIC-KATICIC-Barcelona.jpg 419w, https:\/\/galerijakaptol.hr\/wp-content\/uploads\/2023\/09\/ANA-BARBIC-KATICIC-Barcelona-300x244.jpg 300w\" sizes=\"auto, (max-width: 419px) 100vw, 419px\" \/><\/a><\/figure>\n\n\n<div class=\"wp-block-columns is-not-stacked-on-mobile is-layout-flex wp-container-core-columns-is-layout-1b75516c wp-block-columns-is-layout-flex\">\n<div class=\"wp-block-column is-layout-flow wp-block-column-is-layout-flow\"><h2 style=\"font-style:normal;font-weight:400; margin-top:0.2em;\" class=\"has-text-align-center wp-block-post-title has-small-font-size has-system-font-font-family\"><a href=\"https:\/\/galerijakaptol.hr\/index.php\/2023\/09\/11\/ana-barbic-katicic\/\" target=\"_self\" >ANA BARBI\u0106 KATI\u010cI\u0106<\/a><\/h2><\/div>\n<\/div>\n\n<\/li><li class=\"wp-block-post post-3840 post type-post status-publish format-standard has-post-thumbnail hentry category-fundus\">\n<figure style=\"width:100%;height:200px;\" class=\"wp-block-post-featured-image\"><a href=\"https:\/\/galerijakaptol.hr\/index.php\/2025\/06\/25\/vladimir-becic\/\" target=\"_self\"  style=\"height:200px\"><img loading=\"lazy\" decoding=\"async\" width=\"2560\" height=\"1757\" src=\"https:\/\/galerijakaptol.hr\/wp-content\/uploads\/2025\/06\/IMG_5035-scaled.jpeg\" class=\"attachment-post-thumbnail size-post-thumbnail wp-post-image\" alt=\"VLADIMIR BECI\u0106\" style=\"border-style:none;border-width:0px;height:200px;object-fit:cover;\" srcset=\"https:\/\/galerijakaptol.hr\/wp-content\/uploads\/2025\/06\/IMG_5035-scaled.jpeg 2560w, https:\/\/galerijakaptol.hr\/wp-content\/uploads\/2025\/06\/IMG_5035-300x206.jpeg 300w, https:\/\/galerijakaptol.hr\/wp-content\/uploads\/2025\/06\/IMG_5035-1024x703.jpeg 1024w, https:\/\/galerijakaptol.hr\/wp-content\/uploads\/2025\/06\/IMG_5035-768x527.jpeg 768w, https:\/\/galerijakaptol.hr\/wp-content\/uploads\/2025\/06\/IMG_5035-1536x1054.jpeg 1536w, https:\/\/galerijakaptol.hr\/wp-content\/uploads\/2025\/06\/IMG_5035-2048x1405.jpeg 2048w\" sizes=\"auto, (max-width: 2560px) 100vw, 2560px\" \/><\/a><\/figure>\n\n\n<div class=\"wp-block-columns is-not-stacked-on-mobile is-layout-flex wp-container-core-columns-is-layout-1b75516c wp-block-columns-is-layout-flex\">\n<div class=\"wp-block-column is-layout-flow wp-block-column-is-layout-flow\"><h2 style=\"font-style:normal;font-weight:400; margin-top:0.2em;\" class=\"has-text-align-center wp-block-post-title has-small-font-size has-system-font-font-family\"><a href=\"https:\/\/galerijakaptol.hr\/index.php\/2025\/06\/25\/vladimir-becic\/\" target=\"_self\" >VLADIMIR BECI\u0106<\/a><\/h2><\/div>\n<\/div>\n\n<\/li><li class=\"wp-block-post post-155 post type-post status-publish format-standard has-post-thumbnail hentry category-fundus\">\n<figure style=\"width:100%;height:200px;\" class=\"wp-block-post-featured-image\"><a href=\"https:\/\/galerijakaptol.hr\/index.php\/2023\/09\/11\/aleksandar-bezinovic\/\" target=\"_self\"  style=\"height:200px\"><img loading=\"lazy\" decoding=\"async\" width=\"1989\" height=\"2560\" src=\"https:\/\/galerijakaptol.hr\/wp-content\/uploads\/2025\/10\/IMG_2007-scaled.jpeg\" class=\"attachment-post-thumbnail size-post-thumbnail wp-post-image\" alt=\"ALEKSANDAR BEZINOVI\u0106\" style=\"border-style:none;border-width:0px;height:200px;object-fit:cover;\" srcset=\"https:\/\/galerijakaptol.hr\/wp-content\/uploads\/2025\/10\/IMG_2007-scaled.jpeg 1989w, https:\/\/galerijakaptol.hr\/wp-content\/uploads\/2025\/10\/IMG_2007-233x300.jpeg 233w, https:\/\/galerijakaptol.hr\/wp-content\/uploads\/2025\/10\/IMG_2007-796x1024.jpeg 796w, https:\/\/galerijakaptol.hr\/wp-content\/uploads\/2025\/10\/IMG_2007-768x988.jpeg 768w, https:\/\/galerijakaptol.hr\/wp-content\/uploads\/2025\/10\/IMG_2007-1194x1536.jpeg 1194w, https:\/\/galerijakaptol.hr\/wp-content\/uploads\/2025\/10\/IMG_2007-1591x2048.jpeg 1591w\" sizes=\"auto, (max-width: 1989px) 100vw, 1989px\" \/><\/a><\/figure>\n\n\n<div class=\"wp-block-columns is-not-stacked-on-mobile is-layout-flex wp-container-core-columns-is-layout-1b75516c wp-block-columns-is-layout-flex\">\n<div class=\"wp-block-column is-layout-flow wp-block-column-is-layout-flow\"><h2 style=\"font-style:normal;font-weight:400; margin-top:0.2em;\" class=\"has-text-align-center wp-block-post-title has-small-font-size has-system-font-font-family\"><a href=\"https:\/\/galerijakaptol.hr\/index.php\/2023\/09\/11\/aleksandar-bezinovic\/\" target=\"_self\" >ALEKSANDAR BEZINOVI\u0106<\/a><\/h2><\/div>\n<\/div>\n\n<\/li><li class=\"wp-block-post post-2129 post type-post status-publish format-standard has-post-thumbnail hentry category-uncategorized category-fundus\">\n<figure style=\"width:100%;height:200px;\" class=\"wp-block-post-featured-image\"><a href=\"https:\/\/galerijakaptol.hr\/index.php\/2024\/02\/24\/josip-biffel\/\" target=\"_self\"  style=\"height:200px\"><img loading=\"lazy\" decoding=\"async\" width=\"2560\" height=\"2073\" src=\"https:\/\/galerijakaptol.hr\/wp-content\/uploads\/2026\/02\/IMG_6513-scaled.jpeg\" class=\"attachment-post-thumbnail size-post-thumbnail wp-post-image\" alt=\"JOSIP BIFFEL\" style=\"border-style:none;border-width:0px;height:200px;object-fit:cover;\" srcset=\"https:\/\/galerijakaptol.hr\/wp-content\/uploads\/2026\/02\/IMG_6513-scaled.jpeg 2560w, https:\/\/galerijakaptol.hr\/wp-content\/uploads\/2026\/02\/IMG_6513-300x243.jpeg 300w, https:\/\/galerijakaptol.hr\/wp-content\/uploads\/2026\/02\/IMG_6513-1024x829.jpeg 1024w, https:\/\/galerijakaptol.hr\/wp-content\/uploads\/2026\/02\/IMG_6513-768x622.jpeg 768w, https:\/\/galerijakaptol.hr\/wp-content\/uploads\/2026\/02\/IMG_6513-1536x1244.jpeg 1536w, https:\/\/galerijakaptol.hr\/wp-content\/uploads\/2026\/02\/IMG_6513-2048x1658.jpeg 2048w\" sizes=\"auto, (max-width: 2560px) 100vw, 2560px\" \/><\/a><\/figure>\n\n\n<div class=\"wp-block-columns is-not-stacked-on-mobile is-layout-flex wp-container-core-columns-is-layout-1b75516c wp-block-columns-is-layout-flex\">\n<div class=\"wp-block-column is-layout-flow wp-block-column-is-layout-flow\"><h2 style=\"font-style:normal;font-weight:400; margin-top:0.2em;\" class=\"has-text-align-center wp-block-post-title has-small-font-size has-system-font-font-family\"><a href=\"https:\/\/galerijakaptol.hr\/index.php\/2024\/02\/24\/josip-biffel\/\" target=\"_self\" >JOSIP BIFFEL<\/a><\/h2><\/div>\n<\/div>\n\n<\/li><li class=\"wp-block-post post-4438 post type-post status-publish format-standard has-post-thumbnail hentry category-uncategorized category-fundus\">\n<figure style=\"width:100%;height:200px;\" class=\"wp-block-post-featured-image\"><a href=\"https:\/\/galerijakaptol.hr\/index.php\/2026\/03\/04\/milivoj-bijelic\/\" target=\"_self\"  style=\"height:200px\"><img loading=\"lazy\" decoding=\"async\" width=\"2071\" height=\"2560\" src=\"https:\/\/galerijakaptol.hr\/wp-content\/uploads\/2026\/03\/IMG_7205-scaled.jpeg\" class=\"attachment-post-thumbnail size-post-thumbnail wp-post-image\" alt=\"MILIVOJ BIJELI\u0106\" style=\"border-style:none;border-width:0px;height:200px;object-fit:cover;\" srcset=\"https:\/\/galerijakaptol.hr\/wp-content\/uploads\/2026\/03\/IMG_7205-scaled.jpeg 2071w, https:\/\/galerijakaptol.hr\/wp-content\/uploads\/2026\/03\/IMG_7205-243x300.jpeg 243w, https:\/\/galerijakaptol.hr\/wp-content\/uploads\/2026\/03\/IMG_7205-829x1024.jpeg 829w, https:\/\/galerijakaptol.hr\/wp-content\/uploads\/2026\/03\/IMG_7205-768x949.jpeg 768w, https:\/\/galerijakaptol.hr\/wp-content\/uploads\/2026\/03\/IMG_7205-1243x1536.jpeg 1243w, https:\/\/galerijakaptol.hr\/wp-content\/uploads\/2026\/03\/IMG_7205-1657x2048.jpeg 1657w\" sizes=\"auto, (max-width: 2071px) 100vw, 2071px\" \/><\/a><\/figure>\n\n\n<div class=\"wp-block-columns is-not-stacked-on-mobile is-layout-flex wp-container-core-columns-is-layout-1b75516c wp-block-columns-is-layout-flex\">\n<div class=\"wp-block-column is-layout-flow wp-block-column-is-layout-flow\"><h2 style=\"font-style:normal;font-weight:400; margin-top:0.2em;\" class=\"has-text-align-center wp-block-post-title has-small-font-size has-system-font-font-family\"><a href=\"https:\/\/galerijakaptol.hr\/index.php\/2026\/03\/04\/milivoj-bijelic\/\" target=\"_self\" >MILIVOJ BIJELI\u0106<\/a><\/h2><\/div>\n<\/div>\n\n<\/li><li class=\"wp-block-post post-1548 post type-post status-publish format-standard has-post-thumbnail hentry category-fundus\">\n<figure style=\"width:100%;height:200px;\" class=\"wp-block-post-featured-image\"><a href=\"https:\/\/galerijakaptol.hr\/index.php\/2023\/11\/21\/kruno-bosnjak\/\" target=\"_self\"  style=\"height:200px\"><img loading=\"lazy\" decoding=\"async\" width=\"729\" height=\"1024\" src=\"https:\/\/galerijakaptol.hr\/wp-content\/uploads\/2023\/11\/KRUNO-BOSNJAK.jpeg\" class=\"attachment-post-thumbnail size-post-thumbnail wp-post-image\" alt=\"KRUNO BO\u0160NJAK\" style=\"border-style:none;border-width:0px;height:200px;object-fit:cover;\" srcset=\"https:\/\/galerijakaptol.hr\/wp-content\/uploads\/2023\/11\/KRUNO-BOSNJAK.jpeg 729w, https:\/\/galerijakaptol.hr\/wp-content\/uploads\/2023\/11\/KRUNO-BOSNJAK-214x300.jpeg 214w\" sizes=\"auto, (max-width: 729px) 100vw, 729px\" \/><\/a><\/figure>\n\n\n<div class=\"wp-block-columns is-not-stacked-on-mobile is-layout-flex wp-container-core-columns-is-layout-1b75516c wp-block-columns-is-layout-flex\">\n<div class=\"wp-block-column is-layout-flow wp-block-column-is-layout-flow\"><h2 style=\"font-style:normal;font-weight:400; margin-top:0.2em;\" class=\"has-text-align-center wp-block-post-title has-small-font-size has-system-font-font-family\"><a href=\"https:\/\/galerijakaptol.hr\/index.php\/2023\/11\/21\/kruno-bosnjak\/\" target=\"_self\" >KRUNO BO\u0160NJAK<\/a><\/h2><\/div>\n<\/div>\n\n<\/li><li class=\"wp-block-post post-2504 post type-post status-publish format-standard has-post-thumbnail hentry category-fundus\">\n<figure style=\"width:100%;height:200px;\" class=\"wp-block-post-featured-image\"><a href=\"https:\/\/galerijakaptol.hr\/index.php\/2024\/04\/29\/vjekoslav-bresic\/\" target=\"_self\"  style=\"height:200px\"><img loading=\"lazy\" decoding=\"async\" width=\"1301\" height=\"952\" src=\"https:\/\/galerijakaptol.hr\/wp-content\/uploads\/2024\/04\/WhatsApp-Image-2024-04-29-at-11.39.022.jpeg\" class=\"attachment-post-thumbnail size-post-thumbnail wp-post-image\" alt=\"VJEKOSLAV BRE\u0160I\u0106\" style=\"border-style:none;border-width:0px;height:200px;object-fit:cover;\" srcset=\"https:\/\/galerijakaptol.hr\/wp-content\/uploads\/2024\/04\/WhatsApp-Image-2024-04-29-at-11.39.022.jpeg 1301w, https:\/\/galerijakaptol.hr\/wp-content\/uploads\/2024\/04\/WhatsApp-Image-2024-04-29-at-11.39.022-300x220.jpeg 300w, https:\/\/galerijakaptol.hr\/wp-content\/uploads\/2024\/04\/WhatsApp-Image-2024-04-29-at-11.39.022-1024x749.jpeg 1024w, https:\/\/galerijakaptol.hr\/wp-content\/uploads\/2024\/04\/WhatsApp-Image-2024-04-29-at-11.39.022-768x562.jpeg 768w\" sizes=\"auto, (max-width: 1301px) 100vw, 1301px\" \/><\/a><\/figure>\n\n\n<div class=\"wp-block-columns is-not-stacked-on-mobile is-layout-flex wp-container-core-columns-is-layout-1b75516c wp-block-columns-is-layout-flex\">\n<div class=\"wp-block-column is-layout-flow wp-block-column-is-layout-flow\"><h2 style=\"font-style:normal;font-weight:400; margin-top:0.2em;\" class=\"has-text-align-center wp-block-post-title has-small-font-size has-system-font-font-family\"><a href=\"https:\/\/galerijakaptol.hr\/index.php\/2024\/04\/29\/vjekoslav-bresic\/\" target=\"_self\" >VJEKOSLAV BRE\u0160I\u0106<\/a><\/h2><\/div>\n<\/div>\n\n<\/li><li class=\"wp-block-post post-4038 post type-post status-publish format-standard has-post-thumbnail hentry category-uncategorized category-fundus\">\n<figure style=\"width:100%;height:200px;\" class=\"wp-block-post-featured-image\"><a href=\"https:\/\/galerijakaptol.hr\/index.php\/2025\/10\/24\/dina-brusic-lenkovic\/\" target=\"_self\"  style=\"height:200px\"><img loading=\"lazy\" decoding=\"async\" width=\"2037\" height=\"2560\" src=\"https:\/\/galerijakaptol.hr\/wp-content\/uploads\/2025\/10\/IMG_1724-scaled.jpeg\" class=\"attachment-post-thumbnail size-post-thumbnail wp-post-image\" alt=\"DINA BRUSI\u0106-LENKOVI\u0106\" style=\"border-style:none;border-width:0px;height:200px;object-fit:cover;\" srcset=\"https:\/\/galerijakaptol.hr\/wp-content\/uploads\/2025\/10\/IMG_1724-scaled.jpeg 2037w, https:\/\/galerijakaptol.hr\/wp-content\/uploads\/2025\/10\/IMG_1724-239x300.jpeg 239w, https:\/\/galerijakaptol.hr\/wp-content\/uploads\/2025\/10\/IMG_1724-815x1024.jpeg 815w, https:\/\/galerijakaptol.hr\/wp-content\/uploads\/2025\/10\/IMG_1724-768x965.jpeg 768w, https:\/\/galerijakaptol.hr\/wp-content\/uploads\/2025\/10\/IMG_1724-1222x1536.jpeg 1222w, https:\/\/galerijakaptol.hr\/wp-content\/uploads\/2025\/10\/IMG_1724-1630x2048.jpeg 1630w\" sizes=\"auto, (max-width: 2037px) 100vw, 2037px\" \/><\/a><\/figure>\n\n\n<div class=\"wp-block-columns is-not-stacked-on-mobile is-layout-flex wp-container-core-columns-is-layout-1b75516c wp-block-columns-is-layout-flex\">\n<div class=\"wp-block-column is-layout-flow wp-block-column-is-layout-flow\"><h2 style=\"font-style:normal;font-weight:400; margin-top:0.2em;\" class=\"has-text-align-center wp-block-post-title has-small-font-size has-system-font-font-family\"><a href=\"https:\/\/galerijakaptol.hr\/index.php\/2025\/10\/24\/dina-brusic-lenkovic\/\" target=\"_self\" >DINA BRUSI\u0106-LENKOVI\u0106<\/a><\/h2><\/div>\n<\/div>\n\n<\/li><li class=\"wp-block-post post-2917 post type-post status-publish format-standard has-post-thumbnail hentry category-uncategorized category-fundus\">\n<figure style=\"width:100%;height:200px;\" class=\"wp-block-post-featured-image\"><a href=\"https:\/\/galerijakaptol.hr\/index.php\/2024\/08\/19\/boris-bucan\/\" target=\"_self\"  style=\"height:200px\"><img loading=\"lazy\" decoding=\"async\" width=\"1836\" height=\"2560\" src=\"https:\/\/galerijakaptol.hr\/wp-content\/uploads\/2025\/10\/IMG_1307-scaled.jpeg\" class=\"attachment-post-thumbnail size-post-thumbnail wp-post-image\" alt=\"BORIS BU\u0106AN\" style=\"border-style:none;border-width:0px;height:200px;object-fit:cover;\" srcset=\"https:\/\/galerijakaptol.hr\/wp-content\/uploads\/2025\/10\/IMG_1307-scaled.jpeg 1836w, https:\/\/galerijakaptol.hr\/wp-content\/uploads\/2025\/10\/IMG_1307-215x300.jpeg 215w, https:\/\/galerijakaptol.hr\/wp-content\/uploads\/2025\/10\/IMG_1307-734x1024.jpeg 734w, https:\/\/galerijakaptol.hr\/wp-content\/uploads\/2025\/10\/IMG_1307-768x1071.jpeg 768w, https:\/\/galerijakaptol.hr\/wp-content\/uploads\/2025\/10\/IMG_1307-1101x1536.jpeg 1101w, https:\/\/galerijakaptol.hr\/wp-content\/uploads\/2025\/10\/IMG_1307-1469x2048.jpeg 1469w\" sizes=\"auto, (max-width: 1836px) 100vw, 1836px\" \/><\/a><\/figure>\n\n\n<div class=\"wp-block-columns is-not-stacked-on-mobile is-layout-flex wp-container-core-columns-is-layout-1b75516c wp-block-columns-is-layout-flex\">\n<div class=\"wp-block-column is-layout-flow wp-block-column-is-layout-flow\"><h2 style=\"font-style:normal;font-weight:400; margin-top:0.2em;\" class=\"has-text-align-center wp-block-post-title has-small-font-size has-system-font-font-family\"><a href=\"https:\/\/galerijakaptol.hr\/index.php\/2024\/08\/19\/boris-bucan\/\" target=\"_self\" >BORIS BU\u0106AN<\/a><\/h2><\/div>\n<\/div>\n\n<\/li><li class=\"wp-block-post post-330 post type-post status-publish format-standard has-post-thumbnail hentry category-fundus\">\n<figure style=\"width:100%;height:200px;\" class=\"wp-block-post-featured-image\"><a href=\"https:\/\/galerijakaptol.hr\/index.php\/2023\/09\/12\/eugen-buktenica\/\" target=\"_self\"  style=\"height:200px\"><img loading=\"lazy\" decoding=\"async\" width=\"624\" height=\"521\" src=\"https:\/\/galerijakaptol.hr\/wp-content\/uploads\/2023\/09\/EUGEN-BUKTENICA-Bajame-u-cvatu.jpg\" class=\"attachment-post-thumbnail size-post-thumbnail wp-post-image\" alt=\"EUGEN BUKTENICA\" style=\"border-style:none;border-width:0px;height:200px;object-fit:cover;\" srcset=\"https:\/\/galerijakaptol.hr\/wp-content\/uploads\/2023\/09\/EUGEN-BUKTENICA-Bajame-u-cvatu.jpg 624w, https:\/\/galerijakaptol.hr\/wp-content\/uploads\/2023\/09\/EUGEN-BUKTENICA-Bajame-u-cvatu-300x250.jpg 300w\" sizes=\"auto, (max-width: 624px) 100vw, 624px\" \/><\/a><\/figure>\n\n\n<div class=\"wp-block-columns is-not-stacked-on-mobile is-layout-flex wp-container-core-columns-is-layout-1b75516c wp-block-columns-is-layout-flex\">\n<div class=\"wp-block-column is-layout-flow wp-block-column-is-layout-flow\"><h2 style=\"font-style:normal;font-weight:400; margin-top:0.2em;\" class=\"has-text-align-center wp-block-post-title has-small-font-size has-system-font-font-family\"><a href=\"https:\/\/galerijakaptol.hr\/index.php\/2023\/09\/12\/eugen-buktenica\/\" target=\"_self\" >EUGEN BUKTENICA<\/a><\/h2><\/div>\n<\/div>\n\n<\/li><li class=\"wp-block-post post-3436 post type-post status-publish format-standard has-post-thumbnail hentry category-uncategorized category-fundus\">\n<figure style=\"width:100%;height:200px;\" class=\"wp-block-post-featured-image\"><a href=\"https:\/\/galerijakaptol.hr\/index.php\/2025\/02\/08\/natasa-cetinic\/\" target=\"_self\"  style=\"height:200px\"><img loading=\"lazy\" decoding=\"async\" width=\"1325\" height=\"949\" src=\"https:\/\/galerijakaptol.hr\/wp-content\/uploads\/2025\/02\/d46fed22-af27-4833-85ac-9a72b0f19d9e.jpeg\" class=\"attachment-post-thumbnail size-post-thumbnail wp-post-image\" alt=\"NATA\u0160A CETINI\u0106\" style=\"border-style:none;border-width:0px;height:200px;object-fit:cover;\" srcset=\"https:\/\/galerijakaptol.hr\/wp-content\/uploads\/2025\/02\/d46fed22-af27-4833-85ac-9a72b0f19d9e.jpeg 1325w, https:\/\/galerijakaptol.hr\/wp-content\/uploads\/2025\/02\/d46fed22-af27-4833-85ac-9a72b0f19d9e-300x215.jpeg 300w, https:\/\/galerijakaptol.hr\/wp-content\/uploads\/2025\/02\/d46fed22-af27-4833-85ac-9a72b0f19d9e-1024x733.jpeg 1024w, https:\/\/galerijakaptol.hr\/wp-content\/uploads\/2025\/02\/d46fed22-af27-4833-85ac-9a72b0f19d9e-768x550.jpeg 768w\" sizes=\"auto, (max-width: 1325px) 100vw, 1325px\" \/><\/a><\/figure>\n\n\n<div class=\"wp-block-columns is-not-stacked-on-mobile is-layout-flex wp-container-core-columns-is-layout-1b75516c wp-block-columns-is-layout-flex\">\n<div class=\"wp-block-column is-layout-flow wp-block-column-is-layout-flow\"><h2 style=\"font-style:normal;font-weight:400; margin-top:0.2em;\" class=\"has-text-align-center wp-block-post-title has-small-font-size has-system-font-font-family\"><a href=\"https:\/\/galerijakaptol.hr\/index.php\/2025\/02\/08\/natasa-cetinic\/\" target=\"_self\" >NATA\u0160A CETINI\u0106<\/a><\/h2><\/div>\n<\/div>\n\n<\/li><li class=\"wp-block-post post-289 post type-post status-publish format-standard has-post-thumbnail hentry category-fundus\">\n<figure style=\"width:100%;height:200px;\" class=\"wp-block-post-featured-image\"><a href=\"https:\/\/galerijakaptol.hr\/index.php\/2023\/09\/12\/dragica-cvek-jordan\/\" target=\"_self\"  style=\"height:200px\"><img loading=\"lazy\" decoding=\"async\" width=\"1053\" height=\"1310\" src=\"https:\/\/galerijakaptol.hr\/wp-content\/uploads\/2025\/02\/756b2213-96d5-42cf-8ead-00f09f26d3b3.jpeg\" class=\"attachment-post-thumbnail size-post-thumbnail wp-post-image\" alt=\"DRAGICA CVEK JORDAN\" style=\"border-style:none;border-width:0px;height:200px;object-fit:cover;\" srcset=\"https:\/\/galerijakaptol.hr\/wp-content\/uploads\/2025\/02\/756b2213-96d5-42cf-8ead-00f09f26d3b3.jpeg 1053w, https:\/\/galerijakaptol.hr\/wp-content\/uploads\/2025\/02\/756b2213-96d5-42cf-8ead-00f09f26d3b3-241x300.jpeg 241w, https:\/\/galerijakaptol.hr\/wp-content\/uploads\/2025\/02\/756b2213-96d5-42cf-8ead-00f09f26d3b3-823x1024.jpeg 823w, https:\/\/galerijakaptol.hr\/wp-content\/uploads\/2025\/02\/756b2213-96d5-42cf-8ead-00f09f26d3b3-768x955.jpeg 768w\" sizes=\"auto, (max-width: 1053px) 100vw, 1053px\" \/><\/a><\/figure>\n\n\n<div class=\"wp-block-columns is-not-stacked-on-mobile is-layout-flex wp-container-core-columns-is-layout-1b75516c wp-block-columns-is-layout-flex\">\n<div class=\"wp-block-column is-layout-flow wp-block-column-is-layout-flow\"><h2 style=\"font-style:normal;font-weight:400; margin-top:0.2em;\" class=\"has-text-align-center wp-block-post-title has-small-font-size has-system-font-font-family\"><a href=\"https:\/\/galerijakaptol.hr\/index.php\/2023\/09\/12\/dragica-cvek-jordan\/\" target=\"_self\" >DRAGICA CVEK JORDAN<\/a><\/h2><\/div>\n<\/div>\n\n<\/li><li class=\"wp-block-post post-1291 post type-post status-publish format-standard has-post-thumbnail hentry category-fundus\">\n<figure style=\"width:100%;height:200px;\" class=\"wp-block-post-featured-image\"><a href=\"https:\/\/galerijakaptol.hr\/index.php\/2023\/10\/17\/ivo-corkovic\/\" target=\"_self\"  style=\"height:200px\"><img loading=\"lazy\" decoding=\"async\" width=\"1378\" height=\"1394\" src=\"https:\/\/galerijakaptol.hr\/wp-content\/uploads\/2023\/12\/WhatsApp-Image-2023-12-22-at-13.01.00.jpeg\" class=\"attachment-post-thumbnail size-post-thumbnail wp-post-image\" alt=\"IVO \u0106ORKOVI\u0106\" style=\"border-style:none;border-width:0px;height:200px;object-fit:cover;\" srcset=\"https:\/\/galerijakaptol.hr\/wp-content\/uploads\/2023\/12\/WhatsApp-Image-2023-12-22-at-13.01.00.jpeg 1378w, https:\/\/galerijakaptol.hr\/wp-content\/uploads\/2023\/12\/WhatsApp-Image-2023-12-22-at-13.01.00-297x300.jpeg 297w, https:\/\/galerijakaptol.hr\/wp-content\/uploads\/2023\/12\/WhatsApp-Image-2023-12-22-at-13.01.00-1012x1024.jpeg 1012w, https:\/\/galerijakaptol.hr\/wp-content\/uploads\/2023\/12\/WhatsApp-Image-2023-12-22-at-13.01.00-768x777.jpeg 768w\" sizes=\"auto, (max-width: 1378px) 100vw, 1378px\" \/><\/a><\/figure>\n\n\n<div class=\"wp-block-columns is-not-stacked-on-mobile is-layout-flex wp-container-core-columns-is-layout-1b75516c wp-block-columns-is-layout-flex\">\n<div class=\"wp-block-column is-layout-flow wp-block-column-is-layout-flow\"><h2 style=\"font-style:normal;font-weight:400; margin-top:0.2em;\" class=\"has-text-align-center wp-block-post-title has-small-font-size has-system-font-font-family\"><a href=\"https:\/\/galerijakaptol.hr\/index.php\/2023\/10\/17\/ivo-corkovic\/\" target=\"_self\" >IVO \u0106ORKOVI\u0106<\/a><\/h2><\/div>\n<\/div>\n\n<\/li><li class=\"wp-block-post post-734 post type-post status-publish format-standard has-post-thumbnail hentry category-fundus\">\n<figure style=\"width:100%;height:200px;\" class=\"wp-block-post-featured-image\"><a href=\"https:\/\/galerijakaptol.hr\/index.php\/2023\/09\/20\/zdravko-derek\/\" target=\"_self\"  style=\"height:200px\"><img loading=\"lazy\" decoding=\"async\" width=\"387\" height=\"319\" src=\"https:\/\/galerijakaptol.hr\/wp-content\/uploads\/2023\/09\/ZDRAVKO-DEREK-Brod-veseljaka.jpg\" class=\"attachment-post-thumbnail size-post-thumbnail wp-post-image\" alt=\"ZDRAVKO \u0110EREK\" style=\"border-style:none;border-width:0px;height:200px;object-fit:cover;\" srcset=\"https:\/\/galerijakaptol.hr\/wp-content\/uploads\/2023\/09\/ZDRAVKO-DEREK-Brod-veseljaka.jpg 387w, https:\/\/galerijakaptol.hr\/wp-content\/uploads\/2023\/09\/ZDRAVKO-DEREK-Brod-veseljaka-300x247.jpg 300w\" sizes=\"auto, (max-width: 387px) 100vw, 387px\" \/><\/a><\/figure>\n\n\n<div class=\"wp-block-columns is-not-stacked-on-mobile is-layout-flex wp-container-core-columns-is-layout-1b75516c wp-block-columns-is-layout-flex\">\n<div class=\"wp-block-column is-layout-flow wp-block-column-is-layout-flow\"><h2 style=\"font-style:normal;font-weight:400; margin-top:0.2em;\" class=\"has-text-align-center wp-block-post-title has-small-font-size has-system-font-font-family\"><a href=\"https:\/\/galerijakaptol.hr\/index.php\/2023\/09\/20\/zdravko-derek\/\" target=\"_self\" >ZDRAVKO \u0110EREK<\/a><\/h2><\/div>\n<\/div>\n\n<\/li><li class=\"wp-block-post post-209 post type-post status-publish format-standard has-post-thumbnail hentry category-fundus category-novo-u-ponudi\">\n<figure style=\"width:100%;height:200px;\" class=\"wp-block-post-featured-image\"><a href=\"https:\/\/galerijakaptol.hr\/index.php\/2023\/09\/11\/boris-dogan\/\" target=\"_self\"  style=\"height:200px\"><img loading=\"lazy\" decoding=\"async\" width=\"624\" height=\"456\" src=\"https:\/\/galerijakaptol.hr\/wp-content\/uploads\/2023\/09\/BORIS-DOGAN-More.jpg\" class=\"attachment-post-thumbnail size-post-thumbnail wp-post-image\" alt=\"BORIS DOGAN\" style=\"border-style:none;border-width:0px;height:200px;object-fit:cover;\" srcset=\"https:\/\/galerijakaptol.hr\/wp-content\/uploads\/2023\/09\/BORIS-DOGAN-More.jpg 624w, https:\/\/galerijakaptol.hr\/wp-content\/uploads\/2023\/09\/BORIS-DOGAN-More-300x219.jpg 300w\" sizes=\"auto, (max-width: 624px) 100vw, 624px\" \/><\/a><\/figure>\n\n\n<div class=\"wp-block-columns is-not-stacked-on-mobile is-layout-flex wp-container-core-columns-is-layout-1b75516c wp-block-columns-is-layout-flex\">\n<div class=\"wp-block-column is-layout-flow wp-block-column-is-layout-flow\"><h2 style=\"font-style:normal;font-weight:400; margin-top:0.2em;\" class=\"has-text-align-center wp-block-post-title has-small-font-size has-system-font-font-family\"><a href=\"https:\/\/galerijakaptol.hr\/index.php\/2023\/09\/11\/boris-dogan\/\" target=\"_self\" >BORIS DOGAN<\/a><\/h2><\/div>\n<\/div>\n\n<\/li><li class=\"wp-block-post post-367 post type-post status-publish format-standard has-post-thumbnail hentry category-fundus\">\n<figure style=\"width:100%;height:200px;\" class=\"wp-block-post-featured-image\"><a href=\"https:\/\/galerijakaptol.hr\/index.php\/2023\/09\/12\/franjo-francina-dolenec\/\" target=\"_self\"  style=\"height:200px\"><img loading=\"lazy\" decoding=\"async\" width=\"387\" height=\"319\" src=\"https:\/\/galerijakaptol.hr\/wp-content\/uploads\/2023\/09\/FRANJO-FRANCINA-DOLENEC-Ulje-na-platnu.jpg\" class=\"attachment-post-thumbnail size-post-thumbnail wp-post-image\" alt=\"FRANJO FRANCINA DOLENEC\" style=\"border-style:none;border-width:0px;height:200px;object-fit:cover;\" srcset=\"https:\/\/galerijakaptol.hr\/wp-content\/uploads\/2023\/09\/FRANJO-FRANCINA-DOLENEC-Ulje-na-platnu.jpg 387w, https:\/\/galerijakaptol.hr\/wp-content\/uploads\/2023\/09\/FRANJO-FRANCINA-DOLENEC-Ulje-na-platnu-300x247.jpg 300w\" sizes=\"auto, (max-width: 387px) 100vw, 387px\" \/><\/a><\/figure>\n\n\n<div class=\"wp-block-columns is-not-stacked-on-mobile is-layout-flex wp-container-core-columns-is-layout-1b75516c wp-block-columns-is-layout-flex\">\n<div class=\"wp-block-column is-layout-flow wp-block-column-is-layout-flow\"><h2 style=\"font-style:normal;font-weight:400; margin-top:0.2em;\" class=\"has-text-align-center wp-block-post-title has-small-font-size has-system-font-font-family\"><a href=\"https:\/\/galerijakaptol.hr\/index.php\/2023\/09\/12\/franjo-francina-dolenec\/\" target=\"_self\" >FRANJO FRANCINA DOLENEC<\/a><\/h2><\/div>\n<\/div>\n\n<\/li><li class=\"wp-block-post post-2216 post type-post status-publish format-standard has-post-thumbnail hentry category-uncategorized category-fundus\">\n<figure style=\"width:100%;height:200px;\" class=\"wp-block-post-featured-image\"><a href=\"https:\/\/galerijakaptol.hr\/index.php\/2024\/03\/01\/ivo-dulcic\/\" target=\"_self\"  style=\"height:200px\"><img loading=\"lazy\" decoding=\"async\" width=\"2372\" height=\"2163\" src=\"https:\/\/galerijakaptol.hr\/wp-content\/uploads\/2025\/04\/IMG_2765.jpeg\" class=\"attachment-post-thumbnail size-post-thumbnail wp-post-image\" alt=\"IVO DUL\u010cI\u0106\" style=\"border-style:none;border-width:0px;height:200px;object-fit:cover;\" srcset=\"https:\/\/galerijakaptol.hr\/wp-content\/uploads\/2025\/04\/IMG_2765.jpeg 2372w, https:\/\/galerijakaptol.hr\/wp-content\/uploads\/2025\/04\/IMG_2765-300x274.jpeg 300w, https:\/\/galerijakaptol.hr\/wp-content\/uploads\/2025\/04\/IMG_2765-1024x934.jpeg 1024w, https:\/\/galerijakaptol.hr\/wp-content\/uploads\/2025\/04\/IMG_2765-768x700.jpeg 768w, https:\/\/galerijakaptol.hr\/wp-content\/uploads\/2025\/04\/IMG_2765-1536x1401.jpeg 1536w, https:\/\/galerijakaptol.hr\/wp-content\/uploads\/2025\/04\/IMG_2765-2048x1868.jpeg 2048w\" sizes=\"auto, (max-width: 2372px) 100vw, 2372px\" \/><\/a><\/figure>\n\n\n<div class=\"wp-block-columns is-not-stacked-on-mobile is-layout-flex wp-container-core-columns-is-layout-1b75516c wp-block-columns-is-layout-flex\">\n<div class=\"wp-block-column is-layout-flow wp-block-column-is-layout-flow\"><h2 style=\"font-style:normal;font-weight:400; margin-top:0.2em;\" class=\"has-text-align-center wp-block-post-title has-small-font-size has-system-font-font-family\"><a href=\"https:\/\/galerijakaptol.hr\/index.php\/2024\/03\/01\/ivo-dulcic\/\" target=\"_self\" >IVO DUL\u010cI\u0106<\/a><\/h2><\/div>\n<\/div>\n\n<\/li><li class=\"wp-block-post post-301 post type-post status-publish format-standard has-post-thumbnail hentry category-fundus category-novo-u-ponudi\">\n<figure style=\"width:100%;height:200px;\" class=\"wp-block-post-featured-image\"><a href=\"https:\/\/galerijakaptol.hr\/index.php\/2023\/09\/12\/dusan-dzamonja\/\" target=\"_self\"  style=\"height:200px\"><img loading=\"lazy\" decoding=\"async\" width=\"2048\" height=\"1592\" src=\"https:\/\/galerijakaptol.hr\/wp-content\/uploads\/2023\/09\/WhatsApp-Image-2024-05-08-at-11.14.271.jpeg\" class=\"attachment-post-thumbnail size-post-thumbnail wp-post-image\" alt=\"DU\u0160AN D\u017dAMONJA\" style=\"border-style:none;border-width:0px;height:200px;object-fit:cover;\" srcset=\"https:\/\/galerijakaptol.hr\/wp-content\/uploads\/2023\/09\/WhatsApp-Image-2024-05-08-at-11.14.271.jpeg 2048w, https:\/\/galerijakaptol.hr\/wp-content\/uploads\/2023\/09\/WhatsApp-Image-2024-05-08-at-11.14.271-300x233.jpeg 300w, https:\/\/galerijakaptol.hr\/wp-content\/uploads\/2023\/09\/WhatsApp-Image-2024-05-08-at-11.14.271-1024x796.jpeg 1024w, https:\/\/galerijakaptol.hr\/wp-content\/uploads\/2023\/09\/WhatsApp-Image-2024-05-08-at-11.14.271-768x597.jpeg 768w, https:\/\/galerijakaptol.hr\/wp-content\/uploads\/2023\/09\/WhatsApp-Image-2024-05-08-at-11.14.271-1536x1194.jpeg 1536w\" sizes=\"auto, (max-width: 2048px) 100vw, 2048px\" \/><\/a><\/figure>\n\n\n<div class=\"wp-block-columns is-not-stacked-on-mobile is-layout-flex wp-container-core-columns-is-layout-1b75516c wp-block-columns-is-layout-flex\">\n<div class=\"wp-block-column is-layout-flow wp-block-column-is-layout-flow\"><h2 style=\"font-style:normal;font-weight:400; margin-top:0.2em;\" class=\"has-text-align-center wp-block-post-title has-small-font-size has-system-font-font-family\"><a href=\"https:\/\/galerijakaptol.hr\/index.php\/2023\/09\/12\/dusan-dzamonja\/\" target=\"_self\" >DU\u0160AN D\u017dAMONJA<\/a><\/h2><\/div>\n<\/div>\n\n<\/li><li class=\"wp-block-post post-434 post type-post status-publish format-standard has-post-thumbnail hentry category-fundus\">\n<figure style=\"width:100%;height:200px;\" class=\"wp-block-post-featured-image\"><a href=\"https:\/\/galerijakaptol.hr\/index.php\/2023\/09\/12\/jadranka-fatur\/\" target=\"_self\"  style=\"height:200px\"><img loading=\"lazy\" decoding=\"async\" width=\"393\" height=\"341\" src=\"https:\/\/galerijakaptol.hr\/wp-content\/uploads\/2023\/09\/JADRANKA-FATUR-Bosiljevo.jpg\" class=\"attachment-post-thumbnail size-post-thumbnail wp-post-image\" alt=\"JADRANKA FATUR\" style=\"border-style:none;border-width:0px;height:200px;object-fit:cover;\" srcset=\"https:\/\/galerijakaptol.hr\/wp-content\/uploads\/2023\/09\/JADRANKA-FATUR-Bosiljevo.jpg 393w, https:\/\/galerijakaptol.hr\/wp-content\/uploads\/2023\/09\/JADRANKA-FATUR-Bosiljevo-300x260.jpg 300w\" sizes=\"auto, (max-width: 393px) 100vw, 393px\" \/><\/a><\/figure>\n\n\n<div class=\"wp-block-columns is-not-stacked-on-mobile is-layout-flex wp-container-core-columns-is-layout-1b75516c wp-block-columns-is-layout-flex\">\n<div class=\"wp-block-column is-layout-flow wp-block-column-is-layout-flow\"><h2 style=\"font-style:normal;font-weight:400; margin-top:0.2em;\" class=\"has-text-align-center wp-block-post-title has-small-font-size has-system-font-font-family\"><a href=\"https:\/\/galerijakaptol.hr\/index.php\/2023\/09\/12\/jadranka-fatur\/\" target=\"_self\" >JADRANKA FATUR<\/a><\/h2><\/div>\n<\/div>\n\n<\/li><li class=\"wp-block-post post-3225 post type-post status-publish format-standard has-post-thumbnail hentry category-uncategorized category-fundus category-novo-u-ponudi\">\n<figure style=\"width:100%;height:200px;\" class=\"wp-block-post-featured-image\"><a href=\"https:\/\/galerijakaptol.hr\/index.php\/2024\/11\/23\/eugen-feller\/\" target=\"_self\"  style=\"height:200px\"><img loading=\"lazy\" decoding=\"async\" width=\"1762\" height=\"2560\" src=\"https:\/\/galerijakaptol.hr\/wp-content\/uploads\/2024\/11\/IMG_4182-scaled-e1732356160933.jpeg\" class=\"attachment-post-thumbnail size-post-thumbnail wp-post-image\" alt=\"EUGEN FELLER\" style=\"border-style:none;border-width:0px;height:200px;object-fit:cover;\" srcset=\"https:\/\/galerijakaptol.hr\/wp-content\/uploads\/2024\/11\/IMG_4182-scaled-e1732356160933.jpeg 1762w, https:\/\/galerijakaptol.hr\/wp-content\/uploads\/2024\/11\/IMG_4182-scaled-e1732356160933-206x300.jpeg 206w, https:\/\/galerijakaptol.hr\/wp-content\/uploads\/2024\/11\/IMG_4182-scaled-e1732356160933-705x1024.jpeg 705w, https:\/\/galerijakaptol.hr\/wp-content\/uploads\/2024\/11\/IMG_4182-scaled-e1732356160933-768x1116.jpeg 768w, https:\/\/galerijakaptol.hr\/wp-content\/uploads\/2024\/11\/IMG_4182-scaled-e1732356160933-1057x1536.jpeg 1057w, https:\/\/galerijakaptol.hr\/wp-content\/uploads\/2024\/11\/IMG_4182-scaled-e1732356160933-1410x2048.jpeg 1410w\" sizes=\"auto, (max-width: 1762px) 100vw, 1762px\" \/><\/a><\/figure>\n\n\n<div class=\"wp-block-columns is-not-stacked-on-mobile is-layout-flex wp-container-core-columns-is-layout-1b75516c wp-block-columns-is-layout-flex\">\n<div class=\"wp-block-column is-layout-flow wp-block-column-is-layout-flow\"><h2 style=\"font-style:normal;font-weight:400; margin-top:0.2em;\" class=\"has-text-align-center wp-block-post-title has-small-font-size has-system-font-font-family\"><a href=\"https:\/\/galerijakaptol.hr\/index.php\/2024\/11\/23\/eugen-feller\/\" target=\"_self\" >EUGEN FELLER<\/a><\/h2><\/div>\n<\/div>\n\n<\/li><li class=\"wp-block-post post-1709 post type-post status-publish format-standard has-post-thumbnail hentry category-fundus\">\n<figure style=\"width:100%;height:200px;\" class=\"wp-block-post-featured-image\"><a href=\"https:\/\/galerijakaptol.hr\/index.php\/2024\/01\/05\/ivo-friscic\/\" target=\"_self\"  style=\"height:200px\"><img loading=\"lazy\" decoding=\"async\" width=\"2541\" height=\"2560\" src=\"https:\/\/galerijakaptol.hr\/wp-content\/uploads\/2026\/04\/IMG_8511-scaled.jpeg\" class=\"attachment-post-thumbnail size-post-thumbnail wp-post-image\" alt=\"IVO FRI\u0160\u010cI\u0106\" style=\"border-style:none;border-width:0px;height:200px;object-fit:cover;\" srcset=\"https:\/\/galerijakaptol.hr\/wp-content\/uploads\/2026\/04\/IMG_8511-scaled.jpeg 2541w, https:\/\/galerijakaptol.hr\/wp-content\/uploads\/2026\/04\/IMG_8511-298x300.jpeg 298w, https:\/\/galerijakaptol.hr\/wp-content\/uploads\/2026\/04\/IMG_8511-1016x1024.jpeg 1016w, https:\/\/galerijakaptol.hr\/wp-content\/uploads\/2026\/04\/IMG_8511-768x774.jpeg 768w, https:\/\/galerijakaptol.hr\/wp-content\/uploads\/2026\/04\/IMG_8511-1524x1536.jpeg 1524w, https:\/\/galerijakaptol.hr\/wp-content\/uploads\/2026\/04\/IMG_8511-2032x2048.jpeg 2032w, https:\/\/galerijakaptol.hr\/wp-content\/uploads\/2026\/04\/IMG_8511-150x150.jpeg 150w\" sizes=\"auto, (max-width: 2541px) 100vw, 2541px\" \/><\/a><\/figure>\n\n\n<div class=\"wp-block-columns is-not-stacked-on-mobile is-layout-flex wp-container-core-columns-is-layout-1b75516c wp-block-columns-is-layout-flex\">\n<div class=\"wp-block-column is-layout-flow wp-block-column-is-layout-flow\"><h2 style=\"font-style:normal;font-weight:400; margin-top:0.2em;\" class=\"has-text-align-center wp-block-post-title has-small-font-size has-system-font-font-family\"><a href=\"https:\/\/galerijakaptol.hr\/index.php\/2024\/01\/05\/ivo-friscic\/\" target=\"_self\" >IVO FRI\u0160\u010cI\u0106<\/a><\/h2><\/div>\n<\/div>\n\n<\/li><li class=\"wp-block-post post-285 post type-post status-publish format-standard has-post-thumbnail hentry category-fundus\">\n<figure style=\"width:100%;height:200px;\" class=\"wp-block-post-featured-image\"><a href=\"https:\/\/galerijakaptol.hr\/index.php\/2023\/09\/12\/dragan-gazi\/\" target=\"_self\"  style=\"height:200px\"><img loading=\"lazy\" decoding=\"async\" width=\"1950\" height=\"1739\" src=\"https:\/\/galerijakaptol.hr\/wp-content\/uploads\/2023\/09\/DRAGAN-GAZI-Bijeli-konj.jpg\" class=\"attachment-post-thumbnail size-post-thumbnail wp-post-image\" alt=\"DRAGAN GA\u017dI\" style=\"border-style:none;border-width:0px;height:200px;object-fit:cover;\" srcset=\"https:\/\/galerijakaptol.hr\/wp-content\/uploads\/2023\/09\/DRAGAN-GAZI-Bijeli-konj.jpg 1950w, https:\/\/galerijakaptol.hr\/wp-content\/uploads\/2023\/09\/DRAGAN-GAZI-Bijeli-konj-300x268.jpg 300w, https:\/\/galerijakaptol.hr\/wp-content\/uploads\/2023\/09\/DRAGAN-GAZI-Bijeli-konj-1024x913.jpg 1024w, https:\/\/galerijakaptol.hr\/wp-content\/uploads\/2023\/09\/DRAGAN-GAZI-Bijeli-konj-768x685.jpg 768w, https:\/\/galerijakaptol.hr\/wp-content\/uploads\/2023\/09\/DRAGAN-GAZI-Bijeli-konj-1536x1370.jpg 1536w\" sizes=\"auto, (max-width: 1950px) 100vw, 1950px\" \/><\/a><\/figure>\n\n\n<div class=\"wp-block-columns is-not-stacked-on-mobile is-layout-flex wp-container-core-columns-is-layout-1b75516c wp-block-columns-is-layout-flex\">\n<div class=\"wp-block-column is-layout-flow wp-block-column-is-layout-flow\"><h2 style=\"font-style:normal;font-weight:400; margin-top:0.2em;\" class=\"has-text-align-center wp-block-post-title has-small-font-size has-system-font-font-family\"><a href=\"https:\/\/galerijakaptol.hr\/index.php\/2023\/09\/12\/dragan-gazi\/\" target=\"_self\" >DRAGAN GA\u017dI<\/a><\/h2><\/div>\n<\/div>\n\n<\/li><li class=\"wp-block-post post-710 post type-post status-publish format-standard has-post-thumbnail hentry category-fundus\">\n<figure style=\"width:100%;height:200px;\" class=\"wp-block-post-featured-image\"><a href=\"https:\/\/galerijakaptol.hr\/index.php\/2023\/09\/20\/vilko-gecan\/\" target=\"_self\"  style=\"height:200px\"><img loading=\"lazy\" decoding=\"async\" width=\"1430\" height=\"1109\" src=\"https:\/\/galerijakaptol.hr\/wp-content\/uploads\/2023\/09\/VILKO-GECAN-NYC.jpg\" class=\"attachment-post-thumbnail size-post-thumbnail wp-post-image\" alt=\"VILKO GECAN\" style=\"border-style:none;border-width:0px;height:200px;object-fit:cover;\" srcset=\"https:\/\/galerijakaptol.hr\/wp-content\/uploads\/2023\/09\/VILKO-GECAN-NYC.jpg 1430w, https:\/\/galerijakaptol.hr\/wp-content\/uploads\/2023\/09\/VILKO-GECAN-NYC-300x233.jpg 300w, https:\/\/galerijakaptol.hr\/wp-content\/uploads\/2023\/09\/VILKO-GECAN-NYC-1024x794.jpg 1024w, https:\/\/galerijakaptol.hr\/wp-content\/uploads\/2023\/09\/VILKO-GECAN-NYC-768x596.jpg 768w\" sizes=\"auto, (max-width: 1430px) 100vw, 1430px\" \/><\/a><\/figure>\n\n\n<div class=\"wp-block-columns is-not-stacked-on-mobile is-layout-flex wp-container-core-columns-is-layout-1b75516c wp-block-columns-is-layout-flex\">\n<div class=\"wp-block-column is-layout-flow wp-block-column-is-layout-flow\"><h2 style=\"font-style:normal;font-weight:400; margin-top:0.2em;\" class=\"has-text-align-center wp-block-post-title has-small-font-size has-system-font-font-family\"><a href=\"https:\/\/galerijakaptol.hr\/index.php\/2023\/09\/20\/vilko-gecan\/\" target=\"_self\" >VILKO GECAN<\/a><\/h2><\/div>\n<\/div>\n\n<\/li><li class=\"wp-block-post post-440 post type-post status-publish format-standard has-post-thumbnail hentry category-uncategorized category-fundus\">\n<figure style=\"width:100%;height:200px;\" class=\"wp-block-post-featured-image\"><a href=\"https:\/\/galerijakaptol.hr\/index.php\/2023\/09\/12\/josip-generalic\/\" target=\"_self\"  style=\"height:200px\"><img loading=\"lazy\" decoding=\"async\" width=\"2560\" height=\"1810\" src=\"https:\/\/galerijakaptol.hr\/wp-content\/uploads\/2025\/10\/IMG_1712-scaled.jpeg\" class=\"attachment-post-thumbnail size-post-thumbnail wp-post-image\" alt=\"JOSIP GENERALI\u0106\" style=\"border-style:none;border-width:0px;height:200px;object-fit:cover;\" srcset=\"https:\/\/galerijakaptol.hr\/wp-content\/uploads\/2025\/10\/IMG_1712-scaled.jpeg 2560w, https:\/\/galerijakaptol.hr\/wp-content\/uploads\/2025\/10\/IMG_1712-300x212.jpeg 300w, https:\/\/galerijakaptol.hr\/wp-content\/uploads\/2025\/10\/IMG_1712-1024x724.jpeg 1024w, https:\/\/galerijakaptol.hr\/wp-content\/uploads\/2025\/10\/IMG_1712-768x543.jpeg 768w, https:\/\/galerijakaptol.hr\/wp-content\/uploads\/2025\/10\/IMG_1712-1536x1086.jpeg 1536w, https:\/\/galerijakaptol.hr\/wp-content\/uploads\/2025\/10\/IMG_1712-2048x1448.jpeg 2048w\" sizes=\"auto, (max-width: 2560px) 100vw, 2560px\" \/><\/a><\/figure>\n\n\n<div class=\"wp-block-columns is-not-stacked-on-mobile is-layout-flex wp-container-core-columns-is-layout-1b75516c wp-block-columns-is-layout-flex\">\n<div class=\"wp-block-column is-layout-flow wp-block-column-is-layout-flow\"><h2 style=\"font-style:normal;font-weight:400; margin-top:0.2em;\" class=\"has-text-align-center wp-block-post-title has-small-font-size has-system-font-font-family\"><a href=\"https:\/\/galerijakaptol.hr\/index.php\/2023\/09\/12\/josip-generalic\/\" target=\"_self\" >JOSIP GENERALI\u0106<\/a><\/h2><\/div>\n<\/div>\n\n<\/li><li class=\"wp-block-post post-803 post type-post status-publish format-standard has-post-thumbnail hentry category-fundus\">\n<figure style=\"width:100%;height:200px;\" class=\"wp-block-post-featured-image\"><a href=\"https:\/\/galerijakaptol.hr\/index.php\/2023\/09\/20\/zivko-grozdanic-gera\/\" target=\"_self\"  style=\"height:200px\"><img loading=\"lazy\" decoding=\"async\" width=\"2556\" height=\"2560\" src=\"https:\/\/galerijakaptol.hr\/wp-content\/uploads\/2025\/10\/IMG_1587-scaled.jpeg\" class=\"attachment-post-thumbnail size-post-thumbnail wp-post-image\" alt=\"\u017dIVKO GROZDANI\u0106 GERA\" style=\"border-style:none;border-width:0px;height:200px;object-fit:cover;\" srcset=\"https:\/\/galerijakaptol.hr\/wp-content\/uploads\/2025\/10\/IMG_1587-scaled.jpeg 2556w, https:\/\/galerijakaptol.hr\/wp-content\/uploads\/2025\/10\/IMG_1587-300x300.jpeg 300w, https:\/\/galerijakaptol.hr\/wp-content\/uploads\/2025\/10\/IMG_1587-1022x1024.jpeg 1022w, https:\/\/galerijakaptol.hr\/wp-content\/uploads\/2025\/10\/IMG_1587-250x250.jpeg 250w, https:\/\/galerijakaptol.hr\/wp-content\/uploads\/2025\/10\/IMG_1587-768x769.jpeg 768w, https:\/\/galerijakaptol.hr\/wp-content\/uploads\/2025\/10\/IMG_1587-1533x1536.jpeg 1533w, https:\/\/galerijakaptol.hr\/wp-content\/uploads\/2025\/10\/IMG_1587-2045x2048.jpeg 2045w, https:\/\/galerijakaptol.hr\/wp-content\/uploads\/2025\/10\/IMG_1587-150x150.jpeg 150w\" sizes=\"auto, (max-width: 2556px) 100vw, 2556px\" \/><\/a><\/figure>\n\n\n<div class=\"wp-block-columns is-not-stacked-on-mobile is-layout-flex wp-container-core-columns-is-layout-1b75516c wp-block-columns-is-layout-flex\">\n<div class=\"wp-block-column is-layout-flow wp-block-column-is-layout-flow\"><h2 style=\"font-style:normal;font-weight:400; margin-top:0.2em;\" class=\"has-text-align-center wp-block-post-title has-small-font-size has-system-font-font-family\"><a href=\"https:\/\/galerijakaptol.hr\/index.php\/2023\/09\/20\/zivko-grozdanic-gera\/\" target=\"_self\" >\u017dIVKO GROZDANI\u0106 GERA<\/a><\/h2><\/div>\n<\/div>\n\n<\/li><li class=\"wp-block-post post-3126 post type-post status-publish format-standard has-post-thumbnail hentry category-fundus\">\n<figure style=\"width:100%;height:200px;\" class=\"wp-block-post-featured-image\"><a href=\"https:\/\/galerijakaptol.hr\/index.php\/2024\/10\/30\/alexei-vasilievich-hanzen\/\" target=\"_self\"  style=\"height:200px\"><img loading=\"lazy\" decoding=\"async\" width=\"2433\" height=\"1632\" src=\"https:\/\/galerijakaptol.hr\/wp-content\/uploads\/2024\/10\/WhatsApp-Image-2024-10-17-at-13.09.18.jpeg\" class=\"attachment-post-thumbnail size-post-thumbnail wp-post-image\" alt=\"ALEXEI VASILIEVICH HANZEN\" style=\"border-style:none;border-width:0px;height:200px;object-fit:cover;\" srcset=\"https:\/\/galerijakaptol.hr\/wp-content\/uploads\/2024\/10\/WhatsApp-Image-2024-10-17-at-13.09.18.jpeg 2433w, https:\/\/galerijakaptol.hr\/wp-content\/uploads\/2024\/10\/WhatsApp-Image-2024-10-17-at-13.09.18-300x201.jpeg 300w, https:\/\/galerijakaptol.hr\/wp-content\/uploads\/2024\/10\/WhatsApp-Image-2024-10-17-at-13.09.18-1024x687.jpeg 1024w, https:\/\/galerijakaptol.hr\/wp-content\/uploads\/2024\/10\/WhatsApp-Image-2024-10-17-at-13.09.18-768x515.jpeg 768w, https:\/\/galerijakaptol.hr\/wp-content\/uploads\/2024\/10\/WhatsApp-Image-2024-10-17-at-13.09.18-1536x1030.jpeg 1536w, https:\/\/galerijakaptol.hr\/wp-content\/uploads\/2024\/10\/WhatsApp-Image-2024-10-17-at-13.09.18-2048x1374.jpeg 2048w\" sizes=\"auto, (max-width: 2433px) 100vw, 2433px\" \/><\/a><\/figure>\n\n\n<div class=\"wp-block-columns is-not-stacked-on-mobile is-layout-flex wp-container-core-columns-is-layout-1b75516c wp-block-columns-is-layout-flex\">\n<div class=\"wp-block-column is-layout-flow wp-block-column-is-layout-flow\"><h2 style=\"font-style:normal;font-weight:400; margin-top:0.2em;\" class=\"has-text-align-center wp-block-post-title has-small-font-size has-system-font-font-family\"><a href=\"https:\/\/galerijakaptol.hr\/index.php\/2024\/10\/30\/alexei-vasilievich-hanzen\/\" target=\"_self\" >ALEXEI VASILIEVICH HANZEN<\/a><\/h2><\/div>\n<\/div>\n\n<\/li><li class=\"wp-block-post post-787 post type-post status-publish format-standard has-post-thumbnail hentry category-fundus\">\n<figure style=\"width:100%;height:200px;\" class=\"wp-block-post-featured-image\"><a href=\"https:\/\/galerijakaptol.hr\/index.php\/2023\/09\/20\/zeljko-hegedusic\/\" target=\"_self\"  style=\"height:200px\"><img loading=\"lazy\" decoding=\"async\" width=\"624\" height=\"506\" src=\"https:\/\/galerijakaptol.hr\/wp-content\/uploads\/2023\/09\/ZELJKO-HEGEDUSIC-Bez-naziva.jpg\" class=\"attachment-post-thumbnail size-post-thumbnail wp-post-image\" alt=\"\u017dELJKO HEGEDU\u0160I\u0106\" style=\"border-style:none;border-width:0px;height:200px;object-fit:cover;\" srcset=\"https:\/\/galerijakaptol.hr\/wp-content\/uploads\/2023\/09\/ZELJKO-HEGEDUSIC-Bez-naziva.jpg 624w, https:\/\/galerijakaptol.hr\/wp-content\/uploads\/2023\/09\/ZELJKO-HEGEDUSIC-Bez-naziva-300x243.jpg 300w\" sizes=\"auto, (max-width: 624px) 100vw, 624px\" \/><\/a><\/figure>\n\n\n<div class=\"wp-block-columns is-not-stacked-on-mobile is-layout-flex wp-container-core-columns-is-layout-1b75516c wp-block-columns-is-layout-flex\">\n<div class=\"wp-block-column is-layout-flow wp-block-column-is-layout-flow\"><h2 style=\"font-style:normal;font-weight:400; margin-top:0.2em;\" class=\"has-text-align-center wp-block-post-title has-small-font-size has-system-font-font-family\"><a href=\"https:\/\/galerijakaptol.hr\/index.php\/2023\/09\/20\/zeljko-hegedusic\/\" target=\"_self\" >\u017dELJKO HEGEDU\u0160I\u0106<\/a><\/h2><\/div>\n<\/div>\n\n<\/li><li class=\"wp-block-post post-512 post type-post status-publish format-standard has-post-thumbnail hentry category-fundus\">\n<figure style=\"width:100%;height:200px;\" class=\"wp-block-post-featured-image\"><a href=\"https:\/\/galerijakaptol.hr\/index.php\/2023\/09\/17\/katarina-henc\/\" target=\"_self\"  style=\"height:200px\"><img loading=\"lazy\" decoding=\"async\" width=\"1113\" height=\"1285\" src=\"https:\/\/galerijakaptol.hr\/wp-content\/uploads\/2024\/09\/IMG_2118.jpeg\" class=\"attachment-post-thumbnail size-post-thumbnail wp-post-image\" alt=\"KATARINA HENC\" style=\"border-style:none;border-width:0px;height:200px;object-fit:cover;\" srcset=\"https:\/\/galerijakaptol.hr\/wp-content\/uploads\/2024\/09\/IMG_2118.jpeg 1113w, https:\/\/galerijakaptol.hr\/wp-content\/uploads\/2024\/09\/IMG_2118-260x300.jpeg 260w, https:\/\/galerijakaptol.hr\/wp-content\/uploads\/2024\/09\/IMG_2118-887x1024.jpeg 887w, https:\/\/galerijakaptol.hr\/wp-content\/uploads\/2024\/09\/IMG_2118-768x887.jpeg 768w\" sizes=\"auto, (max-width: 1113px) 100vw, 1113px\" \/><\/a><\/figure>\n\n\n<div class=\"wp-block-columns is-not-stacked-on-mobile is-layout-flex wp-container-core-columns-is-layout-1b75516c wp-block-columns-is-layout-flex\">\n<div class=\"wp-block-column is-layout-flow wp-block-column-is-layout-flow\"><h2 style=\"font-style:normal;font-weight:400; margin-top:0.2em;\" class=\"has-text-align-center wp-block-post-title has-small-font-size has-system-font-font-family\"><a href=\"https:\/\/galerijakaptol.hr\/index.php\/2023\/09\/17\/katarina-henc\/\" target=\"_self\" >KATARINA HENC<\/a><\/h2><\/div>\n<\/div>\n\n<\/li><li class=\"wp-block-post post-3892 post type-post status-publish format-standard has-post-thumbnail hentry category-uncategorized category-fundus\">\n<figure style=\"width:100%;height:200px;\" class=\"wp-block-post-featured-image\"><a href=\"https:\/\/galerijakaptol.hr\/index.php\/2025\/07\/15\/nikolina-ivezic\/\" target=\"_self\"  style=\"height:200px\"><img loading=\"lazy\" decoding=\"async\" width=\"1268\" height=\"875\" src=\"https:\/\/galerijakaptol.hr\/wp-content\/uploads\/2025\/07\/e9e1e817-82b7-44b3-9cfa-4f9d5ba0e7cc.jpeg\" class=\"attachment-post-thumbnail size-post-thumbnail wp-post-image\" alt=\"NIKOLINA IVEZI\u0106\" style=\"border-style:none;border-width:0px;height:200px;object-fit:cover;\" srcset=\"https:\/\/galerijakaptol.hr\/wp-content\/uploads\/2025\/07\/e9e1e817-82b7-44b3-9cfa-4f9d5ba0e7cc.jpeg 1268w, https:\/\/galerijakaptol.hr\/wp-content\/uploads\/2025\/07\/e9e1e817-82b7-44b3-9cfa-4f9d5ba0e7cc-300x207.jpeg 300w, https:\/\/galerijakaptol.hr\/wp-content\/uploads\/2025\/07\/e9e1e817-82b7-44b3-9cfa-4f9d5ba0e7cc-1024x707.jpeg 1024w, https:\/\/galerijakaptol.hr\/wp-content\/uploads\/2025\/07\/e9e1e817-82b7-44b3-9cfa-4f9d5ba0e7cc-768x530.jpeg 768w\" sizes=\"auto, (max-width: 1268px) 100vw, 1268px\" \/><\/a><\/figure>\n\n\n<div class=\"wp-block-columns is-not-stacked-on-mobile is-layout-flex wp-container-core-columns-is-layout-1b75516c wp-block-columns-is-layout-flex\">\n<div class=\"wp-block-column is-layout-flow wp-block-column-is-layout-flow\"><h2 style=\"font-style:normal;font-weight:400; margin-top:0.2em;\" class=\"has-text-align-center wp-block-post-title has-small-font-size has-system-font-font-family\"><a href=\"https:\/\/galerijakaptol.hr\/index.php\/2025\/07\/15\/nikolina-ivezic\/\" target=\"_self\" >NIKOLINA IVEZI\u0106<\/a><\/h2><\/div>\n<\/div>\n\n<\/li><li class=\"wp-block-post post-731 post type-post status-publish format-standard has-post-thumbnail hentry category-fundus\">\n<figure style=\"width:100%;height:200px;\" class=\"wp-block-post-featured-image\"><a href=\"https:\/\/galerijakaptol.hr\/index.php\/2023\/09\/20\/vlado-jakelic\/\" target=\"_self\"  style=\"height:200px\"><img loading=\"lazy\" decoding=\"async\" width=\"449\" height=\"341\" src=\"https:\/\/galerijakaptol.hr\/wp-content\/uploads\/2023\/09\/VLADO-JAKELIC-Tkalciceva.jpg\" class=\"attachment-post-thumbnail size-post-thumbnail wp-post-image\" alt=\"VLADO JAKELI\u0106\" style=\"border-style:none;border-width:0px;height:200px;object-fit:cover;\" srcset=\"https:\/\/galerijakaptol.hr\/wp-content\/uploads\/2023\/09\/VLADO-JAKELIC-Tkalciceva.jpg 449w, https:\/\/galerijakaptol.hr\/wp-content\/uploads\/2023\/09\/VLADO-JAKELIC-Tkalciceva-300x228.jpg 300w\" sizes=\"auto, (max-width: 449px) 100vw, 449px\" \/><\/a><\/figure>\n\n\n<div class=\"wp-block-columns is-not-stacked-on-mobile is-layout-flex wp-container-core-columns-is-layout-1b75516c wp-block-columns-is-layout-flex\">\n<div class=\"wp-block-column is-layout-flow wp-block-column-is-layout-flow\"><h2 style=\"font-style:normal;font-weight:400; margin-top:0.2em;\" class=\"has-text-align-center wp-block-post-title has-small-font-size has-system-font-font-family\"><a href=\"https:\/\/galerijakaptol.hr\/index.php\/2023\/09\/20\/vlado-jakelic\/\" target=\"_self\" >VLADO JAKELI\u0106<\/a><\/h2><\/div>\n<\/div>\n\n<\/li><li class=\"wp-block-post post-629 post type-post status-publish format-standard has-post-thumbnail hentry category-fundus\">\n<figure style=\"width:100%;height:200px;\" class=\"wp-block-post-featured-image\"><a href=\"https:\/\/galerijakaptol.hr\/index.php\/2023\/09\/20\/paulina-jazvic\/\" target=\"_self\"  style=\"height:200px\"><img loading=\"lazy\" decoding=\"async\" width=\"468\" height=\"389\" src=\"https:\/\/galerijakaptol.hr\/wp-content\/uploads\/2023\/09\/PAULINA-JAZVIC-150.jpg\" class=\"attachment-post-thumbnail size-post-thumbnail wp-post-image\" alt=\"PAULINA JAZVI\u0106\" style=\"border-style:none;border-width:0px;height:200px;object-fit:cover;\" srcset=\"https:\/\/galerijakaptol.hr\/wp-content\/uploads\/2023\/09\/PAULINA-JAZVIC-150.jpg 468w, https:\/\/galerijakaptol.hr\/wp-content\/uploads\/2023\/09\/PAULINA-JAZVIC-150-300x249.jpg 300w\" sizes=\"auto, (max-width: 468px) 100vw, 468px\" \/><\/a><\/figure>\n\n\n<div class=\"wp-block-columns is-not-stacked-on-mobile is-layout-flex wp-container-core-columns-is-layout-1b75516c wp-block-columns-is-layout-flex\">\n<div class=\"wp-block-column is-layout-flow wp-block-column-is-layout-flow\"><h2 style=\"font-style:normal;font-weight:400; margin-top:0.2em;\" class=\"has-text-align-center wp-block-post-title has-small-font-size has-system-font-font-family\"><a href=\"https:\/\/galerijakaptol.hr\/index.php\/2023\/09\/20\/paulina-jazvic\/\" target=\"_self\" >PAULINA JAZVI\u0106<\/a><\/h2><\/div>\n<\/div>\n\n<\/li><li class=\"wp-block-post post-244 post type-post status-publish format-standard has-post-thumbnail hentry category-fundus\">\n<figure style=\"width:100%;height:200px;\" class=\"wp-block-post-featured-image\"><a href=\"https:\/\/galerijakaptol.hr\/index.php\/2023\/09\/12\/dalibor-jelavic\/\" target=\"_self\"  style=\"height:200px\"><img loading=\"lazy\" decoding=\"async\" width=\"1430\" height=\"1357\" src=\"https:\/\/galerijakaptol.hr\/wp-content\/uploads\/2023\/09\/DALIBOR-JELAVIC-Poliptih.jpg\" class=\"attachment-post-thumbnail size-post-thumbnail wp-post-image\" alt=\"DALIBOR JELAVI\u0106\" style=\"border-style:none;border-width:0px;height:200px;object-fit:cover;\" srcset=\"https:\/\/galerijakaptol.hr\/wp-content\/uploads\/2023\/09\/DALIBOR-JELAVIC-Poliptih.jpg 1430w, https:\/\/galerijakaptol.hr\/wp-content\/uploads\/2023\/09\/DALIBOR-JELAVIC-Poliptih-300x285.jpg 300w, https:\/\/galerijakaptol.hr\/wp-content\/uploads\/2023\/09\/DALIBOR-JELAVIC-Poliptih-1024x972.jpg 1024w, https:\/\/galerijakaptol.hr\/wp-content\/uploads\/2023\/09\/DALIBOR-JELAVIC-Poliptih-768x729.jpg 768w\" sizes=\"auto, (max-width: 1430px) 100vw, 1430px\" \/><\/a><\/figure>\n\n\n<div class=\"wp-block-columns is-not-stacked-on-mobile is-layout-flex wp-container-core-columns-is-layout-1b75516c wp-block-columns-is-layout-flex\">\n<div class=\"wp-block-column is-layout-flow wp-block-column-is-layout-flow\"><h2 style=\"font-style:normal;font-weight:400; margin-top:0.2em;\" class=\"has-text-align-center wp-block-post-title has-small-font-size has-system-font-font-family\"><a href=\"https:\/\/galerijakaptol.hr\/index.php\/2023\/09\/12\/dalibor-jelavic\/\" target=\"_self\" >DALIBOR JELAVI\u0106<\/a><\/h2><\/div>\n<\/div>\n\n<\/li><li class=\"wp-block-post post-3995 post type-post status-publish format-standard has-post-thumbnail hentry category-uncategorized category-fundus\">\n<figure style=\"width:100%;height:200px;\" class=\"wp-block-post-featured-image\"><a href=\"https:\/\/galerijakaptol.hr\/index.php\/2025\/10\/23\/vladimir-jelic\/\" target=\"_self\"  style=\"height:200px\"><img loading=\"lazy\" decoding=\"async\" width=\"2560\" height=\"2054\" src=\"https:\/\/galerijakaptol.hr\/wp-content\/uploads\/2025\/10\/IMG_1581-scaled.jpeg\" class=\"attachment-post-thumbnail size-post-thumbnail wp-post-image\" alt=\"VLADIMIR JELI\u0106\" style=\"border-style:none;border-width:0px;height:200px;object-fit:cover;\" srcset=\"https:\/\/galerijakaptol.hr\/wp-content\/uploads\/2025\/10\/IMG_1581-scaled.jpeg 2560w, https:\/\/galerijakaptol.hr\/wp-content\/uploads\/2025\/10\/IMG_1581-300x241.jpeg 300w, https:\/\/galerijakaptol.hr\/wp-content\/uploads\/2025\/10\/IMG_1581-1024x821.jpeg 1024w, https:\/\/galerijakaptol.hr\/wp-content\/uploads\/2025\/10\/IMG_1581-768x616.jpeg 768w, https:\/\/galerijakaptol.hr\/wp-content\/uploads\/2025\/10\/IMG_1581-1536x1232.jpeg 1536w, https:\/\/galerijakaptol.hr\/wp-content\/uploads\/2025\/10\/IMG_1581-2048x1643.jpeg 2048w\" sizes=\"auto, (max-width: 2560px) 100vw, 2560px\" \/><\/a><\/figure>\n\n\n<div class=\"wp-block-columns is-not-stacked-on-mobile is-layout-flex wp-container-core-columns-is-layout-1b75516c wp-block-columns-is-layout-flex\">\n<div class=\"wp-block-column is-layout-flow wp-block-column-is-layout-flow\"><h2 style=\"font-style:normal;font-weight:400; margin-top:0.2em;\" class=\"has-text-align-center wp-block-post-title has-small-font-size has-system-font-font-family\"><a href=\"https:\/\/galerijakaptol.hr\/index.php\/2025\/10\/23\/vladimir-jelic\/\" target=\"_self\" >VLADIMIR JELI\u0106<\/a><\/h2><\/div>\n<\/div>\n\n<\/li><li class=\"wp-block-post post-688 post type-post status-publish format-standard has-post-thumbnail hentry category-fundus category-novo-u-ponudi\">\n<figure style=\"width:100%;height:200px;\" class=\"wp-block-post-featured-image\"><a href=\"https:\/\/galerijakaptol.hr\/index.php\/2023\/09\/20\/vasilije-josip-jordan\/\" target=\"_self\"  style=\"height:200px\"><img loading=\"lazy\" decoding=\"async\" width=\"2560\" height=\"2108\" src=\"https:\/\/galerijakaptol.hr\/wp-content\/uploads\/2026\/01\/IMG_6196-scaled.jpeg\" class=\"attachment-post-thumbnail size-post-thumbnail wp-post-image\" alt=\"VASILIJE JOSIP JORDAN\" style=\"border-style:none;border-width:0px;height:200px;object-fit:cover;\" srcset=\"https:\/\/galerijakaptol.hr\/wp-content\/uploads\/2026\/01\/IMG_6196-scaled.jpeg 2560w, https:\/\/galerijakaptol.hr\/wp-content\/uploads\/2026\/01\/IMG_6196-300x247.jpeg 300w, https:\/\/galerijakaptol.hr\/wp-content\/uploads\/2026\/01\/IMG_6196-1024x843.jpeg 1024w, https:\/\/galerijakaptol.hr\/wp-content\/uploads\/2026\/01\/IMG_6196-768x632.jpeg 768w, https:\/\/galerijakaptol.hr\/wp-content\/uploads\/2026\/01\/IMG_6196-1536x1265.jpeg 1536w, https:\/\/galerijakaptol.hr\/wp-content\/uploads\/2026\/01\/IMG_6196-2048x1686.jpeg 2048w\" sizes=\"auto, (max-width: 2560px) 100vw, 2560px\" \/><\/a><\/figure>\n\n\n<div class=\"wp-block-columns is-not-stacked-on-mobile is-layout-flex wp-container-core-columns-is-layout-1b75516c wp-block-columns-is-layout-flex\">\n<div class=\"wp-block-column is-layout-flow wp-block-column-is-layout-flow\"><h2 style=\"font-style:normal;font-weight:400; margin-top:0.2em;\" class=\"has-text-align-center wp-block-post-title has-small-font-size has-system-font-font-family\"><a href=\"https:\/\/galerijakaptol.hr\/index.php\/2023\/09\/20\/vasilije-josip-jordan\/\" target=\"_self\" >VASILIJE JOSIP JORDAN<\/a><\/h2><\/div>\n<\/div>\n\n<\/li><li class=\"wp-block-post post-4505 post type-post status-publish format-standard has-post-thumbnail hentry category-fundus\">\n<figure style=\"width:100%;height:200px;\" class=\"wp-block-post-featured-image\"><a href=\"https:\/\/galerijakaptol.hr\/index.php\/2026\/03\/30\/drago-jurak\/\" target=\"_self\"  style=\"height:200px\"><img loading=\"lazy\" decoding=\"async\" width=\"1474\" height=\"1015\" src=\"https:\/\/galerijakaptol.hr\/wp-content\/uploads\/2026\/03\/45112fec-b34a-4b1d-858e-645fd31cf306.jpeg\" class=\"attachment-post-thumbnail size-post-thumbnail wp-post-image\" alt=\"DRAGO JURAK\" style=\"border-style:none;border-width:0px;height:200px;object-fit:cover;\" srcset=\"https:\/\/galerijakaptol.hr\/wp-content\/uploads\/2026\/03\/45112fec-b34a-4b1d-858e-645fd31cf306.jpeg 1474w, https:\/\/galerijakaptol.hr\/wp-content\/uploads\/2026\/03\/45112fec-b34a-4b1d-858e-645fd31cf306-300x207.jpeg 300w, https:\/\/galerijakaptol.hr\/wp-content\/uploads\/2026\/03\/45112fec-b34a-4b1d-858e-645fd31cf306-1024x705.jpeg 1024w, https:\/\/galerijakaptol.hr\/wp-content\/uploads\/2026\/03\/45112fec-b34a-4b1d-858e-645fd31cf306-768x529.jpeg 768w\" sizes=\"auto, (max-width: 1474px) 100vw, 1474px\" \/><\/a><\/figure>\n\n\n<div class=\"wp-block-columns is-not-stacked-on-mobile is-layout-flex wp-container-core-columns-is-layout-1b75516c wp-block-columns-is-layout-flex\">\n<div class=\"wp-block-column is-layout-flow wp-block-column-is-layout-flow\"><h2 style=\"font-style:normal;font-weight:400; margin-top:0.2em;\" class=\"has-text-align-center wp-block-post-title has-small-font-size has-system-font-font-family\"><a href=\"https:\/\/galerijakaptol.hr\/index.php\/2026\/03\/30\/drago-jurak\/\" target=\"_self\" >DRAGO JURAK<\/a><\/h2><\/div>\n<\/div>\n\n<\/li><li class=\"wp-block-post post-298 post type-post status-publish format-standard has-post-thumbnail hentry category-fundus\">\n<figure style=\"width:100%;height:200px;\" class=\"wp-block-post-featured-image\"><a href=\"https:\/\/galerijakaptol.hr\/index.php\/2023\/09\/12\/duje-juric-2\/\" target=\"_self\"  style=\"height:200px\"><img loading=\"lazy\" decoding=\"async\" width=\"1950\" height=\"2306\" src=\"https:\/\/galerijakaptol.hr\/wp-content\/uploads\/2023\/09\/Duje-Juric-B.N.jpg\" class=\"attachment-post-thumbnail size-post-thumbnail wp-post-image\" alt=\"DUJE JURI\u0106\" style=\"border-style:none;border-width:0px;height:200px;object-fit:cover;\" srcset=\"https:\/\/galerijakaptol.hr\/wp-content\/uploads\/2023\/09\/Duje-Juric-B.N.jpg 1950w, https:\/\/galerijakaptol.hr\/wp-content\/uploads\/2023\/09\/Duje-Juric-B.N-254x300.jpg 254w, https:\/\/galerijakaptol.hr\/wp-content\/uploads\/2023\/09\/Duje-Juric-B.N-866x1024.jpg 866w, https:\/\/galerijakaptol.hr\/wp-content\/uploads\/2023\/09\/Duje-Juric-B.N-768x908.jpg 768w, https:\/\/galerijakaptol.hr\/wp-content\/uploads\/2023\/09\/Duje-Juric-B.N-1299x1536.jpg 1299w, https:\/\/galerijakaptol.hr\/wp-content\/uploads\/2023\/09\/Duje-Juric-B.N-1732x2048.jpg 1732w\" sizes=\"auto, (max-width: 1950px) 100vw, 1950px\" \/><\/a><\/figure>\n\n\n<div class=\"wp-block-columns is-not-stacked-on-mobile is-layout-flex wp-container-core-columns-is-layout-1b75516c wp-block-columns-is-layout-flex\">\n<div class=\"wp-block-column is-layout-flow wp-block-column-is-layout-flow\"><h2 style=\"font-style:normal;font-weight:400; margin-top:0.2em;\" class=\"has-text-align-center wp-block-post-title has-small-font-size has-system-font-font-family\"><a href=\"https:\/\/galerijakaptol.hr\/index.php\/2023\/09\/12\/duje-juric-2\/\" target=\"_self\" >DUJE JURI\u0106<\/a><\/h2><\/div>\n<\/div>\n\n<\/li><li class=\"wp-block-post post-370 post type-post status-publish format-standard has-post-thumbnail hentry category-fundus\">\n<figure style=\"width:100%;height:200px;\" class=\"wp-block-post-featured-image\"><a href=\"https:\/\/galerijakaptol.hr\/index.php\/2023\/09\/12\/gabrijel-jurkic\/\" target=\"_self\"  style=\"height:200px\"><img loading=\"lazy\" decoding=\"async\" width=\"433\" height=\"648\" src=\"https:\/\/galerijakaptol.hr\/wp-content\/uploads\/2023\/09\/GABRIJEL-JURKIC-Gorski-krajolik.jpg\" class=\"attachment-post-thumbnail size-post-thumbnail wp-post-image\" alt=\"GABRIJEL JURKI\u0106\" style=\"border-style:none;border-width:0px;height:200px;object-fit:cover;\" srcset=\"https:\/\/galerijakaptol.hr\/wp-content\/uploads\/2023\/09\/GABRIJEL-JURKIC-Gorski-krajolik.jpg 433w, https:\/\/galerijakaptol.hr\/wp-content\/uploads\/2023\/09\/GABRIJEL-JURKIC-Gorski-krajolik-200x300.jpg 200w\" sizes=\"auto, (max-width: 433px) 100vw, 433px\" \/><\/a><\/figure>\n\n\n<div class=\"wp-block-columns is-not-stacked-on-mobile is-layout-flex wp-container-core-columns-is-layout-1b75516c wp-block-columns-is-layout-flex\">\n<div class=\"wp-block-column is-layout-flow wp-block-column-is-layout-flow\"><h2 style=\"font-style:normal;font-weight:400; margin-top:0.2em;\" class=\"has-text-align-center wp-block-post-title has-small-font-size has-system-font-font-family\"><a href=\"https:\/\/galerijakaptol.hr\/index.php\/2023\/09\/12\/gabrijel-jurkic\/\" target=\"_self\" >GABRIJEL JURKI\u0106<\/a><\/h2><\/div>\n<\/div>\n\n<\/li><li class=\"wp-block-post post-4016 post type-post status-publish format-standard has-post-thumbnail hentry category-uncategorized category-fundus\">\n<figure style=\"width:100%;height:200px;\" class=\"wp-block-post-featured-image\"><a href=\"https:\/\/galerijakaptol.hr\/index.php\/2025\/10\/23\/mato-jurkovic\/\" target=\"_self\"  style=\"height:200px\"><img loading=\"lazy\" decoding=\"async\" width=\"1524\" height=\"2560\" src=\"https:\/\/galerijakaptol.hr\/wp-content\/uploads\/2025\/10\/IMG_1711-scaled.jpeg\" class=\"attachment-post-thumbnail size-post-thumbnail wp-post-image\" alt=\"MATO JURKOVI\u0106\" style=\"border-style:none;border-width:0px;height:200px;object-fit:cover;\" srcset=\"https:\/\/galerijakaptol.hr\/wp-content\/uploads\/2025\/10\/IMG_1711-scaled.jpeg 1524w, https:\/\/galerijakaptol.hr\/wp-content\/uploads\/2025\/10\/IMG_1711-179x300.jpeg 179w, https:\/\/galerijakaptol.hr\/wp-content\/uploads\/2025\/10\/IMG_1711-610x1024.jpeg 610w, https:\/\/galerijakaptol.hr\/wp-content\/uploads\/2025\/10\/IMG_1711-768x1290.jpeg 768w, https:\/\/galerijakaptol.hr\/wp-content\/uploads\/2025\/10\/IMG_1711-915x1536.jpeg 915w, https:\/\/galerijakaptol.hr\/wp-content\/uploads\/2025\/10\/IMG_1711-1220x2048.jpeg 1220w\" sizes=\"auto, (max-width: 1524px) 100vw, 1524px\" \/><\/a><\/figure>\n\n\n<div class=\"wp-block-columns is-not-stacked-on-mobile is-layout-flex wp-container-core-columns-is-layout-1b75516c wp-block-columns-is-layout-flex\">\n<div class=\"wp-block-column is-layout-flow wp-block-column-is-layout-flow\"><h2 style=\"font-style:normal;font-weight:400; margin-top:0.2em;\" class=\"has-text-align-center wp-block-post-title has-small-font-size has-system-font-font-family\"><a href=\"https:\/\/galerijakaptol.hr\/index.php\/2025\/10\/23\/mato-jurkovic\/\" target=\"_self\" >MATO JURKOVI\u0106<\/a><\/h2><\/div>\n<\/div>\n\n<\/li><li class=\"wp-block-post post-741 post type-post status-publish format-standard has-post-thumbnail hentry category-fundus\">\n<figure style=\"width:100%;height:200px;\" class=\"wp-block-post-featured-image\"><a href=\"https:\/\/galerijakaptol.hr\/index.php\/2023\/09\/20\/zlatko-kauzlaric-atac\/\" target=\"_self\"  style=\"height:200px\"><img loading=\"lazy\" decoding=\"async\" width=\"573\" height=\"864\" src=\"https:\/\/galerijakaptol.hr\/wp-content\/uploads\/2023\/09\/ZLATKO-KAUZLARIC-ATAC-Akt-s-leda.jpg\" class=\"attachment-post-thumbnail size-post-thumbnail wp-post-image\" alt=\"ZLATKO KAUZLARI\u0106 ATA\u010c\" style=\"border-style:none;border-width:0px;height:200px;object-fit:cover;\" srcset=\"https:\/\/galerijakaptol.hr\/wp-content\/uploads\/2023\/09\/ZLATKO-KAUZLARIC-ATAC-Akt-s-leda.jpg 573w, https:\/\/galerijakaptol.hr\/wp-content\/uploads\/2023\/09\/ZLATKO-KAUZLARIC-ATAC-Akt-s-leda-199x300.jpg 199w\" sizes=\"auto, (max-width: 573px) 100vw, 573px\" \/><\/a><\/figure>\n\n\n<div class=\"wp-block-columns is-not-stacked-on-mobile is-layout-flex wp-container-core-columns-is-layout-1b75516c wp-block-columns-is-layout-flex\">\n<div class=\"wp-block-column is-layout-flow wp-block-column-is-layout-flow\"><h2 style=\"font-style:normal;font-weight:400; margin-top:0.2em;\" class=\"has-text-align-center wp-block-post-title has-small-font-size has-system-font-font-family\"><a href=\"https:\/\/galerijakaptol.hr\/index.php\/2023\/09\/20\/zlatko-kauzlaric-atac\/\" target=\"_self\" >ZLATKO KAUZLARI\u0106 ATA\u010c<\/a><\/h2><\/div>\n<\/div>\n\n<\/li><li class=\"wp-block-post post-744 post type-post status-publish format-standard has-post-thumbnail hentry category-fundus\">\n<figure style=\"width:100%;height:200px;\" class=\"wp-block-post-featured-image\"><a href=\"https:\/\/galerijakaptol.hr\/index.php\/2023\/09\/20\/zlatko-keser\/\" target=\"_self\"  style=\"height:200px\"><img loading=\"lazy\" decoding=\"async\" width=\"624\" height=\"841\" src=\"https:\/\/galerijakaptol.hr\/wp-content\/uploads\/2023\/09\/ZLATKO-KESER-Iz-mape-Zaigran-II.jpg\" class=\"attachment-post-thumbnail size-post-thumbnail wp-post-image\" alt=\"ZLATKO KESER\" style=\"border-style:none;border-width:0px;height:200px;object-fit:cover;\" srcset=\"https:\/\/galerijakaptol.hr\/wp-content\/uploads\/2023\/09\/ZLATKO-KESER-Iz-mape-Zaigran-II.jpg 624w, https:\/\/galerijakaptol.hr\/wp-content\/uploads\/2023\/09\/ZLATKO-KESER-Iz-mape-Zaigran-II-223x300.jpg 223w\" sizes=\"auto, (max-width: 624px) 100vw, 624px\" \/><\/a><\/figure>\n\n\n<div class=\"wp-block-columns is-not-stacked-on-mobile is-layout-flex wp-container-core-columns-is-layout-1b75516c wp-block-columns-is-layout-flex\">\n<div class=\"wp-block-column is-layout-flow wp-block-column-is-layout-flow\"><h2 style=\"font-style:normal;font-weight:400; margin-top:0.2em;\" class=\"has-text-align-center wp-block-post-title has-small-font-size has-system-font-font-family\"><a href=\"https:\/\/galerijakaptol.hr\/index.php\/2023\/09\/20\/zlatko-keser\/\" target=\"_self\" >ZLATKO KESER<\/a><\/h2><\/div>\n<\/div>\n\n<\/li><li class=\"wp-block-post post-665 post type-post status-publish format-standard has-post-thumbnail hentry category-fundus category-novo-u-ponudi\">\n<figure style=\"width:100%;height:200px;\" class=\"wp-block-post-featured-image\"><a href=\"https:\/\/galerijakaptol.hr\/index.php\/2023\/09\/20\/tisja-kljakovic-braic\/\" target=\"_self\"  style=\"height:200px\"><img loading=\"lazy\" decoding=\"async\" width=\"1380\" height=\"924\" src=\"https:\/\/galerijakaptol.hr\/wp-content\/uploads\/2025\/10\/8140c173-48d7-4062-9583-7495bbbaa54f.jpeg\" class=\"attachment-post-thumbnail size-post-thumbnail wp-post-image\" alt=\"TISJA KLJAKOVI\u0106 BRAI\u0106\" style=\"border-style:none;border-width:0px;height:200px;object-fit:cover;\" srcset=\"https:\/\/galerijakaptol.hr\/wp-content\/uploads\/2025\/10\/8140c173-48d7-4062-9583-7495bbbaa54f.jpeg 1380w, https:\/\/galerijakaptol.hr\/wp-content\/uploads\/2025\/10\/8140c173-48d7-4062-9583-7495bbbaa54f-300x201.jpeg 300w, https:\/\/galerijakaptol.hr\/wp-content\/uploads\/2025\/10\/8140c173-48d7-4062-9583-7495bbbaa54f-1024x686.jpeg 1024w, https:\/\/galerijakaptol.hr\/wp-content\/uploads\/2025\/10\/8140c173-48d7-4062-9583-7495bbbaa54f-768x514.jpeg 768w\" sizes=\"auto, (max-width: 1380px) 100vw, 1380px\" \/><\/a><\/figure>\n\n\n<div class=\"wp-block-columns is-not-stacked-on-mobile is-layout-flex wp-container-core-columns-is-layout-1b75516c wp-block-columns-is-layout-flex\">\n<div class=\"wp-block-column is-layout-flow wp-block-column-is-layout-flow\"><h2 style=\"font-style:normal;font-weight:400; margin-top:0.2em;\" class=\"has-text-align-center wp-block-post-title has-small-font-size has-system-font-font-family\"><a href=\"https:\/\/galerijakaptol.hr\/index.php\/2023\/09\/20\/tisja-kljakovic-braic\/\" target=\"_self\" >TISJA KLJAKOVI\u0106 BRAI\u0106<\/a><\/h2><\/div>\n<\/div>\n\n<\/li><li class=\"wp-block-post post-1525 post type-post status-publish format-standard has-post-thumbnail hentry category-uncategorized category-fundus\">\n<figure style=\"width:100%;height:200px;\" class=\"wp-block-post-featured-image\"><a href=\"https:\/\/galerijakaptol.hr\/index.php\/2023\/11\/20\/joko-knezevic\/\" target=\"_self\"  style=\"height:200px\"><img loading=\"lazy\" decoding=\"async\" width=\"2560\" height=\"2114\" src=\"https:\/\/galerijakaptol.hr\/wp-content\/uploads\/2026\/01\/IMG_6198-scaled.jpeg\" class=\"attachment-post-thumbnail size-post-thumbnail wp-post-image\" alt=\"JOKO KNE\u017dEVI\u0106\" style=\"border-style:none;border-width:0px;height:200px;object-fit:cover;\" srcset=\"https:\/\/galerijakaptol.hr\/wp-content\/uploads\/2026\/01\/IMG_6198-scaled.jpeg 2560w, https:\/\/galerijakaptol.hr\/wp-content\/uploads\/2026\/01\/IMG_6198-300x248.jpeg 300w, https:\/\/galerijakaptol.hr\/wp-content\/uploads\/2026\/01\/IMG_6198-1024x846.jpeg 1024w, https:\/\/galerijakaptol.hr\/wp-content\/uploads\/2026\/01\/IMG_6198-768x634.jpeg 768w, https:\/\/galerijakaptol.hr\/wp-content\/uploads\/2026\/01\/IMG_6198-1536x1269.jpeg 1536w, https:\/\/galerijakaptol.hr\/wp-content\/uploads\/2026\/01\/IMG_6198-2048x1692.jpeg 2048w\" sizes=\"auto, (max-width: 2560px) 100vw, 2560px\" \/><\/a><\/figure>\n\n\n<div class=\"wp-block-columns is-not-stacked-on-mobile is-layout-flex wp-container-core-columns-is-layout-1b75516c wp-block-columns-is-layout-flex\">\n<div class=\"wp-block-column is-layout-flow wp-block-column-is-layout-flow\"><h2 style=\"font-style:normal;font-weight:400; margin-top:0.2em;\" class=\"has-text-align-center wp-block-post-title has-small-font-size has-system-font-font-family\"><a href=\"https:\/\/galerijakaptol.hr\/index.php\/2023\/11\/20\/joko-knezevic\/\" target=\"_self\" >JOKO KNE\u017dEVI\u0106<\/a><\/h2><\/div>\n<\/div>\n\n<\/li><li class=\"wp-block-post post-335 post type-post status-publish format-standard has-post-thumbnail hentry category-fundus\">\n<figure style=\"width:100%;height:200px;\" class=\"wp-block-post-featured-image\"><a href=\"https:\/\/galerijakaptol.hr\/index.php\/2023\/09\/12\/eugen-kokot\/\" target=\"_self\"  style=\"height:200px\"><img loading=\"lazy\" decoding=\"async\" width=\"553\" height=\"864\" src=\"https:\/\/galerijakaptol.hr\/wp-content\/uploads\/2023\/09\/EUGEN-KOKOT-Cempres-pred-kisu.jpg\" class=\"attachment-post-thumbnail size-post-thumbnail wp-post-image\" alt=\"EUGEN KOKOT\" style=\"border-style:none;border-width:0px;height:200px;object-fit:cover;\" srcset=\"https:\/\/galerijakaptol.hr\/wp-content\/uploads\/2023\/09\/EUGEN-KOKOT-Cempres-pred-kisu.jpg 553w, https:\/\/galerijakaptol.hr\/wp-content\/uploads\/2023\/09\/EUGEN-KOKOT-Cempres-pred-kisu-192x300.jpg 192w\" sizes=\"auto, (max-width: 553px) 100vw, 553px\" \/><\/a><\/figure>\n\n\n<div class=\"wp-block-columns is-not-stacked-on-mobile is-layout-flex wp-container-core-columns-is-layout-1b75516c wp-block-columns-is-layout-flex\">\n<div class=\"wp-block-column is-layout-flow wp-block-column-is-layout-flow\"><h2 style=\"font-style:normal;font-weight:400; margin-top:0.2em;\" class=\"has-text-align-center wp-block-post-title has-small-font-size has-system-font-font-family\"><a href=\"https:\/\/galerijakaptol.hr\/index.php\/2023\/09\/12\/eugen-kokot\/\" target=\"_self\" >EUGEN KOKOT<\/a><\/h2><\/div>\n<\/div>\n\n<\/li><li class=\"wp-block-post post-162 post type-post status-publish format-standard has-post-thumbnail hentry category-fundus\">\n<figure style=\"width:100%;height:200px;\" class=\"wp-block-post-featured-image\"><a href=\"https:\/\/galerijakaptol.hr\/index.php\/2023\/09\/11\/alem-korkut\/\" target=\"_self\"  style=\"height:200px\"><img loading=\"lazy\" decoding=\"async\" width=\"1430\" height=\"1394\" src=\"https:\/\/galerijakaptol.hr\/wp-content\/uploads\/2023\/09\/Alem-Korkut-Nest.jpg\" class=\"attachment-post-thumbnail size-post-thumbnail wp-post-image\" alt=\"ALEM KORKUT\" style=\"border-style:none;border-width:0px;height:200px;object-fit:cover;\" srcset=\"https:\/\/galerijakaptol.hr\/wp-content\/uploads\/2023\/09\/Alem-Korkut-Nest.jpg 1430w, https:\/\/galerijakaptol.hr\/wp-content\/uploads\/2023\/09\/Alem-Korkut-Nest-300x292.jpg 300w, https:\/\/galerijakaptol.hr\/wp-content\/uploads\/2023\/09\/Alem-Korkut-Nest-1024x998.jpg 1024w, https:\/\/galerijakaptol.hr\/wp-content\/uploads\/2023\/09\/Alem-Korkut-Nest-768x749.jpg 768w\" sizes=\"auto, (max-width: 1430px) 100vw, 1430px\" \/><\/a><\/figure>\n\n\n<div class=\"wp-block-columns is-not-stacked-on-mobile is-layout-flex wp-container-core-columns-is-layout-1b75516c wp-block-columns-is-layout-flex\">\n<div class=\"wp-block-column is-layout-flow wp-block-column-is-layout-flow\"><h2 style=\"font-style:normal;font-weight:400; margin-top:0.2em;\" class=\"has-text-align-center wp-block-post-title has-small-font-size has-system-font-font-family\"><a href=\"https:\/\/galerijakaptol.hr\/index.php\/2023\/09\/11\/alem-korkut\/\" target=\"_self\" >ALEM KORKUT<\/a><\/h2><\/div>\n<\/div>\n\n<\/li><li class=\"wp-block-post post-519 post type-post status-publish format-standard has-post-thumbnail hentry category-fundus\">\n<figure style=\"width:100%;height:200px;\" class=\"wp-block-post-featured-image\"><a href=\"https:\/\/galerijakaptol.hr\/index.php\/2023\/09\/17\/koraljka-kovac\/\" target=\"_self\"  style=\"height:200px\"><img loading=\"lazy\" decoding=\"async\" width=\"624\" height=\"530\" src=\"https:\/\/galerijakaptol.hr\/wp-content\/uploads\/2023\/09\/KORALJKA-KOVAC-Ciklus-U-boji.jpg\" class=\"attachment-post-thumbnail size-post-thumbnail wp-post-image\" alt=\"KORALJKA KOVA\u010c\" style=\"border-style:none;border-width:0px;height:200px;object-fit:cover;\" srcset=\"https:\/\/galerijakaptol.hr\/wp-content\/uploads\/2023\/09\/KORALJKA-KOVAC-Ciklus-U-boji.jpg 624w, https:\/\/galerijakaptol.hr\/wp-content\/uploads\/2023\/09\/KORALJKA-KOVAC-Ciklus-U-boji-300x255.jpg 300w\" sizes=\"auto, (max-width: 624px) 100vw, 624px\" \/><\/a><\/figure>\n\n\n<div class=\"wp-block-columns is-not-stacked-on-mobile is-layout-flex wp-container-core-columns-is-layout-1b75516c wp-block-columns-is-layout-flex\">\n<div class=\"wp-block-column is-layout-flow wp-block-column-is-layout-flow\"><h2 style=\"font-style:normal;font-weight:400; margin-top:0.2em;\" class=\"has-text-align-center wp-block-post-title has-small-font-size has-system-font-font-family\"><a href=\"https:\/\/galerijakaptol.hr\/index.php\/2023\/09\/17\/koraljka-kovac\/\" target=\"_self\" >KORALJKA KOVA\u010c<\/a><\/h2><\/div>\n<\/div>\n\n<\/li><li class=\"wp-block-post post-396 post type-post status-publish format-standard has-post-thumbnail hentry category-fundus\">\n<figure style=\"width:100%;height:200px;\" class=\"wp-block-post-featured-image\"><a href=\"https:\/\/galerijakaptol.hr\/index.php\/2023\/09\/12\/ivan-kozaric\/\" target=\"_self\"  style=\"height:200px\"><img loading=\"lazy\" decoding=\"async\" width=\"624\" height=\"468\" src=\"https:\/\/galerijakaptol.hr\/wp-content\/uploads\/2023\/09\/IVAN-KOZARIC-Bez-naziva.jpg\" class=\"attachment-post-thumbnail size-post-thumbnail wp-post-image\" alt=\"IVAN KO\u017dARI\u0106\" style=\"border-style:none;border-width:0px;height:200px;object-fit:cover;\" srcset=\"https:\/\/galerijakaptol.hr\/wp-content\/uploads\/2023\/09\/IVAN-KOZARIC-Bez-naziva.jpg 624w, https:\/\/galerijakaptol.hr\/wp-content\/uploads\/2023\/09\/IVAN-KOZARIC-Bez-naziva-300x225.jpg 300w\" sizes=\"auto, (max-width: 624px) 100vw, 624px\" \/><\/a><\/figure>\n\n\n<div class=\"wp-block-columns is-not-stacked-on-mobile is-layout-flex wp-container-core-columns-is-layout-1b75516c wp-block-columns-is-layout-flex\">\n<div class=\"wp-block-column is-layout-flow wp-block-column-is-layout-flow\"><h2 style=\"font-style:normal;font-weight:400; margin-top:0.2em;\" class=\"has-text-align-center wp-block-post-title has-small-font-size has-system-font-font-family\"><a href=\"https:\/\/galerijakaptol.hr\/index.php\/2023\/09\/12\/ivan-kozaric\/\" target=\"_self\" >IVAN KO\u017dARI\u0106<\/a><\/h2><\/div>\n<\/div>\n\n<\/li><li class=\"wp-block-post post-4046 post type-post status-publish format-standard has-post-thumbnail hentry category-uncategorized category-fundus\">\n<figure style=\"width:100%;height:200px;\" class=\"wp-block-post-featured-image\"><a href=\"https:\/\/galerijakaptol.hr\/index.php\/2025\/10\/24\/nikola-koydl\/\" target=\"_self\"  style=\"height:200px\"><img loading=\"lazy\" decoding=\"async\" width=\"2560\" height=\"840\" src=\"https:\/\/galerijakaptol.hr\/wp-content\/uploads\/2025\/10\/IMG_1735-scaled.jpeg\" class=\"attachment-post-thumbnail size-post-thumbnail wp-post-image\" alt=\"NIKOLA KOYDL\" style=\"border-style:none;border-width:0px;height:200px;object-fit:cover;\" srcset=\"https:\/\/galerijakaptol.hr\/wp-content\/uploads\/2025\/10\/IMG_1735-scaled.jpeg 2560w, https:\/\/galerijakaptol.hr\/wp-content\/uploads\/2025\/10\/IMG_1735-300x98.jpeg 300w, https:\/\/galerijakaptol.hr\/wp-content\/uploads\/2025\/10\/IMG_1735-1024x336.jpeg 1024w, https:\/\/galerijakaptol.hr\/wp-content\/uploads\/2025\/10\/IMG_1735-768x252.jpeg 768w, https:\/\/galerijakaptol.hr\/wp-content\/uploads\/2025\/10\/IMG_1735-1536x504.jpeg 1536w, https:\/\/galerijakaptol.hr\/wp-content\/uploads\/2025\/10\/IMG_1735-2048x672.jpeg 2048w\" sizes=\"auto, (max-width: 2560px) 100vw, 2560px\" \/><\/a><\/figure>\n\n\n<div class=\"wp-block-columns is-not-stacked-on-mobile is-layout-flex wp-container-core-columns-is-layout-1b75516c wp-block-columns-is-layout-flex\">\n<div class=\"wp-block-column is-layout-flow wp-block-column-is-layout-flow\"><h2 style=\"font-style:normal;font-weight:400; margin-top:0.2em;\" class=\"has-text-align-center wp-block-post-title has-small-font-size has-system-font-font-family\"><a href=\"https:\/\/galerijakaptol.hr\/index.php\/2025\/10\/24\/nikola-koydl\/\" target=\"_self\" >NIKOLA KOYDL<\/a><\/h2><\/div>\n<\/div>\n\n<\/li><li class=\"wp-block-post post-4014 post type-post status-publish format-standard has-post-thumbnail hentry category-uncategorized category-fundus\">\n<figure style=\"width:100%;height:200px;\" class=\"wp-block-post-featured-image\"><a href=\"https:\/\/galerijakaptol.hr\/index.php\/2025\/10\/23\/tomislav-krizman\/\" target=\"_self\"  style=\"height:200px\"><img loading=\"lazy\" decoding=\"async\" width=\"1942\" height=\"2560\" src=\"https:\/\/galerijakaptol.hr\/wp-content\/uploads\/2025\/10\/IMG_1714-scaled.jpeg\" class=\"attachment-post-thumbnail size-post-thumbnail wp-post-image\" alt=\"TOMISLAV KRIZMAN\" style=\"border-style:none;border-width:0px;height:200px;object-fit:cover;\" srcset=\"https:\/\/galerijakaptol.hr\/wp-content\/uploads\/2025\/10\/IMG_1714-scaled.jpeg 1942w, https:\/\/galerijakaptol.hr\/wp-content\/uploads\/2025\/10\/IMG_1714-228x300.jpeg 228w, https:\/\/galerijakaptol.hr\/wp-content\/uploads\/2025\/10\/IMG_1714-777x1024.jpeg 777w, https:\/\/galerijakaptol.hr\/wp-content\/uploads\/2025\/10\/IMG_1714-768x1012.jpeg 768w, https:\/\/galerijakaptol.hr\/wp-content\/uploads\/2025\/10\/IMG_1714-1165x1536.jpeg 1165w, https:\/\/galerijakaptol.hr\/wp-content\/uploads\/2025\/10\/IMG_1714-1554x2048.jpeg 1554w\" sizes=\"auto, (max-width: 1942px) 100vw, 1942px\" \/><\/a><\/figure>\n\n\n<div class=\"wp-block-columns is-not-stacked-on-mobile is-layout-flex wp-container-core-columns-is-layout-1b75516c wp-block-columns-is-layout-flex\">\n<div class=\"wp-block-column is-layout-flow wp-block-column-is-layout-flow\"><h2 style=\"font-style:normal;font-weight:400; margin-top:0.2em;\" class=\"has-text-align-center wp-block-post-title has-small-font-size has-system-font-font-family\"><a href=\"https:\/\/galerijakaptol.hr\/index.php\/2025\/10\/23\/tomislav-krizman\/\" target=\"_self\" >TOMISLAV KRIZMAN<\/a><\/h2><\/div>\n<\/div>\n\n<\/li><li class=\"wp-block-post post-348 post type-post status-publish format-standard has-post-thumbnail hentry category-fundus\">\n<figure style=\"width:100%;height:200px;\" class=\"wp-block-post-featured-image\"><a href=\"https:\/\/galerijakaptol.hr\/index.php\/2023\/09\/12\/frano-krsinic\/\" target=\"_self\"  style=\"height:200px\"><img loading=\"lazy\" decoding=\"async\" width=\"624\" height=\"821\" src=\"https:\/\/galerijakaptol.hr\/wp-content\/uploads\/2023\/09\/FRANO-KRISINIC-Cistacica2.jpg\" class=\"attachment-post-thumbnail size-post-thumbnail wp-post-image\" alt=\"FRANO KR\u0160INI\u0106\" style=\"border-style:none;border-width:0px;height:200px;object-fit:cover;\" srcset=\"https:\/\/galerijakaptol.hr\/wp-content\/uploads\/2023\/09\/FRANO-KRISINIC-Cistacica2.jpg 624w, https:\/\/galerijakaptol.hr\/wp-content\/uploads\/2023\/09\/FRANO-KRISINIC-Cistacica2-228x300.jpg 228w\" sizes=\"auto, (max-width: 624px) 100vw, 624px\" \/><\/a><\/figure>\n\n\n<div class=\"wp-block-columns is-not-stacked-on-mobile is-layout-flex wp-container-core-columns-is-layout-1b75516c wp-block-columns-is-layout-flex\">\n<div class=\"wp-block-column is-layout-flow wp-block-column-is-layout-flow\"><h2 style=\"font-style:normal;font-weight:400; margin-top:0.2em;\" class=\"has-text-align-center wp-block-post-title has-small-font-size has-system-font-font-family\"><a href=\"https:\/\/galerijakaptol.hr\/index.php\/2023\/09\/12\/frano-krsinic\/\" target=\"_self\" >FRANO KR\u0160INI\u0106<\/a><\/h2><\/div>\n<\/div>\n\n<\/li><li class=\"wp-block-post post-572 post type-post status-publish format-standard has-post-thumbnail hentry category-fundus\">\n<figure style=\"width:100%;height:200px;\" class=\"wp-block-post-featured-image\"><a href=\"https:\/\/galerijakaptol.hr\/index.php\/2023\/09\/20\/mihovil-kruslin\/\" target=\"_self\"  style=\"height:200px\"><img loading=\"lazy\" decoding=\"async\" width=\"2560\" height=\"1914\" src=\"https:\/\/galerijakaptol.hr\/wp-content\/uploads\/2026\/02\/IMG_6522-scaled.jpeg\" class=\"attachment-post-thumbnail size-post-thumbnail wp-post-image\" alt=\"MIHOVIL KRU\u0160LIN\" style=\"border-style:none;border-width:0px;height:200px;object-fit:cover;\" srcset=\"https:\/\/galerijakaptol.hr\/wp-content\/uploads\/2026\/02\/IMG_6522-scaled.jpeg 2560w, https:\/\/galerijakaptol.hr\/wp-content\/uploads\/2026\/02\/IMG_6522-300x224.jpeg 300w, https:\/\/galerijakaptol.hr\/wp-content\/uploads\/2026\/02\/IMG_6522-1024x766.jpeg 1024w, https:\/\/galerijakaptol.hr\/wp-content\/uploads\/2026\/02\/IMG_6522-768x574.jpeg 768w, https:\/\/galerijakaptol.hr\/wp-content\/uploads\/2026\/02\/IMG_6522-1536x1149.jpeg 1536w, https:\/\/galerijakaptol.hr\/wp-content\/uploads\/2026\/02\/IMG_6522-2048x1531.jpeg 2048w\" sizes=\"auto, (max-width: 2560px) 100vw, 2560px\" \/><\/a><\/figure>\n\n\n<div class=\"wp-block-columns is-not-stacked-on-mobile is-layout-flex wp-container-core-columns-is-layout-1b75516c wp-block-columns-is-layout-flex\">\n<div class=\"wp-block-column is-layout-flow wp-block-column-is-layout-flow\"><h2 style=\"font-style:normal;font-weight:400; margin-top:0.2em;\" class=\"has-text-align-center wp-block-post-title has-small-font-size has-system-font-font-family\"><a href=\"https:\/\/galerijakaptol.hr\/index.php\/2023\/09\/20\/mihovil-kruslin\/\" target=\"_self\" >MIHOVIL KRU\u0160LIN<\/a><\/h2><\/div>\n<\/div>\n\n<\/li><li class=\"wp-block-post post-701 post type-post status-publish format-standard has-post-thumbnail hentry category-fundus\">\n<figure style=\"width:100%;height:200px;\" class=\"wp-block-post-featured-image\"><a href=\"https:\/\/galerijakaptol.hr\/index.php\/2023\/09\/20\/vatroslav-kulis\/\" target=\"_self\"  style=\"height:200px\"><img loading=\"lazy\" decoding=\"async\" width=\"2560\" height=\"1825\" src=\"https:\/\/galerijakaptol.hr\/wp-content\/uploads\/2026\/03\/IMG_8644-scaled.jpeg\" class=\"attachment-post-thumbnail size-post-thumbnail wp-post-image\" alt=\"VATROSLAV KULI\u0160\" style=\"border-style:none;border-width:0px;height:200px;object-fit:cover;\" srcset=\"https:\/\/galerijakaptol.hr\/wp-content\/uploads\/2026\/03\/IMG_8644-scaled.jpeg 2560w, https:\/\/galerijakaptol.hr\/wp-content\/uploads\/2026\/03\/IMG_8644-300x214.jpeg 300w, https:\/\/galerijakaptol.hr\/wp-content\/uploads\/2026\/03\/IMG_8644-1024x730.jpeg 1024w, https:\/\/galerijakaptol.hr\/wp-content\/uploads\/2026\/03\/IMG_8644-768x548.jpeg 768w, https:\/\/galerijakaptol.hr\/wp-content\/uploads\/2026\/03\/IMG_8644-1536x1095.jpeg 1536w, https:\/\/galerijakaptol.hr\/wp-content\/uploads\/2026\/03\/IMG_8644-2048x1460.jpeg 2048w\" sizes=\"auto, (max-width: 2560px) 100vw, 2560px\" \/><\/a><\/figure>\n\n\n<div class=\"wp-block-columns is-not-stacked-on-mobile is-layout-flex wp-container-core-columns-is-layout-1b75516c wp-block-columns-is-layout-flex\">\n<div class=\"wp-block-column is-layout-flow wp-block-column-is-layout-flow\"><h2 style=\"font-style:normal;font-weight:400; margin-top:0.2em;\" class=\"has-text-align-center wp-block-post-title has-small-font-size has-system-font-font-family\"><a href=\"https:\/\/galerijakaptol.hr\/index.php\/2023\/09\/20\/vatroslav-kulis\/\" target=\"_self\" >VATROSLAV KULI\u0160<\/a><\/h2><\/div>\n<\/div>\n\n<\/li><li class=\"wp-block-post post-339 post type-post status-publish format-standard has-post-thumbnail hentry category-fundus\">\n<figure style=\"width:100%;height:200px;\" class=\"wp-block-post-featured-image\"><a href=\"https:\/\/galerijakaptol.hr\/index.php\/2023\/09\/12\/ferdinand-kulmer\/\" target=\"_self\"  style=\"height:200px\"><img loading=\"lazy\" decoding=\"async\" width=\"1377\" height=\"1980\" src=\"https:\/\/galerijakaptol.hr\/wp-content\/uploads\/2023\/09\/FERDINAND-KULMER-Kaligrafska-razgranatost-IV.jpg\" class=\"attachment-post-thumbnail size-post-thumbnail wp-post-image\" alt=\"FERDINAND KULMER\" style=\"border-style:none;border-width:0px;height:200px;object-fit:cover;\" srcset=\"https:\/\/galerijakaptol.hr\/wp-content\/uploads\/2023\/09\/FERDINAND-KULMER-Kaligrafska-razgranatost-IV.jpg 1377w, https:\/\/galerijakaptol.hr\/wp-content\/uploads\/2023\/09\/FERDINAND-KULMER-Kaligrafska-razgranatost-IV-209x300.jpg 209w, https:\/\/galerijakaptol.hr\/wp-content\/uploads\/2023\/09\/FERDINAND-KULMER-Kaligrafska-razgranatost-IV-712x1024.jpg 712w, https:\/\/galerijakaptol.hr\/wp-content\/uploads\/2023\/09\/FERDINAND-KULMER-Kaligrafska-razgranatost-IV-768x1104.jpg 768w, https:\/\/galerijakaptol.hr\/wp-content\/uploads\/2023\/09\/FERDINAND-KULMER-Kaligrafska-razgranatost-IV-1068x1536.jpg 1068w\" sizes=\"auto, (max-width: 1377px) 100vw, 1377px\" \/><\/a><\/figure>\n\n\n<div class=\"wp-block-columns is-not-stacked-on-mobile is-layout-flex wp-container-core-columns-is-layout-1b75516c wp-block-columns-is-layout-flex\">\n<div class=\"wp-block-column is-layout-flow wp-block-column-is-layout-flow\"><h2 style=\"font-style:normal;font-weight:400; margin-top:0.2em;\" class=\"has-text-align-center wp-block-post-title has-small-font-size has-system-font-font-family\"><a href=\"https:\/\/galerijakaptol.hr\/index.php\/2023\/09\/12\/ferdinand-kulmer\/\" target=\"_self\" >FERDINAND KULMER<\/a><\/h2><\/div>\n<\/div>\n\n<\/li><li class=\"wp-block-post post-2636 post type-post status-publish format-standard has-post-thumbnail hentry category-fundus\">\n<figure style=\"width:100%;height:200px;\" class=\"wp-block-post-featured-image\"><a href=\"https:\/\/galerijakaptol.hr\/index.php\/2024\/05\/28\/mila-kumbatovic\/\" target=\"_self\"  style=\"height:200px\"><img loading=\"lazy\" decoding=\"async\" width=\"2048\" height=\"1778\" src=\"https:\/\/galerijakaptol.hr\/wp-content\/uploads\/2023\/09\/WhatsApp-Image-2024-05-28-at-12.36.18.jpeg\" class=\"attachment-post-thumbnail size-post-thumbnail wp-post-image\" alt=\"MILA KUMBATOVI\u0106\" style=\"border-style:none;border-width:0px;height:200px;object-fit:cover;\" srcset=\"https:\/\/galerijakaptol.hr\/wp-content\/uploads\/2023\/09\/WhatsApp-Image-2024-05-28-at-12.36.18.jpeg 2048w, https:\/\/galerijakaptol.hr\/wp-content\/uploads\/2023\/09\/WhatsApp-Image-2024-05-28-at-12.36.18-300x260.jpeg 300w, https:\/\/galerijakaptol.hr\/wp-content\/uploads\/2023\/09\/WhatsApp-Image-2024-05-28-at-12.36.18-1024x889.jpeg 1024w, https:\/\/galerijakaptol.hr\/wp-content\/uploads\/2023\/09\/WhatsApp-Image-2024-05-28-at-12.36.18-768x667.jpeg 768w, https:\/\/galerijakaptol.hr\/wp-content\/uploads\/2023\/09\/WhatsApp-Image-2024-05-28-at-12.36.18-1536x1334.jpeg 1536w\" sizes=\"auto, (max-width: 2048px) 100vw, 2048px\" \/><\/a><\/figure>\n\n\n<div class=\"wp-block-columns is-not-stacked-on-mobile is-layout-flex wp-container-core-columns-is-layout-1b75516c wp-block-columns-is-layout-flex\">\n<div class=\"wp-block-column is-layout-flow wp-block-column-is-layout-flow\"><h2 style=\"font-style:normal;font-weight:400; margin-top:0.2em;\" class=\"has-text-align-center wp-block-post-title has-small-font-size has-system-font-font-family\"><a href=\"https:\/\/galerijakaptol.hr\/index.php\/2024\/05\/28\/mila-kumbatovic\/\" target=\"_self\" >MILA KUMBATOVI\u0106<\/a><\/h2><\/div>\n<\/div>\n\n<\/li><li class=\"wp-block-post post-3443 post type-post status-publish format-standard has-post-thumbnail hentry category-uncategorized category-fundus\">\n<figure style=\"width:100%;height:200px;\" class=\"wp-block-post-featured-image\"><a href=\"https:\/\/galerijakaptol.hr\/index.php\/2025\/02\/08\/rudi-labas\/\" target=\"_self\"  style=\"height:200px\"><img loading=\"lazy\" decoding=\"async\" width=\"963\" height=\"1404\" src=\"https:\/\/galerijakaptol.hr\/wp-content\/uploads\/2025\/02\/433ed467-ca14-47a9-8cac-42684250735e.jpeg\" class=\"attachment-post-thumbnail size-post-thumbnail wp-post-image\" alt=\"RUDI LABA\u0160\" style=\"border-style:none;border-width:0px;height:200px;object-fit:cover;\" srcset=\"https:\/\/galerijakaptol.hr\/wp-content\/uploads\/2025\/02\/433ed467-ca14-47a9-8cac-42684250735e.jpeg 963w, https:\/\/galerijakaptol.hr\/wp-content\/uploads\/2025\/02\/433ed467-ca14-47a9-8cac-42684250735e-206x300.jpeg 206w, https:\/\/galerijakaptol.hr\/wp-content\/uploads\/2025\/02\/433ed467-ca14-47a9-8cac-42684250735e-702x1024.jpeg 702w, https:\/\/galerijakaptol.hr\/wp-content\/uploads\/2025\/02\/433ed467-ca14-47a9-8cac-42684250735e-768x1120.jpeg 768w\" sizes=\"auto, (max-width: 963px) 100vw, 963px\" \/><\/a><\/figure>\n\n\n<div class=\"wp-block-columns is-not-stacked-on-mobile is-layout-flex wp-container-core-columns-is-layout-1b75516c wp-block-columns-is-layout-flex\">\n<div class=\"wp-block-column is-layout-flow wp-block-column-is-layout-flow\"><h2 style=\"font-style:normal;font-weight:400; margin-top:0.2em;\" class=\"has-text-align-center wp-block-post-title has-small-font-size has-system-font-font-family\"><a href=\"https:\/\/galerijakaptol.hr\/index.php\/2025\/02\/08\/rudi-labas\/\" target=\"_self\" >RUDI LABA\u0160<\/a><\/h2><\/div>\n<\/div>\n\n<\/li><li class=\"wp-block-post post-399 post type-post status-publish format-standard has-post-thumbnail hentry category-uncategorized category-fundus\">\n<figure style=\"width:100%;height:200px;\" class=\"wp-block-post-featured-image\"><a href=\"https:\/\/galerijakaptol.hr\/index.php\/2023\/09\/12\/ivan-lackovic-croata\/\" target=\"_self\"  style=\"height:200px\"><img loading=\"lazy\" decoding=\"async\" width=\"1859\" height=\"2307\" src=\"https:\/\/galerijakaptol.hr\/wp-content\/uploads\/2026\/03\/IMG_7692.jpeg\" class=\"attachment-post-thumbnail size-post-thumbnail wp-post-image\" alt=\"IVAN LACKOVI\u0106 CROATA\" style=\"border-style:none;border-width:0px;height:200px;object-fit:cover;\" srcset=\"https:\/\/galerijakaptol.hr\/wp-content\/uploads\/2026\/03\/IMG_7692.jpeg 1859w, https:\/\/galerijakaptol.hr\/wp-content\/uploads\/2026\/03\/IMG_7692-242x300.jpeg 242w, https:\/\/galerijakaptol.hr\/wp-content\/uploads\/2026\/03\/IMG_7692-825x1024.jpeg 825w, https:\/\/galerijakaptol.hr\/wp-content\/uploads\/2026\/03\/IMG_7692-768x953.jpeg 768w, https:\/\/galerijakaptol.hr\/wp-content\/uploads\/2026\/03\/IMG_7692-1238x1536.jpeg 1238w, https:\/\/galerijakaptol.hr\/wp-content\/uploads\/2026\/03\/IMG_7692-1650x2048.jpeg 1650w\" sizes=\"auto, (max-width: 1859px) 100vw, 1859px\" \/><\/a><\/figure>\n\n\n<div class=\"wp-block-columns is-not-stacked-on-mobile is-layout-flex wp-container-core-columns-is-layout-1b75516c wp-block-columns-is-layout-flex\">\n<div class=\"wp-block-column is-layout-flow wp-block-column-is-layout-flow\"><h2 style=\"font-style:normal;font-weight:400; margin-top:0.2em;\" class=\"has-text-align-center wp-block-post-title has-small-font-size has-system-font-font-family\"><a href=\"https:\/\/galerijakaptol.hr\/index.php\/2023\/09\/12\/ivan-lackovic-croata\/\" target=\"_self\" >IVAN LACKOVI\u0106 CROATA<\/a><\/h2><\/div>\n<\/div>\n\n<\/li><li class=\"wp-block-post post-790 post type-post status-publish format-standard has-post-thumbnail hentry category-fundus\">\n<figure style=\"width:100%;height:200px;\" class=\"wp-block-post-featured-image\"><a href=\"https:\/\/galerijakaptol.hr\/index.php\/2023\/09\/20\/zeljko-lapuh\/\" target=\"_self\"  style=\"height:200px\"><img loading=\"lazy\" decoding=\"async\" width=\"376\" height=\"319\" src=\"https:\/\/galerijakaptol.hr\/wp-content\/uploads\/2023\/09\/ZELJKO-LAPUH-Na-obali.jpg\" class=\"attachment-post-thumbnail size-post-thumbnail wp-post-image\" alt=\"\u017dELJKO LAPUH\" style=\"border-style:none;border-width:0px;height:200px;object-fit:cover;\" srcset=\"https:\/\/galerijakaptol.hr\/wp-content\/uploads\/2023\/09\/ZELJKO-LAPUH-Na-obali.jpg 376w, https:\/\/galerijakaptol.hr\/wp-content\/uploads\/2023\/09\/ZELJKO-LAPUH-Na-obali-300x255.jpg 300w\" sizes=\"auto, (max-width: 376px) 100vw, 376px\" \/><\/a><\/figure>\n\n\n<div class=\"wp-block-columns is-not-stacked-on-mobile is-layout-flex wp-container-core-columns-is-layout-1b75516c wp-block-columns-is-layout-flex\">\n<div class=\"wp-block-column is-layout-flow wp-block-column-is-layout-flow\"><h2 style=\"font-style:normal;font-weight:400; margin-top:0.2em;\" class=\"has-text-align-center wp-block-post-title has-small-font-size has-system-font-font-family\"><a href=\"https:\/\/galerijakaptol.hr\/index.php\/2023\/09\/20\/zeljko-lapuh\/\" target=\"_self\" >\u017dELJKO LAPUH<\/a><\/h2><\/div>\n<\/div>\n\n<\/li><li class=\"wp-block-post post-4008 post type-post status-publish format-standard has-post-thumbnail hentry category-uncategorized category-fundus\">\n<figure style=\"width:100%;height:200px;\" class=\"wp-block-post-featured-image\"><a href=\"https:\/\/galerijakaptol.hr\/index.php\/2025\/10\/23\/fedor-licina\/\" target=\"_self\"  style=\"height:200px\"><img loading=\"lazy\" decoding=\"async\" width=\"2560\" height=\"1920\" src=\"https:\/\/galerijakaptol.hr\/wp-content\/uploads\/2025\/10\/IMG_1721-scaled.jpeg\" class=\"attachment-post-thumbnail size-post-thumbnail wp-post-image\" alt=\"FEDOR LI\u010cINA\" style=\"border-style:none;border-width:0px;height:200px;object-fit:cover;\" srcset=\"https:\/\/galerijakaptol.hr\/wp-content\/uploads\/2025\/10\/IMG_1721-scaled.jpeg 2560w, https:\/\/galerijakaptol.hr\/wp-content\/uploads\/2025\/10\/IMG_1721-300x225.jpeg 300w, https:\/\/galerijakaptol.hr\/wp-content\/uploads\/2025\/10\/IMG_1721-1024x768.jpeg 1024w, https:\/\/galerijakaptol.hr\/wp-content\/uploads\/2025\/10\/IMG_1721-768x576.jpeg 768w, https:\/\/galerijakaptol.hr\/wp-content\/uploads\/2025\/10\/IMG_1721-1536x1152.jpeg 1536w, https:\/\/galerijakaptol.hr\/wp-content\/uploads\/2025\/10\/IMG_1721-2048x1536.jpeg 2048w\" sizes=\"auto, (max-width: 2560px) 100vw, 2560px\" \/><\/a><\/figure>\n\n\n<div class=\"wp-block-columns is-not-stacked-on-mobile is-layout-flex wp-container-core-columns-is-layout-1b75516c wp-block-columns-is-layout-flex\">\n<div class=\"wp-block-column is-layout-flow wp-block-column-is-layout-flow\"><h2 style=\"font-style:normal;font-weight:400; margin-top:0.2em;\" class=\"has-text-align-center wp-block-post-title has-small-font-size has-system-font-font-family\"><a href=\"https:\/\/galerijakaptol.hr\/index.php\/2025\/10\/23\/fedor-licina\/\" target=\"_self\" >FEDOR LI\u010cINA<\/a><\/h2><\/div>\n<\/div>\n\n<\/li><li class=\"wp-block-post post-660 post type-post status-publish format-standard has-post-thumbnail hentry category-fundus\">\n<figure style=\"width:100%;height:200px;\" class=\"wp-block-post-featured-image\"><a href=\"https:\/\/galerijakaptol.hr\/index.php\/2023\/09\/20\/tihomir-loncar\/\" target=\"_self\"  style=\"height:200px\"><img loading=\"lazy\" decoding=\"async\" width=\"1430\" height=\"1005\" src=\"https:\/\/galerijakaptol.hr\/wp-content\/uploads\/2023\/09\/TIHOMIR-LONCAR-Bez-naziva.jpg\" class=\"attachment-post-thumbnail size-post-thumbnail wp-post-image\" alt=\"TIHOMIR LON\u010cAR\" style=\"border-style:none;border-width:0px;height:200px;object-fit:cover;\" srcset=\"https:\/\/galerijakaptol.hr\/wp-content\/uploads\/2023\/09\/TIHOMIR-LONCAR-Bez-naziva.jpg 1430w, https:\/\/galerijakaptol.hr\/wp-content\/uploads\/2023\/09\/TIHOMIR-LONCAR-Bez-naziva-300x211.jpg 300w, https:\/\/galerijakaptol.hr\/wp-content\/uploads\/2023\/09\/TIHOMIR-LONCAR-Bez-naziva-1024x720.jpg 1024w, https:\/\/galerijakaptol.hr\/wp-content\/uploads\/2023\/09\/TIHOMIR-LONCAR-Bez-naziva-768x540.jpg 768w\" sizes=\"auto, (max-width: 1430px) 100vw, 1430px\" \/><\/a><\/figure>\n\n\n<div class=\"wp-block-columns is-not-stacked-on-mobile is-layout-flex wp-container-core-columns-is-layout-1b75516c wp-block-columns-is-layout-flex\">\n<div class=\"wp-block-column is-layout-flow wp-block-column-is-layout-flow\"><h2 style=\"font-style:normal;font-weight:400; margin-top:0.2em;\" class=\"has-text-align-center wp-block-post-title has-small-font-size has-system-font-font-family\"><a href=\"https:\/\/galerijakaptol.hr\/index.php\/2023\/09\/20\/tihomir-loncar\/\" target=\"_self\" >TIHOMIR LON\u010cAR<\/a><\/h2><\/div>\n<\/div>\n\n<\/li><li class=\"wp-block-post post-295 post type-post status-publish format-standard has-post-thumbnail hentry category-fundus\">\n<figure style=\"width:100%;height:200px;\" class=\"wp-block-post-featured-image\"><a href=\"https:\/\/galerijakaptol.hr\/index.php\/2023\/09\/12\/dragica-loncaric\/\" target=\"_self\"  style=\"height:200px\"><img loading=\"lazy\" decoding=\"async\" width=\"1430\" height=\"973\" src=\"https:\/\/galerijakaptol.hr\/wp-content\/uploads\/2023\/09\/DRAGICA-LONCARIC-Sumrak.jpg\" class=\"attachment-post-thumbnail size-post-thumbnail wp-post-image\" alt=\"DRAGICA LON\u010cARI\u0106\" style=\"border-style:none;border-width:0px;height:200px;object-fit:cover;\" srcset=\"https:\/\/galerijakaptol.hr\/wp-content\/uploads\/2023\/09\/DRAGICA-LONCARIC-Sumrak.jpg 1430w, https:\/\/galerijakaptol.hr\/wp-content\/uploads\/2023\/09\/DRAGICA-LONCARIC-Sumrak-300x204.jpg 300w, https:\/\/galerijakaptol.hr\/wp-content\/uploads\/2023\/09\/DRAGICA-LONCARIC-Sumrak-1024x697.jpg 1024w, https:\/\/galerijakaptol.hr\/wp-content\/uploads\/2023\/09\/DRAGICA-LONCARIC-Sumrak-768x523.jpg 768w\" sizes=\"auto, (max-width: 1430px) 100vw, 1430px\" \/><\/a><\/figure>\n\n\n<div class=\"wp-block-columns is-not-stacked-on-mobile is-layout-flex wp-container-core-columns-is-layout-1b75516c wp-block-columns-is-layout-flex\">\n<div class=\"wp-block-column is-layout-flow wp-block-column-is-layout-flow\"><h2 style=\"font-style:normal;font-weight:400; margin-top:0.2em;\" class=\"has-text-align-center wp-block-post-title has-small-font-size has-system-font-font-family\"><a href=\"https:\/\/galerijakaptol.hr\/index.php\/2023\/09\/12\/dragica-loncaric\/\" target=\"_self\" >DRAGICA LON\u010cARI\u0106<\/a><\/h2><\/div>\n<\/div>\n\n<\/li><li class=\"wp-block-post post-780 post type-post status-publish format-standard has-post-thumbnail hentry category-fundus\">\n<figure style=\"width:100%;height:200px;\" class=\"wp-block-post-featured-image\"><a href=\"https:\/\/galerijakaptol.hr\/index.php\/2023\/09\/20\/zvonimir-loncaric\/\" target=\"_self\"  style=\"height:200px\"><img loading=\"lazy\" decoding=\"async\" width=\"624\" height=\"717\" src=\"https:\/\/galerijakaptol.hr\/wp-content\/uploads\/2023\/09\/ZVONIMIR-LONCARIC-Faust.jpg\" class=\"attachment-post-thumbnail size-post-thumbnail wp-post-image\" alt=\"ZVONIMIR LON\u010cARI\u0106\" style=\"border-style:none;border-width:0px;height:200px;object-fit:cover;\" srcset=\"https:\/\/galerijakaptol.hr\/wp-content\/uploads\/2023\/09\/ZVONIMIR-LONCARIC-Faust.jpg 624w, https:\/\/galerijakaptol.hr\/wp-content\/uploads\/2023\/09\/ZVONIMIR-LONCARIC-Faust-261x300.jpg 261w\" sizes=\"auto, (max-width: 624px) 100vw, 624px\" \/><\/a><\/figure>\n\n\n<div class=\"wp-block-columns is-not-stacked-on-mobile is-layout-flex wp-container-core-columns-is-layout-1b75516c wp-block-columns-is-layout-flex\">\n<div class=\"wp-block-column is-layout-flow wp-block-column-is-layout-flow\"><h2 style=\"font-style:normal;font-weight:400; margin-top:0.2em;\" class=\"has-text-align-center wp-block-post-title has-small-font-size has-system-font-font-family\"><a href=\"https:\/\/galerijakaptol.hr\/index.php\/2023\/09\/20\/zvonimir-loncaric\/\" target=\"_self\" >ZVONIMIR LON\u010cARI\u0106<\/a><\/h2><\/div>\n<\/div>\n\n<\/li><li class=\"wp-block-post post-4389 post type-post status-publish format-standard has-post-thumbnail hentry category-uncategorized category-fundus\">\n<figure style=\"width:100%;height:200px;\" class=\"wp-block-post-featured-image\"><a href=\"https:\/\/galerijakaptol.hr\/index.php\/2026\/02\/16\/dubravka-losic\/\" target=\"_self\"  style=\"height:200px\"><img loading=\"lazy\" decoding=\"async\" width=\"2535\" height=\"2560\" src=\"https:\/\/galerijakaptol.hr\/wp-content\/uploads\/2026\/02\/IMG_7014-scaled.jpeg\" class=\"attachment-post-thumbnail size-post-thumbnail wp-post-image\" alt=\"DUBRAVKA LO\u0160I\u0106\" style=\"border-style:none;border-width:0px;height:200px;object-fit:cover;\" srcset=\"https:\/\/galerijakaptol.hr\/wp-content\/uploads\/2026\/02\/IMG_7014-scaled.jpeg 2535w, https:\/\/galerijakaptol.hr\/wp-content\/uploads\/2026\/02\/IMG_7014-297x300.jpeg 297w, https:\/\/galerijakaptol.hr\/wp-content\/uploads\/2026\/02\/IMG_7014-1014x1024.jpeg 1014w, https:\/\/galerijakaptol.hr\/wp-content\/uploads\/2026\/02\/IMG_7014-768x776.jpeg 768w, https:\/\/galerijakaptol.hr\/wp-content\/uploads\/2026\/02\/IMG_7014-1521x1536.jpeg 1521w, https:\/\/galerijakaptol.hr\/wp-content\/uploads\/2026\/02\/IMG_7014-2028x2048.jpeg 2028w, https:\/\/galerijakaptol.hr\/wp-content\/uploads\/2026\/02\/IMG_7014-150x150.jpeg 150w\" sizes=\"auto, (max-width: 2535px) 100vw, 2535px\" \/><\/a><\/figure>\n\n\n<div class=\"wp-block-columns is-not-stacked-on-mobile is-layout-flex wp-container-core-columns-is-layout-1b75516c wp-block-columns-is-layout-flex\">\n<div class=\"wp-block-column is-layout-flow wp-block-column-is-layout-flow\"><h2 style=\"font-style:normal;font-weight:400; margin-top:0.2em;\" class=\"has-text-align-center wp-block-post-title has-small-font-size has-system-font-font-family\"><a href=\"https:\/\/galerijakaptol.hr\/index.php\/2026\/02\/16\/dubravka-losic\/\" target=\"_self\" >DUBRAVKA LO\u0160I\u0106<\/a><\/h2><\/div>\n<\/div>\n\n<\/li><li class=\"wp-block-post post-222 post type-post status-publish format-standard has-post-thumbnail hentry category-fundus\">\n<figure style=\"width:100%;height:200px;\" class=\"wp-block-post-featured-image\"><a href=\"https:\/\/galerijakaptol.hr\/index.php\/2023\/09\/11\/branko-lovak\/\" target=\"_self\"  style=\"height:200px\"><img loading=\"lazy\" decoding=\"async\" width=\"1430\" height=\"974\" src=\"https:\/\/galerijakaptol.hr\/wp-content\/uploads\/2023\/09\/BRANKO-LOVAK-Obasjani-krovovi.jpg\" class=\"attachment-post-thumbnail size-post-thumbnail wp-post-image\" alt=\"BRANKO LOVAK\" style=\"border-style:none;border-width:0px;height:200px;object-fit:cover;\" srcset=\"https:\/\/galerijakaptol.hr\/wp-content\/uploads\/2023\/09\/BRANKO-LOVAK-Obasjani-krovovi.jpg 1430w, https:\/\/galerijakaptol.hr\/wp-content\/uploads\/2023\/09\/BRANKO-LOVAK-Obasjani-krovovi-300x204.jpg 300w, https:\/\/galerijakaptol.hr\/wp-content\/uploads\/2023\/09\/BRANKO-LOVAK-Obasjani-krovovi-1024x697.jpg 1024w, https:\/\/galerijakaptol.hr\/wp-content\/uploads\/2023\/09\/BRANKO-LOVAK-Obasjani-krovovi-768x523.jpg 768w\" sizes=\"auto, (max-width: 1430px) 100vw, 1430px\" \/><\/a><\/figure>\n\n\n<div class=\"wp-block-columns is-not-stacked-on-mobile is-layout-flex wp-container-core-columns-is-layout-1b75516c wp-block-columns-is-layout-flex\">\n<div class=\"wp-block-column is-layout-flow wp-block-column-is-layout-flow\"><h2 style=\"font-style:normal;font-weight:400; margin-top:0.2em;\" class=\"has-text-align-center wp-block-post-title has-small-font-size has-system-font-font-family\"><a href=\"https:\/\/galerijakaptol.hr\/index.php\/2023\/09\/11\/branko-lovak\/\" target=\"_self\" >BRANKO LOVAK<\/a><\/h2><\/div>\n<\/div>\n\n<\/li><li class=\"wp-block-post post-407 post type-post status-publish format-standard hentry category-fundus\">\n\n\n\n<div class=\"wp-block-columns is-not-stacked-on-mobile is-layout-flex wp-container-core-columns-is-layout-1b75516c wp-block-columns-is-layout-flex\">\n<div class=\"wp-block-column is-layout-flow wp-block-column-is-layout-flow\"><h2 style=\"font-style:normal;font-weight:400; margin-top:0.2em;\" class=\"has-text-align-center wp-block-post-title has-small-font-size has-system-font-font-family\"><a href=\"https:\/\/galerijakaptol.hr\/index.php\/2023\/09\/12\/ivan-lovrencic\/\" target=\"_self\" >IVAN LOVREN\u010cI\u0106<\/a><\/h2><\/div>\n<\/div>\n\n<\/li><li class=\"wp-block-post post-260 post type-post status-publish format-standard has-post-thumbnail hentry category-fundus\">\n<figure style=\"width:100%;height:200px;\" class=\"wp-block-post-featured-image\"><a href=\"https:\/\/galerijakaptol.hr\/index.php\/2023\/09\/12\/darko-markic\/\" target=\"_self\"  style=\"height:200px\"><img loading=\"lazy\" decoding=\"async\" width=\"624\" height=\"509\" src=\"https:\/\/galerijakaptol.hr\/wp-content\/uploads\/2023\/09\/DARKO-MARKIC-Letjelica-predodzba.jpg\" class=\"attachment-post-thumbnail size-post-thumbnail wp-post-image\" alt=\"DARKO MARKI\u0106\" style=\"border-style:none;border-width:0px;height:200px;object-fit:cover;\" srcset=\"https:\/\/galerijakaptol.hr\/wp-content\/uploads\/2023\/09\/DARKO-MARKIC-Letjelica-predodzba.jpg 624w, https:\/\/galerijakaptol.hr\/wp-content\/uploads\/2023\/09\/DARKO-MARKIC-Letjelica-predodzba-300x245.jpg 300w\" sizes=\"auto, (max-width: 624px) 100vw, 624px\" \/><\/a><\/figure>\n\n\n<div class=\"wp-block-columns is-not-stacked-on-mobile is-layout-flex wp-container-core-columns-is-layout-1b75516c wp-block-columns-is-layout-flex\">\n<div class=\"wp-block-column is-layout-flow wp-block-column-is-layout-flow\"><h2 style=\"font-style:normal;font-weight:400; margin-top:0.2em;\" class=\"has-text-align-center wp-block-post-title has-small-font-size has-system-font-font-family\"><a href=\"https:\/\/galerijakaptol.hr\/index.php\/2023\/09\/12\/darko-markic\/\" target=\"_self\" >DARKO MARKI\u0106<\/a><\/h2><\/div>\n<\/div>\n\n<\/li><li class=\"wp-block-post post-278 post type-post status-publish format-standard has-post-thumbnail hentry category-fundus\">\n<figure style=\"width:100%;height:200px;\" class=\"wp-block-post-featured-image\"><a href=\"https:\/\/galerijakaptol.hr\/index.php\/2023\/09\/12\/dorica-matjan\/\" target=\"_self\"  style=\"height:200px\"><img loading=\"lazy\" decoding=\"async\" width=\"598\" height=\"768\" src=\"https:\/\/galerijakaptol.hr\/wp-content\/uploads\/2023\/09\/DORICA-MATJAN-Darovi-djetinjstva-4.jpg\" class=\"attachment-post-thumbnail size-post-thumbnail wp-post-image\" alt=\"DORICA MATJAN\" style=\"border-style:none;border-width:0px;height:200px;object-fit:cover;\" srcset=\"https:\/\/galerijakaptol.hr\/wp-content\/uploads\/2023\/09\/DORICA-MATJAN-Darovi-djetinjstva-4.jpg 598w, https:\/\/galerijakaptol.hr\/wp-content\/uploads\/2023\/09\/DORICA-MATJAN-Darovi-djetinjstva-4-234x300.jpg 234w\" sizes=\"auto, (max-width: 598px) 100vw, 598px\" \/><\/a><\/figure>\n\n\n<div class=\"wp-block-columns is-not-stacked-on-mobile is-layout-flex wp-container-core-columns-is-layout-1b75516c wp-block-columns-is-layout-flex\">\n<div class=\"wp-block-column is-layout-flow wp-block-column-is-layout-flow\"><h2 style=\"font-style:normal;font-weight:400; margin-top:0.2em;\" class=\"has-text-align-center wp-block-post-title has-small-font-size has-system-font-font-family\"><a href=\"https:\/\/galerijakaptol.hr\/index.php\/2023\/09\/12\/dorica-matjan\/\" target=\"_self\" >DORICA MATJAN<\/a><\/h2><\/div>\n<\/div>\n\n<\/li><li class=\"wp-block-post post-4119 post type-post status-publish format-standard has-post-thumbnail hentry category-uncategorized category-fundus\">\n<figure style=\"width:100%;height:200px;\" class=\"wp-block-post-featured-image\"><a href=\"https:\/\/galerijakaptol.hr\/index.php\/2025\/10\/29\/petra-matkovic\/\" target=\"_self\"  style=\"height:200px\"><img loading=\"lazy\" decoding=\"async\" width=\"2560\" height=\"2218\" src=\"https:\/\/galerijakaptol.hr\/wp-content\/uploads\/2025\/10\/IMG_2043-scaled.jpeg\" class=\"attachment-post-thumbnail size-post-thumbnail wp-post-image\" alt=\"PETRA MATKOVI\u0106\" style=\"border-style:none;border-width:0px;height:200px;object-fit:cover;\" srcset=\"https:\/\/galerijakaptol.hr\/wp-content\/uploads\/2025\/10\/IMG_2043-scaled.jpeg 2560w, https:\/\/galerijakaptol.hr\/wp-content\/uploads\/2025\/10\/IMG_2043-300x260.jpeg 300w, https:\/\/galerijakaptol.hr\/wp-content\/uploads\/2025\/10\/IMG_2043-1024x887.jpeg 1024w, https:\/\/galerijakaptol.hr\/wp-content\/uploads\/2025\/10\/IMG_2043-768x665.jpeg 768w, https:\/\/galerijakaptol.hr\/wp-content\/uploads\/2025\/10\/IMG_2043-1536x1331.jpeg 1536w, https:\/\/galerijakaptol.hr\/wp-content\/uploads\/2025\/10\/IMG_2043-2048x1774.jpeg 2048w\" sizes=\"auto, (max-width: 2560px) 100vw, 2560px\" \/><\/a><\/figure>\n\n\n<div class=\"wp-block-columns is-not-stacked-on-mobile is-layout-flex wp-container-core-columns-is-layout-1b75516c wp-block-columns-is-layout-flex\">\n<div class=\"wp-block-column is-layout-flow wp-block-column-is-layout-flow\"><h2 style=\"font-style:normal;font-weight:400; margin-top:0.2em;\" class=\"has-text-align-center wp-block-post-title has-small-font-size has-system-font-font-family\"><a href=\"https:\/\/galerijakaptol.hr\/index.php\/2025\/10\/29\/petra-matkovic\/\" target=\"_self\" >PETRA MATKOVI\u0106<\/a><\/h2><\/div>\n<\/div>\n\n<\/li><li class=\"wp-block-post post-752 post type-post status-publish format-standard has-post-thumbnail hentry category-fundus\">\n<figure style=\"width:100%;height:200px;\" class=\"wp-block-post-featured-image\"><a href=\"https:\/\/galerijakaptol.hr\/index.php\/2023\/09\/20\/zlatko-melcher\/\" target=\"_self\"  style=\"height:200px\"><img loading=\"lazy\" decoding=\"async\" width=\"577\" height=\"828\" src=\"https:\/\/galerijakaptol.hr\/wp-content\/uploads\/2023\/09\/ZLATKO-MELCHER-Bez-naziva.jpg\" class=\"attachment-post-thumbnail size-post-thumbnail wp-post-image\" alt=\"ZLATKO MELCHER\" style=\"border-style:none;border-width:0px;height:200px;object-fit:cover;\" srcset=\"https:\/\/galerijakaptol.hr\/wp-content\/uploads\/2023\/09\/ZLATKO-MELCHER-Bez-naziva.jpg 577w, https:\/\/galerijakaptol.hr\/wp-content\/uploads\/2023\/09\/ZLATKO-MELCHER-Bez-naziva-209x300.jpg 209w\" sizes=\"auto, (max-width: 577px) 100vw, 577px\" \/><\/a><\/figure>\n\n\n<div class=\"wp-block-columns is-not-stacked-on-mobile is-layout-flex wp-container-core-columns-is-layout-1b75516c wp-block-columns-is-layout-flex\">\n<div class=\"wp-block-column is-layout-flow wp-block-column-is-layout-flow\"><h2 style=\"font-style:normal;font-weight:400; margin-top:0.2em;\" class=\"has-text-align-center wp-block-post-title has-small-font-size has-system-font-font-family\"><a href=\"https:\/\/galerijakaptol.hr\/index.php\/2023\/09\/20\/zlatko-melcher\/\" target=\"_self\" >ZLATKO MELCHER<\/a><\/h2><\/div>\n<\/div>\n\n<\/li><li class=\"wp-block-post post-4186 post type-post status-publish format-standard has-post-thumbnail hentry category-uncategorized category-fundus\">\n<figure style=\"width:100%;height:200px;\" class=\"wp-block-post-featured-image\"><a href=\"https:\/\/galerijakaptol.hr\/index.php\/2025\/12\/01\/karlo-mijic\/\" target=\"_self\"  style=\"height:200px\"><img loading=\"lazy\" decoding=\"async\" width=\"1902\" height=\"1415\" src=\"https:\/\/galerijakaptol.hr\/wp-content\/uploads\/2025\/12\/73488e51-796a-4a4b-98be-d8ab8936d453.jpeg\" class=\"attachment-post-thumbnail size-post-thumbnail wp-post-image\" alt=\"KARLO MIJI\u0106\" style=\"border-style:none;border-width:0px;height:200px;object-fit:cover;\" srcset=\"https:\/\/galerijakaptol.hr\/wp-content\/uploads\/2025\/12\/73488e51-796a-4a4b-98be-d8ab8936d453.jpeg 1902w, https:\/\/galerijakaptol.hr\/wp-content\/uploads\/2025\/12\/73488e51-796a-4a4b-98be-d8ab8936d453-300x223.jpeg 300w, https:\/\/galerijakaptol.hr\/wp-content\/uploads\/2025\/12\/73488e51-796a-4a4b-98be-d8ab8936d453-1024x762.jpeg 1024w, https:\/\/galerijakaptol.hr\/wp-content\/uploads\/2025\/12\/73488e51-796a-4a4b-98be-d8ab8936d453-768x571.jpeg 768w, https:\/\/galerijakaptol.hr\/wp-content\/uploads\/2025\/12\/73488e51-796a-4a4b-98be-d8ab8936d453-1536x1143.jpeg 1536w\" sizes=\"auto, (max-width: 1902px) 100vw, 1902px\" \/><\/a><\/figure>\n\n\n<div class=\"wp-block-columns is-not-stacked-on-mobile is-layout-flex wp-container-core-columns-is-layout-1b75516c wp-block-columns-is-layout-flex\">\n<div class=\"wp-block-column is-layout-flow wp-block-column-is-layout-flow\"><h2 style=\"font-style:normal;font-weight:400; margin-top:0.2em;\" class=\"has-text-align-center wp-block-post-title has-small-font-size has-system-font-font-family\"><a href=\"https:\/\/galerijakaptol.hr\/index.php\/2025\/12\/01\/karlo-mijic\/\" target=\"_self\" >KARLO MIJI\u0106<\/a><\/h2><\/div>\n<\/div>\n\n<\/li><li class=\"wp-block-post post-605 post type-post status-publish format-standard has-post-thumbnail hentry category-fundus\">\n<figure style=\"width:100%;height:200px;\" class=\"wp-block-post-featured-image\"><a href=\"https:\/\/galerijakaptol.hr\/index.php\/2023\/09\/20\/neno-mikulic\/\" target=\"_self\"  style=\"height:200px\"><img loading=\"lazy\" decoding=\"async\" width=\"431\" height=\"298\" src=\"https:\/\/galerijakaptol.hr\/wp-content\/uploads\/2023\/09\/NENO-MIKULIC-Nudisti-za-vecerom.jpg\" class=\"attachment-post-thumbnail size-post-thumbnail wp-post-image\" alt=\"NENO MIKULI\u0106\" style=\"border-style:none;border-width:0px;height:200px;object-fit:cover;\" srcset=\"https:\/\/galerijakaptol.hr\/wp-content\/uploads\/2023\/09\/NENO-MIKULIC-Nudisti-za-vecerom.jpg 431w, https:\/\/galerijakaptol.hr\/wp-content\/uploads\/2023\/09\/NENO-MIKULIC-Nudisti-za-vecerom-300x207.jpg 300w\" sizes=\"auto, (max-width: 431px) 100vw, 431px\" \/><\/a><\/figure>\n\n\n<div class=\"wp-block-columns is-not-stacked-on-mobile is-layout-flex wp-container-core-columns-is-layout-1b75516c wp-block-columns-is-layout-flex\">\n<div class=\"wp-block-column is-layout-flow wp-block-column-is-layout-flow\"><h2 style=\"font-style:normal;font-weight:400; margin-top:0.2em;\" class=\"has-text-align-center wp-block-post-title has-small-font-size has-system-font-font-family\"><a href=\"https:\/\/galerijakaptol.hr\/index.php\/2023\/09\/20\/neno-mikulic\/\" target=\"_self\" >NENO MIKULI\u0106<\/a><\/h2><\/div>\n<\/div>\n\n<\/li><li class=\"wp-block-post post-196 post type-post status-publish format-standard has-post-thumbnail hentry category-fundus\">\n<figure style=\"width:100%;height:200px;\" class=\"wp-block-post-featured-image\"><a href=\"https:\/\/galerijakaptol.hr\/index.php\/2023\/09\/11\/bane-milenkovic\/\" target=\"_self\"  style=\"height:200px\"><img loading=\"lazy\" decoding=\"async\" width=\"624\" height=\"482\" src=\"https:\/\/galerijakaptol.hr\/wp-content\/uploads\/2023\/09\/BANE-MILENKOVIC-Dan.jpg\" class=\"attachment-post-thumbnail size-post-thumbnail wp-post-image\" alt=\"BANE MILENKOVI\u0106\" style=\"border-style:none;border-width:0px;height:200px;object-fit:cover;\" srcset=\"https:\/\/galerijakaptol.hr\/wp-content\/uploads\/2023\/09\/BANE-MILENKOVIC-Dan.jpg 624w, https:\/\/galerijakaptol.hr\/wp-content\/uploads\/2023\/09\/BANE-MILENKOVIC-Dan-300x232.jpg 300w\" sizes=\"auto, (max-width: 624px) 100vw, 624px\" \/><\/a><\/figure>\n\n\n<div class=\"wp-block-columns is-not-stacked-on-mobile is-layout-flex wp-container-core-columns-is-layout-1b75516c wp-block-columns-is-layout-flex\">\n<div class=\"wp-block-column is-layout-flow wp-block-column-is-layout-flow\"><h2 style=\"font-style:normal;font-weight:400; margin-top:0.2em;\" class=\"has-text-align-center wp-block-post-title has-small-font-size has-system-font-font-family\"><a href=\"https:\/\/galerijakaptol.hr\/index.php\/2023\/09\/11\/bane-milenkovic\/\" target=\"_self\" >BANE MILENKOVI\u0106<\/a><\/h2><\/div>\n<\/div>\n\n<\/li><li class=\"wp-block-post post-774 post type-post status-publish format-standard has-post-thumbnail hentry category-fundus\">\n<figure style=\"width:100%;height:200px;\" class=\"wp-block-post-featured-image\"><a href=\"https:\/\/galerijakaptol.hr\/index.php\/2023\/09\/20\/zoran-milisa\/\" target=\"_self\"  style=\"height:200px\"><img loading=\"lazy\" decoding=\"async\" width=\"1430\" height=\"1485\" src=\"https:\/\/galerijakaptol.hr\/wp-content\/uploads\/2023\/09\/ZORAN-MILISA-Baustela.jpg\" class=\"attachment-post-thumbnail size-post-thumbnail wp-post-image\" alt=\"ZORAN MILI\u0160A\" style=\"border-style:none;border-width:0px;height:200px;object-fit:cover;\" srcset=\"https:\/\/galerijakaptol.hr\/wp-content\/uploads\/2023\/09\/ZORAN-MILISA-Baustela.jpg 1430w, https:\/\/galerijakaptol.hr\/wp-content\/uploads\/2023\/09\/ZORAN-MILISA-Baustela-289x300.jpg 289w, https:\/\/galerijakaptol.hr\/wp-content\/uploads\/2023\/09\/ZORAN-MILISA-Baustela-986x1024.jpg 986w, https:\/\/galerijakaptol.hr\/wp-content\/uploads\/2023\/09\/ZORAN-MILISA-Baustela-768x798.jpg 768w\" sizes=\"auto, (max-width: 1430px) 100vw, 1430px\" \/><\/a><\/figure>\n\n\n<div class=\"wp-block-columns is-not-stacked-on-mobile is-layout-flex wp-container-core-columns-is-layout-1b75516c wp-block-columns-is-layout-flex\">\n<div class=\"wp-block-column is-layout-flow wp-block-column-is-layout-flow\"><h2 style=\"font-style:normal;font-weight:400; margin-top:0.2em;\" class=\"has-text-align-center wp-block-post-title has-small-font-size has-system-font-font-family\"><a href=\"https:\/\/galerijakaptol.hr\/index.php\/2023\/09\/20\/zoran-milisa\/\" target=\"_self\" >ZORAN MILI\u0160A<\/a><\/h2><\/div>\n<\/div>\n\n<\/li><li class=\"wp-block-post post-3709 post type-post status-publish format-standard has-post-thumbnail hentry category-uncategorized category-fundus\">\n<figure style=\"width:100%;height:200px;\" class=\"wp-block-post-featured-image\"><a href=\"https:\/\/galerijakaptol.hr\/index.php\/2025\/05\/08\/jerolim-mise\/\" target=\"_self\"  style=\"height:200px\"><img loading=\"lazy\" decoding=\"async\" width=\"2560\" height=\"1701\" src=\"https:\/\/galerijakaptol.hr\/wp-content\/uploads\/2025\/05\/IMG_3726-scaled.jpeg\" class=\"attachment-post-thumbnail size-post-thumbnail wp-post-image\" alt=\"JEROLIM MI\u0160E\" style=\"border-style:none;border-width:0px;height:200px;object-fit:cover;\" srcset=\"https:\/\/galerijakaptol.hr\/wp-content\/uploads\/2025\/05\/IMG_3726-scaled.jpeg 2560w, https:\/\/galerijakaptol.hr\/wp-content\/uploads\/2025\/05\/IMG_3726-300x199.jpeg 300w, https:\/\/galerijakaptol.hr\/wp-content\/uploads\/2025\/05\/IMG_3726-1024x680.jpeg 1024w, https:\/\/galerijakaptol.hr\/wp-content\/uploads\/2025\/05\/IMG_3726-768x510.jpeg 768w, https:\/\/galerijakaptol.hr\/wp-content\/uploads\/2025\/05\/IMG_3726-1536x1021.jpeg 1536w, https:\/\/galerijakaptol.hr\/wp-content\/uploads\/2025\/05\/IMG_3726-2048x1361.jpeg 2048w\" sizes=\"auto, (max-width: 2560px) 100vw, 2560px\" \/><\/a><\/figure>\n\n\n<div class=\"wp-block-columns is-not-stacked-on-mobile is-layout-flex wp-container-core-columns-is-layout-1b75516c wp-block-columns-is-layout-flex\">\n<div class=\"wp-block-column is-layout-flow wp-block-column-is-layout-flow\"><h2 style=\"font-style:normal;font-weight:400; margin-top:0.2em;\" class=\"has-text-align-center wp-block-post-title has-small-font-size has-system-font-font-family\"><a href=\"https:\/\/galerijakaptol.hr\/index.php\/2025\/05\/08\/jerolim-mise\/\" target=\"_self\" >JEROLIM MI\u0160E<\/a><\/h2><\/div>\n<\/div>\n\n<\/li><li class=\"wp-block-post post-193 post type-post status-publish format-standard has-post-thumbnail hentry category-fundus\">\n<figure style=\"width:100%;height:200px;\" class=\"wp-block-post-featured-image\"><a href=\"https:\/\/galerijakaptol.hr\/index.php\/2023\/09\/11\/antun-motika\/\" target=\"_self\"  style=\"height:200px\"><img loading=\"lazy\" decoding=\"async\" width=\"429\" height=\"362\" src=\"https:\/\/galerijakaptol.hr\/wp-content\/uploads\/2023\/09\/Antun-Motika-Mrtva-priroda.jpg\" class=\"attachment-post-thumbnail size-post-thumbnail wp-post-image\" alt=\"ANTUN MOTIKA\" style=\"border-style:none;border-width:0px;height:200px;object-fit:cover;\" srcset=\"https:\/\/galerijakaptol.hr\/wp-content\/uploads\/2023\/09\/Antun-Motika-Mrtva-priroda.jpg 429w, https:\/\/galerijakaptol.hr\/wp-content\/uploads\/2023\/09\/Antun-Motika-Mrtva-priroda-300x253.jpg 300w\" sizes=\"auto, (max-width: 429px) 100vw, 429px\" \/><\/a><\/figure>\n\n\n<div class=\"wp-block-columns is-not-stacked-on-mobile is-layout-flex wp-container-core-columns-is-layout-1b75516c wp-block-columns-is-layout-flex\">\n<div class=\"wp-block-column is-layout-flow wp-block-column-is-layout-flow\"><h2 style=\"font-style:normal;font-weight:400; margin-top:0.2em;\" class=\"has-text-align-center wp-block-post-title has-small-font-size has-system-font-font-family\"><a href=\"https:\/\/galerijakaptol.hr\/index.php\/2023\/09\/11\/antun-motika\/\" target=\"_self\" >ANTUN MOTIKA<\/a><\/h2><\/div>\n<\/div>\n\n<\/li><li class=\"wp-block-post post-3187 post type-post status-publish format-standard has-post-thumbnail hentry category-uncategorized category-fundus\">\n<figure style=\"width:100%;height:200px;\" class=\"wp-block-post-featured-image\"><a href=\"https:\/\/galerijakaptol.hr\/index.php\/2024\/11\/13\/franjo-mraz\/\" target=\"_self\"  style=\"height:200px\"><img loading=\"lazy\" decoding=\"async\" width=\"2268\" height=\"1979\" src=\"https:\/\/galerijakaptol.hr\/wp-content\/uploads\/2024\/11\/IMG_4135.jpeg\" class=\"attachment-post-thumbnail size-post-thumbnail wp-post-image\" alt=\"FRANJO MRAZ\" style=\"border-style:none;border-width:0px;height:200px;object-fit:cover;\" srcset=\"https:\/\/galerijakaptol.hr\/wp-content\/uploads\/2024\/11\/IMG_4135.jpeg 2268w, https:\/\/galerijakaptol.hr\/wp-content\/uploads\/2024\/11\/IMG_4135-300x262.jpeg 300w, https:\/\/galerijakaptol.hr\/wp-content\/uploads\/2024\/11\/IMG_4135-1024x894.jpeg 1024w, https:\/\/galerijakaptol.hr\/wp-content\/uploads\/2024\/11\/IMG_4135-768x670.jpeg 768w, https:\/\/galerijakaptol.hr\/wp-content\/uploads\/2024\/11\/IMG_4135-1536x1340.jpeg 1536w, https:\/\/galerijakaptol.hr\/wp-content\/uploads\/2024\/11\/IMG_4135-2048x1787.jpeg 2048w\" sizes=\"auto, (max-width: 2268px) 100vw, 2268px\" \/><\/a><\/figure>\n\n\n<div class=\"wp-block-columns is-not-stacked-on-mobile is-layout-flex wp-container-core-columns-is-layout-1b75516c wp-block-columns-is-layout-flex\">\n<div class=\"wp-block-column is-layout-flow wp-block-column-is-layout-flow\"><h2 style=\"font-style:normal;font-weight:400; margin-top:0.2em;\" class=\"has-text-align-center wp-block-post-title has-small-font-size has-system-font-font-family\"><a href=\"https:\/\/galerijakaptol.hr\/index.php\/2024\/11\/13\/franjo-mraz\/\" target=\"_self\" >FRANJO MRAZ<\/a><\/h2><\/div>\n<\/div>\n\n<\/li><li class=\"wp-block-post post-618 post type-post status-publish format-standard hentry category-uncategorized category-fundus\">\n\n\n\n<div class=\"wp-block-columns is-not-stacked-on-mobile is-layout-flex wp-container-core-columns-is-layout-1b75516c wp-block-columns-is-layout-flex\">\n<div class=\"wp-block-column is-layout-flow wp-block-column-is-layout-flow\"><h2 style=\"font-style:normal;font-weight:400; margin-top:0.2em;\" class=\"has-text-align-center wp-block-post-title has-small-font-size has-system-font-font-family\"><a href=\"https:\/\/galerijakaptol.hr\/index.php\/2023\/09\/20\/omer-mujadzic\/\" target=\"_self\" >OMER MUJAD\u017dI\u0106<\/a><\/h2><\/div>\n<\/div>\n\n<\/li><li class=\"wp-block-post post-386 post type-post status-publish format-standard has-post-thumbnail hentry category-fundus\">\n<figure style=\"width:100%;height:200px;\" class=\"wp-block-post-featured-image\"><a href=\"https:\/\/galerijakaptol.hr\/index.php\/2023\/09\/12\/ismar-mujezinovic\/\" target=\"_self\"  style=\"height:200px\"><img loading=\"lazy\" decoding=\"async\" width=\"624\" height=\"614\" src=\"https:\/\/galerijakaptol.hr\/wp-content\/uploads\/2023\/09\/ISMAR-MUJEZINOVIC-Ribari-izvlace-mrezu.jpg\" class=\"attachment-post-thumbnail size-post-thumbnail wp-post-image\" alt=\"ISMAR MUJEZINOVI\u0106\" style=\"border-style:none;border-width:0px;height:200px;object-fit:cover;\" srcset=\"https:\/\/galerijakaptol.hr\/wp-content\/uploads\/2023\/09\/ISMAR-MUJEZINOVIC-Ribari-izvlace-mrezu.jpg 624w, https:\/\/galerijakaptol.hr\/wp-content\/uploads\/2023\/09\/ISMAR-MUJEZINOVIC-Ribari-izvlace-mrezu-300x295.jpg 300w\" sizes=\"auto, (max-width: 624px) 100vw, 624px\" \/><\/a><\/figure>\n\n\n<div class=\"wp-block-columns is-not-stacked-on-mobile is-layout-flex wp-container-core-columns-is-layout-1b75516c wp-block-columns-is-layout-flex\">\n<div class=\"wp-block-column is-layout-flow wp-block-column-is-layout-flow\"><h2 style=\"font-style:normal;font-weight:400; margin-top:0.2em;\" class=\"has-text-align-center wp-block-post-title has-small-font-size has-system-font-font-family\"><a href=\"https:\/\/galerijakaptol.hr\/index.php\/2023\/09\/12\/ismar-mujezinovic\/\" target=\"_self\" >ISMAR MUJEZINOVI\u0106<\/a><\/h2><\/div>\n<\/div>\n\n<\/li><li class=\"wp-block-post post-312 post type-post status-publish format-standard has-post-thumbnail hentry category-fundus\">\n<figure style=\"width:100%;height:200px;\" class=\"wp-block-post-featured-image\"><a href=\"https:\/\/galerijakaptol.hr\/index.php\/2023\/09\/12\/edo-murtic\/\" target=\"_self\"  style=\"height:200px\"><img loading=\"lazy\" decoding=\"async\" width=\"917\" height=\"636\" src=\"https:\/\/galerijakaptol.hr\/wp-content\/uploads\/2026\/01\/IMG_5040-scaled-e1767775836931.png\" class=\"attachment-post-thumbnail size-post-thumbnail wp-post-image\" alt=\"EDO MURTI\u0106\" style=\"border-style:none;border-width:0px;height:200px;object-fit:cover;\" srcset=\"https:\/\/galerijakaptol.hr\/wp-content\/uploads\/2026\/01\/IMG_5040-scaled-e1767775836931.png 917w, https:\/\/galerijakaptol.hr\/wp-content\/uploads\/2026\/01\/IMG_5040-scaled-e1767775836931-300x208.png 300w, https:\/\/galerijakaptol.hr\/wp-content\/uploads\/2026\/01\/IMG_5040-scaled-e1767775836931-768x533.png 768w\" sizes=\"auto, (max-width: 917px) 100vw, 917px\" \/><\/a><\/figure>\n\n\n<div class=\"wp-block-columns is-not-stacked-on-mobile is-layout-flex wp-container-core-columns-is-layout-1b75516c wp-block-columns-is-layout-flex\">\n<div class=\"wp-block-column is-layout-flow wp-block-column-is-layout-flow\"><h2 style=\"font-style:normal;font-weight:400; margin-top:0.2em;\" class=\"has-text-align-center wp-block-post-title has-small-font-size has-system-font-font-family\"><a href=\"https:\/\/galerijakaptol.hr\/index.php\/2023\/09\/12\/edo-murtic\/\" target=\"_self\" >EDO MURTI\u0106<\/a><\/h2><\/div>\n<\/div>\n\n<\/li><li class=\"wp-block-post post-652 post type-post status-publish format-standard has-post-thumbnail hentry category-fundus\">\n<figure style=\"width:100%;height:200px;\" class=\"wp-block-post-featured-image\"><a href=\"https:\/\/galerijakaptol.hr\/index.php\/2023\/09\/20\/sofija-naletilic-penavusa\/\" target=\"_self\"  style=\"height:200px\"><img loading=\"lazy\" decoding=\"async\" width=\"624\" height=\"468\" src=\"https:\/\/galerijakaptol.hr\/wp-content\/uploads\/2023\/09\/SOFIJA-NALETILIC-PENAVUSA-Penavuse.jpg\" class=\"attachment-post-thumbnail size-post-thumbnail wp-post-image\" alt=\"SOFIJA NALETILI\u0106 PENAVU\u0160A\" style=\"border-style:none;border-width:0px;height:200px;object-fit:cover;\" srcset=\"https:\/\/galerijakaptol.hr\/wp-content\/uploads\/2023\/09\/SOFIJA-NALETILIC-PENAVUSA-Penavuse.jpg 624w, https:\/\/galerijakaptol.hr\/wp-content\/uploads\/2023\/09\/SOFIJA-NALETILIC-PENAVUSA-Penavuse-300x225.jpg 300w\" sizes=\"auto, (max-width: 624px) 100vw, 624px\" \/><\/a><\/figure>\n\n\n<div class=\"wp-block-columns is-not-stacked-on-mobile is-layout-flex wp-container-core-columns-is-layout-1b75516c wp-block-columns-is-layout-flex\">\n<div class=\"wp-block-column is-layout-flow wp-block-column-is-layout-flow\"><h2 style=\"font-style:normal;font-weight:400; margin-top:0.2em;\" class=\"has-text-align-center wp-block-post-title has-small-font-size has-system-font-font-family\"><a href=\"https:\/\/galerijakaptol.hr\/index.php\/2023\/09\/20\/sofija-naletilic-penavusa\/\" target=\"_self\" >SOFIJA NALETILI\u0106 PENAVU\u0160A<\/a><\/h2><\/div>\n<\/div>\n\n<\/li><li class=\"wp-block-post post-655 post type-post status-publish format-standard has-post-thumbnail hentry category-fundus\">\n<figure style=\"width:100%;height:200px;\" class=\"wp-block-post-featured-image\"><a href=\"https:\/\/galerijakaptol.hr\/index.php\/2023\/09\/20\/stipe-nobilo\/\" target=\"_self\"  style=\"height:200px\"><img loading=\"lazy\" decoding=\"async\" width=\"1798\" height=\"1340\" src=\"https:\/\/galerijakaptol.hr\/wp-content\/uploads\/2025\/07\/ec797661-5f51-45d6-a87f-f68db1691f4e.jpeg\" class=\"attachment-post-thumbnail size-post-thumbnail wp-post-image\" alt=\"STIPE NOBILO\" style=\"border-style:none;border-width:0px;height:200px;object-fit:cover;\" srcset=\"https:\/\/galerijakaptol.hr\/wp-content\/uploads\/2025\/07\/ec797661-5f51-45d6-a87f-f68db1691f4e.jpeg 1798w, https:\/\/galerijakaptol.hr\/wp-content\/uploads\/2025\/07\/ec797661-5f51-45d6-a87f-f68db1691f4e-300x224.jpeg 300w, https:\/\/galerijakaptol.hr\/wp-content\/uploads\/2025\/07\/ec797661-5f51-45d6-a87f-f68db1691f4e-1024x763.jpeg 1024w, https:\/\/galerijakaptol.hr\/wp-content\/uploads\/2025\/07\/ec797661-5f51-45d6-a87f-f68db1691f4e-768x572.jpeg 768w, https:\/\/galerijakaptol.hr\/wp-content\/uploads\/2025\/07\/ec797661-5f51-45d6-a87f-f68db1691f4e-1536x1145.jpeg 1536w\" sizes=\"auto, (max-width: 1798px) 100vw, 1798px\" \/><\/a><\/figure>\n\n\n<div class=\"wp-block-columns is-not-stacked-on-mobile is-layout-flex wp-container-core-columns-is-layout-1b75516c wp-block-columns-is-layout-flex\">\n<div class=\"wp-block-column is-layout-flow wp-block-column-is-layout-flow\"><h2 style=\"font-style:normal;font-weight:400; margin-top:0.2em;\" class=\"has-text-align-center wp-block-post-title has-small-font-size has-system-font-font-family\"><a href=\"https:\/\/galerijakaptol.hr\/index.php\/2023\/09\/20\/stipe-nobilo\/\" target=\"_self\" >STIPE NOBILO<\/a><\/h2><\/div>\n<\/div>\n\n<\/li><li class=\"wp-block-post post-765 post type-post status-publish format-standard has-post-thumbnail hentry category-fundus\">\n<figure style=\"width:100%;height:200px;\" class=\"wp-block-post-featured-image\"><a href=\"https:\/\/galerijakaptol.hr\/index.php\/2023\/09\/20\/zoltan-novak\/\" target=\"_self\"  style=\"height:200px\"><img loading=\"lazy\" decoding=\"async\" width=\"2550\" height=\"2560\" src=\"https:\/\/galerijakaptol.hr\/wp-content\/uploads\/2025\/05\/IMG_3729-scaled.jpeg\" class=\"attachment-post-thumbnail size-post-thumbnail wp-post-image\" alt=\"ZOLTAN NOVAK\" style=\"border-style:none;border-width:0px;height:200px;object-fit:cover;\" srcset=\"https:\/\/galerijakaptol.hr\/wp-content\/uploads\/2025\/05\/IMG_3729-scaled.jpeg 2550w, https:\/\/galerijakaptol.hr\/wp-content\/uploads\/2025\/05\/IMG_3729-300x300.jpeg 300w, https:\/\/galerijakaptol.hr\/wp-content\/uploads\/2025\/05\/IMG_3729-1020x1024.jpeg 1020w, https:\/\/galerijakaptol.hr\/wp-content\/uploads\/2025\/05\/IMG_3729-250x250.jpeg 250w, https:\/\/galerijakaptol.hr\/wp-content\/uploads\/2025\/05\/IMG_3729-768x771.jpeg 768w, https:\/\/galerijakaptol.hr\/wp-content\/uploads\/2025\/05\/IMG_3729-1530x1536.jpeg 1530w, https:\/\/galerijakaptol.hr\/wp-content\/uploads\/2025\/05\/IMG_3729-2040x2048.jpeg 2040w, https:\/\/galerijakaptol.hr\/wp-content\/uploads\/2025\/05\/IMG_3729-150x150.jpeg 150w\" sizes=\"auto, (max-width: 2550px) 100vw, 2550px\" \/><\/a><\/figure>\n\n\n<div class=\"wp-block-columns is-not-stacked-on-mobile is-layout-flex wp-container-core-columns-is-layout-1b75516c wp-block-columns-is-layout-flex\">\n<div class=\"wp-block-column is-layout-flow wp-block-column-is-layout-flow\"><h2 style=\"font-style:normal;font-weight:400; margin-top:0.2em;\" class=\"has-text-align-center wp-block-post-title has-small-font-size has-system-font-font-family\"><a href=\"https:\/\/galerijakaptol.hr\/index.php\/2023\/09\/20\/zoltan-novak\/\" target=\"_self\" >ZOLTAN NOVAK<\/a><\/h2><\/div>\n<\/div>\n\n<\/li><li class=\"wp-block-post post-382 post type-post status-publish format-standard has-post-thumbnail hentry category-fundus\">\n<figure style=\"width:100%;height:200px;\" class=\"wp-block-post-featured-image\"><a href=\"https:\/\/galerijakaptol.hr\/index.php\/2023\/09\/12\/ignacio-nunez-soler\/\" target=\"_self\"  style=\"height:200px\"><img loading=\"lazy\" decoding=\"async\" width=\"624\" height=\"466\" src=\"https:\/\/galerijakaptol.hr\/wp-content\/uploads\/2023\/09\/IGNACIO-NUNEZ-SOLER-Krajolik-u-Asunicionu.jpg\" class=\"attachment-post-thumbnail size-post-thumbnail wp-post-image\" alt=\"IGNACIO N\u00da\u00d1EZ SOLER\" style=\"border-style:none;border-width:0px;height:200px;object-fit:cover;\" srcset=\"https:\/\/galerijakaptol.hr\/wp-content\/uploads\/2023\/09\/IGNACIO-NUNEZ-SOLER-Krajolik-u-Asunicionu.jpg 624w, https:\/\/galerijakaptol.hr\/wp-content\/uploads\/2023\/09\/IGNACIO-NUNEZ-SOLER-Krajolik-u-Asunicionu-300x224.jpg 300w\" sizes=\"auto, (max-width: 624px) 100vw, 624px\" \/><\/a><\/figure>\n\n\n<div class=\"wp-block-columns is-not-stacked-on-mobile is-layout-flex wp-container-core-columns-is-layout-1b75516c wp-block-columns-is-layout-flex\">\n<div class=\"wp-block-column is-layout-flow wp-block-column-is-layout-flow\"><h2 style=\"font-style:normal;font-weight:400; margin-top:0.2em;\" class=\"has-text-align-center wp-block-post-title has-small-font-size has-system-font-font-family\"><a href=\"https:\/\/galerijakaptol.hr\/index.php\/2023\/09\/12\/ignacio-nunez-soler\/\" target=\"_self\" >IGNACIO N\u00da\u00d1EZ SOLER<\/a><\/h2><\/div>\n<\/div>\n\n<\/li><li class=\"wp-block-post post-1069 post type-post status-publish format-standard hentry category-fundus\">\n\n\n\n<div class=\"wp-block-columns is-not-stacked-on-mobile is-layout-flex wp-container-core-columns-is-layout-1b75516c wp-block-columns-is-layout-flex\">\n<div class=\"wp-block-column is-layout-flow wp-block-column-is-layout-flow\"><h2 style=\"font-style:normal;font-weight:400; margin-top:0.2em;\" class=\"has-text-align-center wp-block-post-title has-small-font-size has-system-font-font-family\"><a href=\"https:\/\/galerijakaptol.hr\/index.php\/2023\/10\/04\/oreb-izvor-2\/\" target=\"_self\" >IZVOR OREB<\/a><\/h2><\/div>\n<\/div>\n\n<\/li><li class=\"wp-block-post post-256 post type-post status-publish format-standard has-post-thumbnail hentry category-fundus\">\n<figure style=\"width:100%;height:200px;\" class=\"wp-block-post-featured-image\"><a href=\"https:\/\/galerijakaptol.hr\/index.php\/2023\/09\/12\/dario-orioli\/\" target=\"_self\"  style=\"height:200px\"><img loading=\"lazy\" decoding=\"async\" width=\"428\" height=\"298\" src=\"https:\/\/galerijakaptol.hr\/wp-content\/uploads\/2023\/09\/DARIO-ORIOLI-Kazalisna-kavana.jpg\" class=\"attachment-post-thumbnail size-post-thumbnail wp-post-image\" alt=\"DARIO ORIOLI\" style=\"border-style:none;border-width:0px;height:200px;object-fit:cover;\" srcset=\"https:\/\/galerijakaptol.hr\/wp-content\/uploads\/2023\/09\/DARIO-ORIOLI-Kazalisna-kavana.jpg 428w, https:\/\/galerijakaptol.hr\/wp-content\/uploads\/2023\/09\/DARIO-ORIOLI-Kazalisna-kavana-300x209.jpg 300w\" sizes=\"auto, (max-width: 428px) 100vw, 428px\" \/><\/a><\/figure>\n\n\n<div class=\"wp-block-columns is-not-stacked-on-mobile is-layout-flex wp-container-core-columns-is-layout-1b75516c wp-block-columns-is-layout-flex\">\n<div class=\"wp-block-column is-layout-flow wp-block-column-is-layout-flow\"><h2 style=\"font-style:normal;font-weight:400; margin-top:0.2em;\" class=\"has-text-align-center wp-block-post-title has-small-font-size has-system-font-font-family\"><a href=\"https:\/\/galerijakaptol.hr\/index.php\/2023\/09\/12\/dario-orioli\/\" target=\"_self\" >DARIO ORIOLI<\/a><\/h2><\/div>\n<\/div>\n\n<\/li><li class=\"wp-block-post post-3890 post type-post status-publish format-standard has-post-thumbnail hentry category-fundus\">\n<figure style=\"width:100%;height:200px;\" class=\"wp-block-post-featured-image\"><a href=\"https:\/\/galerijakaptol.hr\/index.php\/2025\/07\/15\/dalibor-parac\/\" target=\"_self\"  style=\"height:200px\"><img loading=\"lazy\" decoding=\"async\" width=\"1641\" height=\"1163\" src=\"https:\/\/galerijakaptol.hr\/wp-content\/uploads\/2025\/07\/48ef4e7b-105e-48e5-a4f5-0436fe835c90.jpeg\" class=\"attachment-post-thumbnail size-post-thumbnail wp-post-image\" alt=\"DALIBOR PARA\u0106\" style=\"border-style:none;border-width:0px;height:200px;object-fit:cover;\" srcset=\"https:\/\/galerijakaptol.hr\/wp-content\/uploads\/2025\/07\/48ef4e7b-105e-48e5-a4f5-0436fe835c90.jpeg 1641w, https:\/\/galerijakaptol.hr\/wp-content\/uploads\/2025\/07\/48ef4e7b-105e-48e5-a4f5-0436fe835c90-300x213.jpeg 300w, https:\/\/galerijakaptol.hr\/wp-content\/uploads\/2025\/07\/48ef4e7b-105e-48e5-a4f5-0436fe835c90-1024x726.jpeg 1024w, https:\/\/galerijakaptol.hr\/wp-content\/uploads\/2025\/07\/48ef4e7b-105e-48e5-a4f5-0436fe835c90-768x544.jpeg 768w, https:\/\/galerijakaptol.hr\/wp-content\/uploads\/2025\/07\/48ef4e7b-105e-48e5-a4f5-0436fe835c90-1536x1089.jpeg 1536w\" sizes=\"auto, (max-width: 1641px) 100vw, 1641px\" \/><\/a><\/figure>\n\n\n<div class=\"wp-block-columns is-not-stacked-on-mobile is-layout-flex wp-container-core-columns-is-layout-1b75516c wp-block-columns-is-layout-flex\">\n<div class=\"wp-block-column is-layout-flow wp-block-column-is-layout-flow\"><h2 style=\"font-style:normal;font-weight:400; margin-top:0.2em;\" class=\"has-text-align-center wp-block-post-title has-small-font-size has-system-font-font-family\"><a href=\"https:\/\/galerijakaptol.hr\/index.php\/2025\/07\/15\/dalibor-parac\/\" target=\"_self\" >DALIBOR PARA\u0106<\/a><\/h2><\/div>\n<\/div>\n\n<\/li><li class=\"wp-block-post post-4129 post type-post status-publish format-standard has-post-thumbnail hentry category-uncategorized category-fundus\">\n<figure style=\"width:100%;height:200px;\" class=\"wp-block-post-featured-image\"><a href=\"https:\/\/galerijakaptol.hr\/index.php\/2025\/10\/29\/lydia-patafta\/\" target=\"_self\"  style=\"height:200px\"><img loading=\"lazy\" decoding=\"async\" width=\"2560\" height=\"2541\" src=\"https:\/\/galerijakaptol.hr\/wp-content\/uploads\/2025\/10\/IMG_2042-scaled.jpeg\" class=\"attachment-post-thumbnail size-post-thumbnail wp-post-image\" alt=\"LYDIA PATAFTA\" style=\"border-style:none;border-width:0px;height:200px;object-fit:cover;\" srcset=\"https:\/\/galerijakaptol.hr\/wp-content\/uploads\/2025\/10\/IMG_2042-scaled.jpeg 2560w, https:\/\/galerijakaptol.hr\/wp-content\/uploads\/2025\/10\/IMG_2042-300x298.jpeg 300w, https:\/\/galerijakaptol.hr\/wp-content\/uploads\/2025\/10\/IMG_2042-1024x1016.jpeg 1024w, https:\/\/galerijakaptol.hr\/wp-content\/uploads\/2025\/10\/IMG_2042-768x762.jpeg 768w, https:\/\/galerijakaptol.hr\/wp-content\/uploads\/2025\/10\/IMG_2042-1536x1525.jpeg 1536w, https:\/\/galerijakaptol.hr\/wp-content\/uploads\/2025\/10\/IMG_2042-2048x2033.jpeg 2048w, https:\/\/galerijakaptol.hr\/wp-content\/uploads\/2025\/10\/IMG_2042-150x150.jpeg 150w\" sizes=\"auto, (max-width: 2560px) 100vw, 2560px\" \/><\/a><\/figure>\n\n\n<div class=\"wp-block-columns is-not-stacked-on-mobile is-layout-flex wp-container-core-columns-is-layout-1b75516c wp-block-columns-is-layout-flex\">\n<div class=\"wp-block-column is-layout-flow wp-block-column-is-layout-flow\"><h2 style=\"font-style:normal;font-weight:400; margin-top:0.2em;\" class=\"has-text-align-center wp-block-post-title has-small-font-size has-system-font-font-family\"><a href=\"https:\/\/galerijakaptol.hr\/index.php\/2025\/10\/29\/lydia-patafta\/\" target=\"_self\" >LYDIA PATAFTA<\/a><\/h2><\/div>\n<\/div>\n\n<\/li><li class=\"wp-block-post post-4040 post type-post status-publish format-standard has-post-thumbnail hentry category-uncategorized category-fundus\">\n<figure style=\"width:100%;height:200px;\" class=\"wp-block-post-featured-image\"><a href=\"https:\/\/galerijakaptol.hr\/index.php\/2025\/10\/24\/ljubomir-percinlic\/\" target=\"_self\"  style=\"height:200px\"><img loading=\"lazy\" decoding=\"async\" width=\"2560\" height=\"1954\" src=\"https:\/\/galerijakaptol.hr\/wp-content\/uploads\/2025\/10\/IMG_1726-scaled.jpeg\" class=\"attachment-post-thumbnail size-post-thumbnail wp-post-image\" alt=\"LJUBOMIR PER\u010cINLI\u0106\" style=\"border-style:none;border-width:0px;height:200px;object-fit:cover;\" srcset=\"https:\/\/galerijakaptol.hr\/wp-content\/uploads\/2025\/10\/IMG_1726-scaled.jpeg 2560w, https:\/\/galerijakaptol.hr\/wp-content\/uploads\/2025\/10\/IMG_1726-300x229.jpeg 300w, https:\/\/galerijakaptol.hr\/wp-content\/uploads\/2025\/10\/IMG_1726-1024x781.jpeg 1024w, https:\/\/galerijakaptol.hr\/wp-content\/uploads\/2025\/10\/IMG_1726-768x586.jpeg 768w, https:\/\/galerijakaptol.hr\/wp-content\/uploads\/2025\/10\/IMG_1726-1536x1172.jpeg 1536w, https:\/\/galerijakaptol.hr\/wp-content\/uploads\/2025\/10\/IMG_1726-2048x1563.jpeg 2048w\" sizes=\"auto, (max-width: 2560px) 100vw, 2560px\" \/><\/a><\/figure>\n\n\n<div class=\"wp-block-columns is-not-stacked-on-mobile is-layout-flex wp-container-core-columns-is-layout-1b75516c wp-block-columns-is-layout-flex\">\n<div class=\"wp-block-column is-layout-flow wp-block-column-is-layout-flow\"><h2 style=\"font-style:normal;font-weight:400; margin-top:0.2em;\" class=\"has-text-align-center wp-block-post-title has-small-font-size has-system-font-font-family\"><a href=\"https:\/\/galerijakaptol.hr\/index.php\/2025\/10\/24\/ljubomir-percinlic\/\" target=\"_self\" >LJUBOMIR PER\u010cINLI\u0106<\/a><\/h2><\/div>\n<\/div>\n\n<\/li><li class=\"wp-block-post post-675 post type-post status-publish format-standard has-post-thumbnail hentry category-fundus\">\n<figure style=\"width:100%;height:200px;\" class=\"wp-block-post-featured-image\"><a href=\"https:\/\/galerijakaptol.hr\/index.php\/2023\/09\/20\/tonka-petric\/\" target=\"_self\"  style=\"height:200px\"><img loading=\"lazy\" decoding=\"async\" width=\"404\" height=\"501\" src=\"https:\/\/galerijakaptol.hr\/wp-content\/uploads\/2023\/09\/TONKA-PETRIC-Bez-naziva-4.jpg\" class=\"attachment-post-thumbnail size-post-thumbnail wp-post-image\" alt=\"TONKA PETRI\u0106\" style=\"border-style:none;border-width:0px;height:200px;object-fit:cover;\" srcset=\"https:\/\/galerijakaptol.hr\/wp-content\/uploads\/2023\/09\/TONKA-PETRIC-Bez-naziva-4.jpg 404w, https:\/\/galerijakaptol.hr\/wp-content\/uploads\/2023\/09\/TONKA-PETRIC-Bez-naziva-4-242x300.jpg 242w\" sizes=\"auto, (max-width: 404px) 100vw, 404px\" \/><\/a><\/figure>\n\n\n<div class=\"wp-block-columns is-not-stacked-on-mobile is-layout-flex wp-container-core-columns-is-layout-1b75516c wp-block-columns-is-layout-flex\">\n<div class=\"wp-block-column is-layout-flow wp-block-column-is-layout-flow\"><h2 style=\"font-style:normal;font-weight:400; margin-top:0.2em;\" class=\"has-text-align-center wp-block-post-title has-small-font-size has-system-font-font-family\"><a href=\"https:\/\/galerijakaptol.hr\/index.php\/2023\/09\/20\/tonka-petric\/\" target=\"_self\" >TONKA PETRI\u0106<\/a><\/h2><\/div>\n<\/div>\n\n<\/li><li class=\"wp-block-post post-275 post type-post status-publish format-standard has-post-thumbnail hentry category-fundus\">\n<figure style=\"width:100%;height:200px;\" class=\"wp-block-post-featured-image\"><a href=\"https:\/\/galerijakaptol.hr\/index.php\/2023\/09\/12\/dimitrije-popovic\/\" target=\"_self\"  style=\"height:200px\"><img loading=\"lazy\" decoding=\"async\" width=\"362\" height=\"492\" src=\"https:\/\/galerijakaptol.hr\/wp-content\/uploads\/2023\/09\/DIMITRIJE-POPOVIC-MM.jpg\" class=\"attachment-post-thumbnail size-post-thumbnail wp-post-image\" alt=\"DIMITRIJE POPOVI\u0106\" style=\"border-style:none;border-width:0px;height:200px;object-fit:cover;\" srcset=\"https:\/\/galerijakaptol.hr\/wp-content\/uploads\/2023\/09\/DIMITRIJE-POPOVIC-MM.jpg 362w, https:\/\/galerijakaptol.hr\/wp-content\/uploads\/2023\/09\/DIMITRIJE-POPOVIC-MM-221x300.jpg 221w\" sizes=\"auto, (max-width: 362px) 100vw, 362px\" \/><\/a><\/figure>\n\n\n<div class=\"wp-block-columns is-not-stacked-on-mobile is-layout-flex wp-container-core-columns-is-layout-1b75516c wp-block-columns-is-layout-flex\">\n<div class=\"wp-block-column is-layout-flow wp-block-column-is-layout-flow\"><h2 style=\"font-style:normal;font-weight:400; margin-top:0.2em;\" class=\"has-text-align-center wp-block-post-title has-small-font-size has-system-font-font-family\"><a href=\"https:\/\/galerijakaptol.hr\/index.php\/2023\/09\/12\/dimitrije-popovic\/\" target=\"_self\" >DIMITRIJE POPOVI\u0106<\/a><\/h2><\/div>\n<\/div>\n\n<\/li><li class=\"wp-block-post post-625 post type-post status-publish format-standard has-post-thumbnail hentry category-fundus\">\n<figure style=\"width:100%;height:200px;\" class=\"wp-block-post-featured-image\"><a href=\"https:\/\/galerijakaptol.hr\/index.php\/2023\/09\/20\/oton-postruznik\/\" target=\"_self\"  style=\"height:200px\"><img loading=\"lazy\" decoding=\"async\" width=\"598\" height=\"362\" src=\"https:\/\/galerijakaptol.hr\/wp-content\/uploads\/2023\/09\/OTON-POSTRUZNIK-Cvijece.jpg\" class=\"attachment-post-thumbnail size-post-thumbnail wp-post-image\" alt=\"OTON POSTRU\u017dNIK\" style=\"border-style:none;border-width:0px;height:200px;object-fit:cover;\" srcset=\"https:\/\/galerijakaptol.hr\/wp-content\/uploads\/2023\/09\/OTON-POSTRUZNIK-Cvijece.jpg 598w, https:\/\/galerijakaptol.hr\/wp-content\/uploads\/2023\/09\/OTON-POSTRUZNIK-Cvijece-300x182.jpg 300w\" sizes=\"auto, (max-width: 598px) 100vw, 598px\" \/><\/a><\/figure>\n\n\n<div class=\"wp-block-columns is-not-stacked-on-mobile is-layout-flex wp-container-core-columns-is-layout-1b75516c wp-block-columns-is-layout-flex\">\n<div class=\"wp-block-column is-layout-flow wp-block-column-is-layout-flow\"><h2 style=\"font-style:normal;font-weight:400; margin-top:0.2em;\" class=\"has-text-align-center wp-block-post-title has-small-font-size has-system-font-font-family\"><a href=\"https:\/\/galerijakaptol.hr\/index.php\/2023\/09\/20\/oton-postruznik\/\" target=\"_self\" >OTON POSTRU\u017dNIK<\/a><\/h2><\/div>\n<\/div>\n\n<\/li><li class=\"wp-block-post post-410 post type-post status-publish format-standard has-post-thumbnail hentry category-fundus\">\n<figure style=\"width:100%;height:200px;\" class=\"wp-block-post-featured-image\"><a href=\"https:\/\/galerijakaptol.hr\/index.php\/2023\/09\/12\/ivan-rabuzin\/\" target=\"_self\"  style=\"height:200px\"><img loading=\"lazy\" decoding=\"async\" width=\"2407\" height=\"1848\" src=\"https:\/\/galerijakaptol.hr\/wp-content\/uploads\/2025\/06\/IMG_4665.jpeg\" class=\"attachment-post-thumbnail size-post-thumbnail wp-post-image\" alt=\"IVAN RABUZIN\" style=\"border-style:none;border-width:0px;height:200px;object-fit:cover;\" srcset=\"https:\/\/galerijakaptol.hr\/wp-content\/uploads\/2025\/06\/IMG_4665.jpeg 2407w, https:\/\/galerijakaptol.hr\/wp-content\/uploads\/2025\/06\/IMG_4665-300x230.jpeg 300w, https:\/\/galerijakaptol.hr\/wp-content\/uploads\/2025\/06\/IMG_4665-1024x786.jpeg 1024w, https:\/\/galerijakaptol.hr\/wp-content\/uploads\/2025\/06\/IMG_4665-768x590.jpeg 768w, https:\/\/galerijakaptol.hr\/wp-content\/uploads\/2025\/06\/IMG_4665-1536x1179.jpeg 1536w, https:\/\/galerijakaptol.hr\/wp-content\/uploads\/2025\/06\/IMG_4665-2048x1572.jpeg 2048w\" sizes=\"auto, (max-width: 2407px) 100vw, 2407px\" \/><\/a><\/figure>\n\n\n<div class=\"wp-block-columns is-not-stacked-on-mobile is-layout-flex wp-container-core-columns-is-layout-1b75516c wp-block-columns-is-layout-flex\">\n<div class=\"wp-block-column is-layout-flow wp-block-column-is-layout-flow\"><h2 style=\"font-style:normal;font-weight:400; margin-top:0.2em;\" class=\"has-text-align-center wp-block-post-title has-small-font-size has-system-font-font-family\"><a href=\"https:\/\/galerijakaptol.hr\/index.php\/2023\/09\/12\/ivan-rabuzin\/\" target=\"_self\" >IVAN RABUZIN<\/a><\/h2><\/div>\n<\/div>\n\n<\/li><li class=\"wp-block-post post-2740 post type-post status-publish format-standard has-post-thumbnail hentry category-fundus\">\n<figure style=\"width:100%;height:200px;\" class=\"wp-block-post-featured-image\"><a href=\"https:\/\/galerijakaptol.hr\/index.php\/2024\/06\/18\/frane-radak\/\" target=\"_self\"  style=\"height:200px\"><img loading=\"lazy\" decoding=\"async\" width=\"1087\" height=\"1331\" src=\"https:\/\/galerijakaptol.hr\/wp-content\/uploads\/2024\/06\/WhatsApp-Image-2024-06-18-at-11.35.59.jpeg\" class=\"attachment-post-thumbnail size-post-thumbnail wp-post-image\" alt=\"FRANE RADAK\" style=\"border-style:none;border-width:0px;height:200px;object-fit:cover;\" srcset=\"https:\/\/galerijakaptol.hr\/wp-content\/uploads\/2024\/06\/WhatsApp-Image-2024-06-18-at-11.35.59.jpeg 1087w, https:\/\/galerijakaptol.hr\/wp-content\/uploads\/2024\/06\/WhatsApp-Image-2024-06-18-at-11.35.59-245x300.jpeg 245w, https:\/\/galerijakaptol.hr\/wp-content\/uploads\/2024\/06\/WhatsApp-Image-2024-06-18-at-11.35.59-836x1024.jpeg 836w, https:\/\/galerijakaptol.hr\/wp-content\/uploads\/2024\/06\/WhatsApp-Image-2024-06-18-at-11.35.59-768x940.jpeg 768w\" sizes=\"auto, (max-width: 1087px) 100vw, 1087px\" \/><\/a><\/figure>\n\n\n<div class=\"wp-block-columns is-not-stacked-on-mobile is-layout-flex wp-container-core-columns-is-layout-1b75516c wp-block-columns-is-layout-flex\">\n<div class=\"wp-block-column is-layout-flow wp-block-column-is-layout-flow\"><h2 style=\"font-style:normal;font-weight:400; margin-top:0.2em;\" class=\"has-text-align-center wp-block-post-title has-small-font-size has-system-font-font-family\"><a href=\"https:\/\/galerijakaptol.hr\/index.php\/2024\/06\/18\/frane-radak\/\" target=\"_self\" >FRANE RADAK<\/a><\/h2><\/div>\n<\/div>\n\n<\/li><li class=\"wp-block-post post-720 post type-post status-publish format-standard has-post-thumbnail hentry category-fundus\">\n<figure style=\"width:100%;height:200px;\" class=\"wp-block-post-featured-image\"><a href=\"https:\/\/galerijakaptol.hr\/index.php\/2023\/09\/20\/vjekoslav-vojo-radoicic\/\" target=\"_self\"  style=\"height:200px\"><img loading=\"lazy\" decoding=\"async\" width=\"2560\" height=\"2131\" src=\"https:\/\/galerijakaptol.hr\/wp-content\/uploads\/2026\/03\/IMG_7694-scaled.jpeg\" class=\"attachment-post-thumbnail size-post-thumbnail wp-post-image\" alt=\"VJEKOSLAV VOJO RADOI\u010cI\u0106\" style=\"border-style:none;border-width:0px;height:200px;object-fit:cover;\" srcset=\"https:\/\/galerijakaptol.hr\/wp-content\/uploads\/2026\/03\/IMG_7694-scaled.jpeg 2560w, https:\/\/galerijakaptol.hr\/wp-content\/uploads\/2026\/03\/IMG_7694-300x250.jpeg 300w, https:\/\/galerijakaptol.hr\/wp-content\/uploads\/2026\/03\/IMG_7694-1024x852.jpeg 1024w, https:\/\/galerijakaptol.hr\/wp-content\/uploads\/2026\/03\/IMG_7694-768x639.jpeg 768w, https:\/\/galerijakaptol.hr\/wp-content\/uploads\/2026\/03\/IMG_7694-1536x1279.jpeg 1536w, https:\/\/galerijakaptol.hr\/wp-content\/uploads\/2026\/03\/IMG_7694-2048x1705.jpeg 2048w\" sizes=\"auto, (max-width: 2560px) 100vw, 2560px\" \/><\/a><\/figure>\n\n\n<div class=\"wp-block-columns is-not-stacked-on-mobile is-layout-flex wp-container-core-columns-is-layout-1b75516c wp-block-columns-is-layout-flex\">\n<div class=\"wp-block-column is-layout-flow wp-block-column-is-layout-flow\"><h2 style=\"font-style:normal;font-weight:400; margin-top:0.2em;\" class=\"has-text-align-center wp-block-post-title has-small-font-size has-system-font-font-family\"><a href=\"https:\/\/galerijakaptol.hr\/index.php\/2023\/09\/20\/vjekoslav-vojo-radoicic\/\" target=\"_self\" >VJEKOSLAV VOJO RADOI\u010cI\u0106<\/a><\/h2><\/div>\n<\/div>\n\n<\/li><li class=\"wp-block-post post-611 post type-post status-publish format-standard has-post-thumbnail hentry category-fundus\">\n<figure style=\"width:100%;height:200px;\" class=\"wp-block-post-featured-image\"><a href=\"https:\/\/galerijakaptol.hr\/index.php\/2023\/09\/20\/nikola-reiser\/\" target=\"_self\"  style=\"height:200px\"><img loading=\"lazy\" decoding=\"async\" width=\"383\" height=\"536\" src=\"https:\/\/galerijakaptol.hr\/wp-content\/uploads\/2023\/09\/NIKOLA-REISER-Cvijece-sa-livade.jpg\" class=\"attachment-post-thumbnail size-post-thumbnail wp-post-image\" alt=\"NIKOLA REISER\" style=\"border-style:none;border-width:0px;height:200px;object-fit:cover;\" srcset=\"https:\/\/galerijakaptol.hr\/wp-content\/uploads\/2023\/09\/NIKOLA-REISER-Cvijece-sa-livade.jpg 383w, https:\/\/galerijakaptol.hr\/wp-content\/uploads\/2023\/09\/NIKOLA-REISER-Cvijece-sa-livade-214x300.jpg 214w\" sizes=\"auto, (max-width: 383px) 100vw, 383px\" \/><\/a><\/figure>\n\n\n<div class=\"wp-block-columns is-not-stacked-on-mobile is-layout-flex wp-container-core-columns-is-layout-1b75516c wp-block-columns-is-layout-flex\">\n<div class=\"wp-block-column is-layout-flow wp-block-column-is-layout-flow\"><h2 style=\"font-style:normal;font-weight:400; margin-top:0.2em;\" class=\"has-text-align-center wp-block-post-title has-small-font-size has-system-font-font-family\"><a href=\"https:\/\/galerijakaptol.hr\/index.php\/2023\/09\/20\/nikola-reiser\/\" target=\"_self\" >NIKOLA REISER<\/a><\/h2><\/div>\n<\/div>\n\n<\/li><li class=\"wp-block-post post-213 post type-post status-publish format-standard has-post-thumbnail hentry category-fundus\">\n<figure style=\"width:100%;height:200px;\" class=\"wp-block-post-featured-image\"><a href=\"https:\/\/galerijakaptol.hr\/index.php\/2023\/09\/11\/branka-ridicki\/\" target=\"_self\"  style=\"height:200px\"><img loading=\"lazy\" decoding=\"async\" width=\"598\" height=\"600\" src=\"https:\/\/galerijakaptol.hr\/wp-content\/uploads\/2023\/09\/BRANKA-RIDICKI-Un-altra-orbita.jpg\" class=\"attachment-post-thumbnail size-post-thumbnail wp-post-image\" alt=\"BRANKA RI\u0110I\u010cKI\" style=\"border-style:none;border-width:0px;height:200px;object-fit:cover;\" srcset=\"https:\/\/galerijakaptol.hr\/wp-content\/uploads\/2023\/09\/BRANKA-RIDICKI-Un-altra-orbita.jpg 598w, https:\/\/galerijakaptol.hr\/wp-content\/uploads\/2023\/09\/BRANKA-RIDICKI-Un-altra-orbita-300x300.jpg 300w, https:\/\/galerijakaptol.hr\/wp-content\/uploads\/2023\/09\/BRANKA-RIDICKI-Un-altra-orbita-250x250.jpg 250w\" sizes=\"auto, (max-width: 598px) 100vw, 598px\" \/><\/a><\/figure>\n\n\n<div class=\"wp-block-columns is-not-stacked-on-mobile is-layout-flex wp-container-core-columns-is-layout-1b75516c wp-block-columns-is-layout-flex\">\n<div class=\"wp-block-column is-layout-flow wp-block-column-is-layout-flow\"><h2 style=\"font-style:normal;font-weight:400; margin-top:0.2em;\" class=\"has-text-align-center wp-block-post-title has-small-font-size has-system-font-font-family\"><a href=\"https:\/\/galerijakaptol.hr\/index.php\/2023\/09\/11\/branka-ridicki\/\" target=\"_self\" >BRANKA RI\u0110I\u010cKI<\/a><\/h2><\/div>\n<\/div>\n\n<\/li><li class=\"wp-block-post post-226 post type-post status-publish format-standard has-post-thumbnail hentry category-fundus\">\n<figure style=\"width:100%;height:200px;\" class=\"wp-block-post-featured-image\"><a href=\"https:\/\/galerijakaptol.hr\/index.php\/2023\/09\/11\/branko-ruzic\/\" target=\"_self\"  style=\"height:200px\"><img loading=\"lazy\" decoding=\"async\" width=\"428\" height=\"362\" src=\"https:\/\/galerijakaptol.hr\/wp-content\/uploads\/2023\/09\/BRANKO-RUZIC-Drvo.jpg\" class=\"attachment-post-thumbnail size-post-thumbnail wp-post-image\" alt=\"BRANKO RU\u017dI\u0106\" style=\"border-style:none;border-width:0px;height:200px;object-fit:cover;\" srcset=\"https:\/\/galerijakaptol.hr\/wp-content\/uploads\/2023\/09\/BRANKO-RUZIC-Drvo.jpg 428w, https:\/\/galerijakaptol.hr\/wp-content\/uploads\/2023\/09\/BRANKO-RUZIC-Drvo-300x254.jpg 300w\" sizes=\"auto, (max-width: 428px) 100vw, 428px\" \/><\/a><\/figure>\n\n\n<div class=\"wp-block-columns is-not-stacked-on-mobile is-layout-flex wp-container-core-columns-is-layout-1b75516c wp-block-columns-is-layout-flex\">\n<div class=\"wp-block-column is-layout-flow wp-block-column-is-layout-flow\"><h2 style=\"font-style:normal;font-weight:400; margin-top:0.2em;\" class=\"has-text-align-center wp-block-post-title has-small-font-size has-system-font-font-family\"><a href=\"https:\/\/galerijakaptol.hr\/index.php\/2023\/09\/11\/branko-ruzic\/\" target=\"_self\" >BRANKO RU\u017dI\u0106<\/a><\/h2><\/div>\n<\/div>\n\n<\/li><\/ul>\n\n\n<hr class=\"wp-block-separator has-css-opacity alignwide is-style-wide\"\/>\n\n\n<nav class=\"alignwide wp-block-query-pagination is-content-justification-space-between is-layout-flex wp-container-core-query-pagination-is-layout-b2891da8 wp-block-query-pagination-is-layout-flex\" aria-label=\"Numeriranje stranica\">\n\n\n<div class=\"wp-block-query-pagination-numbers\"><span aria-current=\"page\" class=\"page-numbers current\">1<\/span>\n<a class=\"page-numbers\" href=\"?query-209-page=2\">2<\/a><\/div>\n\n<a href=\"\/index.php\/wp-json\/wp\/v2\/pages\/132?query-209-page=2\" class=\"wp-block-query-pagination-next has-small-font-size\">Sljede\u0107a stranica<span class='wp-block-query-pagination-next-arrow is-arrow-arrow' aria-hidden='true'>\u2192<\/span><\/a>\n<\/nav><\/div>\n<\/div>\n<\/div>\n","protected":false},"excerpt":{"rendered":"","protected":false},"author":1,"featured_media":0,"parent":0,"menu_order":0,"comment_status":"closed","ping_status":"closed","template":"page-no-separators","meta":{"footnotes":""},"class_list":["post-132","page","type-page","status-publish","hentry"],"yoast_head":"<!-- This site is optimized with the Yoast SEO plugin v27.5 - https:\/\/yoast.com\/product\/yoast-seo-wordpress\/ -->\n<title>Fundus - Galerija umjetnina<\/title>\n<meta name=\"robots\" content=\"index, follow, max-snippet:-1, max-image-preview:large, max-video-preview:-1\" \/>\n<link rel=\"canonical\" href=\"https:\/\/galerijakaptol.hr\/index.php\/fundus\/\" \/>\n<link rel=\"next\" href=\"https:\/\/galerijakaptol.hr\/index.php\/fundus\/132?query-209-page=2\" \/>\n<meta property=\"og:locale\" content=\"hr_HR\" \/>\n<meta property=\"og:type\" content=\"article\" \/>\n<meta property=\"og:title\" content=\"Fundus - Galerija umjetnina\" \/>\n<meta property=\"og:url\" content=\"https:\/\/galerijakaptol.hr\/index.php\/fundus\/\" \/>\n<meta property=\"og:site_name\" content=\"Galerija umjetnina\" \/>\n<meta property=\"article:modified_time\" content=\"2023-10-17T18:44:42+00:00\" \/>\n<meta name=\"twitter:card\" content=\"summary_large_image\" \/>\n<script type=\"application\/ld+json\" class=\"yoast-schema-graph\">{\"@context\":\"https:\\\/\\\/schema.org\",\"@graph\":[{\"@type\":\"WebPage\",\"@id\":\"https:\\\/\\\/galerijakaptol.hr\\\/index.php\\\/fundus\\\/\",\"url\":\"https:\\\/\\\/galerijakaptol.hr\\\/index.php\\\/fundus\\\/\",\"name\":\"Fundus - Galerija umjetnina\",\"isPartOf\":{\"@id\":\"https:\\\/\\\/galerijakaptol.hr\\\/#website\"},\"datePublished\":\"2023-09-10T18:17:55+00:00\",\"dateModified\":\"2023-10-17T18:44:42+00:00\",\"breadcrumb\":{\"@id\":\"https:\\\/\\\/galerijakaptol.hr\\\/index.php\\\/fundus\\\/#breadcrumb\"},\"inLanguage\":\"hr\",\"potentialAction\":[{\"@type\":\"ReadAction\",\"target\":[\"https:\\\/\\\/galerijakaptol.hr\\\/index.php\\\/fundus\\\/\"]}]},{\"@type\":\"BreadcrumbList\",\"@id\":\"https:\\\/\\\/galerijakaptol.hr\\\/index.php\\\/fundus\\\/#breadcrumb\",\"itemListElement\":[{\"@type\":\"ListItem\",\"position\":1,\"name\":\"Po\u010detna stranica\",\"item\":\"https:\\\/\\\/galerijakaptol.hr\\\/\"},{\"@type\":\"ListItem\",\"position\":2,\"name\":\"Fundus\"}]},{\"@type\":\"WebSite\",\"@id\":\"https:\\\/\\\/galerijakaptol.hr\\\/#website\",\"url\":\"https:\\\/\\\/galerijakaptol.hr\\\/\",\"name\":\"Galerija umjetnina\",\"description\":\"\",\"publisher\":{\"@id\":\"https:\\\/\\\/galerijakaptol.hr\\\/#organization\"},\"potentialAction\":[{\"@type\":\"SearchAction\",\"target\":{\"@type\":\"EntryPoint\",\"urlTemplate\":\"https:\\\/\\\/galerijakaptol.hr\\\/?s={search_term_string}\"},\"query-input\":{\"@type\":\"PropertyValueSpecification\",\"valueRequired\":true,\"valueName\":\"search_term_string\"}}],\"inLanguage\":\"hr\"},{\"@type\":\"Organization\",\"@id\":\"https:\\\/\\\/galerijakaptol.hr\\\/#organization\",\"name\":\"Galerija umjetnina\",\"url\":\"https:\\\/\\\/galerijakaptol.hr\\\/\",\"logo\":{\"@type\":\"ImageObject\",\"inLanguage\":\"hr\",\"@id\":\"https:\\\/\\\/galerijakaptol.hr\\\/#\\\/schema\\\/logo\\\/image\\\/\",\"url\":\"https:\\\/\\\/galerijakaptol.hr\\\/wp-content\\\/uploads\\\/2023\\\/09\\\/logo-Kaptol-Galerija.png\",\"contentUrl\":\"https:\\\/\\\/galerijakaptol.hr\\\/wp-content\\\/uploads\\\/2023\\\/09\\\/logo-Kaptol-Galerija.png\",\"width\":342,\"height\":72,\"caption\":\"Galerija umjetnina\"},\"image\":{\"@id\":\"https:\\\/\\\/galerijakaptol.hr\\\/#\\\/schema\\\/logo\\\/image\\\/\"}}]}<\/script>\n<!-- \/ Yoast SEO plugin. -->","yoast_head_json":{"title":"Fundus - Galerija umjetnina","robots":{"index":"index","follow":"follow","max-snippet":"max-snippet:-1","max-image-preview":"max-image-preview:large","max-video-preview":"max-video-preview:-1"},"canonical":"https:\/\/galerijakaptol.hr\/index.php\/fundus\/","next":"https:\/\/galerijakaptol.hr\/index.php\/fundus\/132?query-209-page=2","og_locale":"hr_HR","og_type":"article","og_title":"Fundus - Galerija umjetnina","og_url":"https:\/\/galerijakaptol.hr\/index.php\/fundus\/","og_site_name":"Galerija umjetnina","article_modified_time":"2023-10-17T18:44:42+00:00","twitter_card":"summary_large_image","schema":{"@context":"https:\/\/schema.org","@graph":[{"@type":"WebPage","@id":"https:\/\/galerijakaptol.hr\/index.php\/fundus\/","url":"https:\/\/galerijakaptol.hr\/index.php\/fundus\/","name":"Fundus - Galerija umjetnina","isPartOf":{"@id":"https:\/\/galerijakaptol.hr\/#website"},"datePublished":"2023-09-10T18:17:55+00:00","dateModified":"2023-10-17T18:44:42+00:00","breadcrumb":{"@id":"https:\/\/galerijakaptol.hr\/index.php\/fundus\/#breadcrumb"},"inLanguage":"hr","potentialAction":[{"@type":"ReadAction","target":["https:\/\/galerijakaptol.hr\/index.php\/fundus\/"]}]},{"@type":"BreadcrumbList","@id":"https:\/\/galerijakaptol.hr\/index.php\/fundus\/#breadcrumb","itemListElement":[{"@type":"ListItem","position":1,"name":"Po\u010detna stranica","item":"https:\/\/galerijakaptol.hr\/"},{"@type":"ListItem","position":2,"name":"Fundus"}]},{"@type":"WebSite","@id":"https:\/\/galerijakaptol.hr\/#website","url":"https:\/\/galerijakaptol.hr\/","name":"Galerija umjetnina","description":"","publisher":{"@id":"https:\/\/galerijakaptol.hr\/#organization"},"potentialAction":[{"@type":"SearchAction","target":{"@type":"EntryPoint","urlTemplate":"https:\/\/galerijakaptol.hr\/?s={search_term_string}"},"query-input":{"@type":"PropertyValueSpecification","valueRequired":true,"valueName":"search_term_string"}}],"inLanguage":"hr"},{"@type":"Organization","@id":"https:\/\/galerijakaptol.hr\/#organization","name":"Galerija umjetnina","url":"https:\/\/galerijakaptol.hr\/","logo":{"@type":"ImageObject","inLanguage":"hr","@id":"https:\/\/galerijakaptol.hr\/#\/schema\/logo\/image\/","url":"https:\/\/galerijakaptol.hr\/wp-content\/uploads\/2023\/09\/logo-Kaptol-Galerija.png","contentUrl":"https:\/\/galerijakaptol.hr\/wp-content\/uploads\/2023\/09\/logo-Kaptol-Galerija.png","width":342,"height":72,"caption":"Galerija umjetnina"},"image":{"@id":"https:\/\/galerijakaptol.hr\/#\/schema\/logo\/image\/"}}]}},"jetpack_sharing_enabled":true,"_links":{"self":[{"href":"https:\/\/galerijakaptol.hr\/index.php\/wp-json\/wp\/v2\/pages\/132","targetHints":{"allow":["GET"]}}],"collection":[{"href":"https:\/\/galerijakaptol.hr\/index.php\/wp-json\/wp\/v2\/pages"}],"about":[{"href":"https:\/\/galerijakaptol.hr\/index.php\/wp-json\/wp\/v2\/types\/page"}],"author":[{"embeddable":true,"href":"https:\/\/galerijakaptol.hr\/index.php\/wp-json\/wp\/v2\/users\/1"}],"replies":[{"embeddable":true,"href":"https:\/\/galerijakaptol.hr\/index.php\/wp-json\/wp\/v2\/comments?post=132"}],"version-history":[{"count":33,"href":"https:\/\/galerijakaptol.hr\/index.php\/wp-json\/wp\/v2\/pages\/132\/revisions"}],"predecessor-version":[{"id":1316,"href":"https:\/\/galerijakaptol.hr\/index.php\/wp-json\/wp\/v2\/pages\/132\/revisions\/1316"}],"wp:attachment":[{"href":"https:\/\/galerijakaptol.hr\/index.php\/wp-json\/wp\/v2\/media?parent=132"}],"curies":[{"name":"wp","href":"https:\/\/api.w.org\/{rel}","templated":true}]}}