{"id":8,"date":"2023-09-10T14:34:25","date_gmt":"2023-09-10T14:34:25","guid":{"rendered":"https:\/\/galerijakaptol.hr\/?page_id=8"},"modified":"2023-10-02T09:37:38","modified_gmt":"2023-10-02T09:37:38","slug":"informacije","status":"publish","type":"page","link":"https:\/\/galerijakaptol.hr\/index.php\/informacije\/","title":{"rendered":"O nama"},"content":{"rendered":"<p style=\"text-align: left;\">Galerija Kaptol d.o.o.\u00a0 profitna je organizacija koja se bavi izlaga\u010dkom djelatno\u0161\u0107u, posredovanjem i trgovinom umjetni\u010dkim predmetima.<\/p>\n<p style=\"text-align: left;\">Galerija je osnovana\u00a01987. godine sa sjedi\u0161tem u Zagrebu, na adresi Kaptol 13, gdje se nalazi i danas. Od osnutka bavimo se \u017eivom izlaga\u010dkom djelatno\u0161\u010du umjetnika svih generacija.<\/p>\n<p>U galeriji \u00abKaptol\u00bb samostalno su izlagali : Antun Motika, Vilim Sve\u010dnjak, Ivo Dul\u010di\u0107, Matko Treboti\u0107, Vasko Lipovac, Mladen Ve\u017ea, Velimir Trnski, Jo\u017ee Ple\u010dnik, Antun Masle, Ji\u0159i Anderle, Vannetta Cavallotti, Munir Vejzovi\u0107, Branko Bahunek, Zlatko Prica, Boris Guina, \u0110uro Pulitika, Vojo Radoi\u010di\u0107, Omer Mujad\u017ei\u0107. Nekima od navedenih umjetnika prire\u0111ene su izlo\u017ebe i u vi\u0161e navrata, na primjer, Vasku Lipovcu i Voji Radoi\u010di\u0107u.<\/p>\n<p style=\"text-align: left;\">Uz izlaga\u010dku djelatnost, galerija se jedan period bavila i izdavanjem umjetni\u010dkih grafika. Grafi\u010dka mapa \u00abKrle\u017ein Gvozd\u00bb predstavljena je 1990. godine, a potom je producirano vi\u0161e grafi\u010dkih listova \u0110ure Pulitike, Stipe Nobila, Voje Radoi\u010di\u0107a i Bane Milenkovi\u0107a.<\/p>\n<p style=\"text-align: left;\">U na\u0161em fundusu nalazi se veliki broj radova najpoznatijih autora od po\u010detka 20-tog stolje\u0107a do danas. Dio fundusa koji je predstavljen na ovim stranicama redovito se a\u017eurira i predstavlja stvarno stanje u galeriji.<\/p>\n<p style=\"text-align: left;\">Galerija \u00abKaptol\u00bb imala je je svoje filijale u Rovinju, od 1988.-1990. godine, i u Dubrovniku, od 1988.-1991. i od 1997.-2001. godine, u Splitu 2004. godine.<\/p>\n<p style=\"text-align: left;\"><strong>OIB: 62680915236 \/ EUID: HRSR.080366436 \/ MB: 03299830 \/ MBS: 080366436<\/strong><\/p>\n","protected":false},"excerpt":{"rendered":"<p>Galerija Kaptol d.o.o.\u00a0 profitna je organizacija koja se bavi izlaga\u010dkom djelatno\u0161\u0107u, posredovanjem i trgovinom umjetni\u010dkim predmetima. Galerija je osnovana\u00a01987. godine sa sjedi\u0161tem u Zagrebu, na adresi Kaptol 13, gdje se nalazi i danas. Od osnutka bavimo se \u017eivom izlaga\u010dkom djelatno\u0161\u010du umjetnika svih generacija. U galeriji \u00abKaptol\u00bb samostalno su izlagali : Antun Motika, Vilim Sve\u010dnjak, Ivo [&hellip;]<\/p>\n","protected":false},"author":1,"featured_media":0,"parent":0,"menu_order":0,"comment_status":"closed","ping_status":"closed","template":"page-no-separators","meta":{"footnotes":""},"class_list":["post-8","page","type-page","status-publish","hentry"],"yoast_head":"<!-- This site is optimized with the Yoast SEO plugin v27.5 - https:\/\/yoast.com\/product\/yoast-seo-wordpress\/ -->\n<title>O nama - Galerija umjetnina<\/title>\n<meta name=\"robots\" content=\"index, follow, max-snippet:-1, max-image-preview:large, max-video-preview:-1\" \/>\n<link rel=\"canonical\" href=\"https:\/\/galerijakaptol.hr\/index.php\/informacije\/\" \/>\n<meta property=\"og:locale\" content=\"hr_HR\" \/>\n<meta property=\"og:type\" content=\"article\" \/>\n<meta property=\"og:title\" content=\"O nama - Galerija umjetnina\" \/>\n<meta property=\"og:description\" content=\"Galerija Kaptol d.o.o.\u00a0 profitna je organizacija koja se bavi izlaga\u010dkom djelatno\u0161\u0107u, posredovanjem i trgovinom umjetni\u010dkim predmetima. Galerija je osnovana\u00a01987. godine sa sjedi\u0161tem u Zagrebu, na adresi Kaptol 13, gdje se nalazi i danas. Od osnutka bavimo se \u017eivom izlaga\u010dkom djelatno\u0161\u010du umjetnika svih generacija. U galeriji \u00abKaptol\u00bb samostalno su izlagali : Antun Motika, Vilim Sve\u010dnjak, Ivo [&hellip;]\" \/>\n<meta property=\"og:url\" content=\"https:\/\/galerijakaptol.hr\/index.php\/informacije\/\" \/>\n<meta property=\"og:site_name\" content=\"Galerija umjetnina\" \/>\n<meta property=\"article:modified_time\" content=\"2023-10-02T09:37:38+00:00\" \/>\n<meta name=\"twitter:card\" content=\"summary_large_image\" \/>\n<meta name=\"twitter:label1\" content=\"Procijenjeno vrijeme \u010ditanja\" \/>\n\t<meta name=\"twitter:data1\" content=\"2 minute\" \/>\n<script type=\"application\/ld+json\" class=\"yoast-schema-graph\">{\"@context\":\"https:\\\/\\\/schema.org\",\"@graph\":[{\"@type\":\"WebPage\",\"@id\":\"https:\\\/\\\/galerijakaptol.hr\\\/index.php\\\/informacije\\\/\",\"url\":\"https:\\\/\\\/galerijakaptol.hr\\\/index.php\\\/informacije\\\/\",\"name\":\"O nama - Galerija umjetnina\",\"isPartOf\":{\"@id\":\"https:\\\/\\\/galerijakaptol.hr\\\/#website\"},\"datePublished\":\"2023-09-10T14:34:25+00:00\",\"dateModified\":\"2023-10-02T09:37:38+00:00\",\"breadcrumb\":{\"@id\":\"https:\\\/\\\/galerijakaptol.hr\\\/index.php\\\/informacije\\\/#breadcrumb\"},\"inLanguage\":\"hr\",\"potentialAction\":[{\"@type\":\"ReadAction\",\"target\":[\"https:\\\/\\\/galerijakaptol.hr\\\/index.php\\\/informacije\\\/\"]}]},{\"@type\":\"BreadcrumbList\",\"@id\":\"https:\\\/\\\/galerijakaptol.hr\\\/index.php\\\/informacije\\\/#breadcrumb\",\"itemListElement\":[{\"@type\":\"ListItem\",\"position\":1,\"name\":\"Po\u010detna stranica\",\"item\":\"https:\\\/\\\/galerijakaptol.hr\\\/\"},{\"@type\":\"ListItem\",\"position\":2,\"name\":\"O nama\"}]},{\"@type\":\"WebSite\",\"@id\":\"https:\\\/\\\/galerijakaptol.hr\\\/#website\",\"url\":\"https:\\\/\\\/galerijakaptol.hr\\\/\",\"name\":\"Galerija umjetnina\",\"description\":\"\",\"publisher\":{\"@id\":\"https:\\\/\\\/galerijakaptol.hr\\\/#organization\"},\"potentialAction\":[{\"@type\":\"SearchAction\",\"target\":{\"@type\":\"EntryPoint\",\"urlTemplate\":\"https:\\\/\\\/galerijakaptol.hr\\\/?s={search_term_string}\"},\"query-input\":{\"@type\":\"PropertyValueSpecification\",\"valueRequired\":true,\"valueName\":\"search_term_string\"}}],\"inLanguage\":\"hr\"},{\"@type\":\"Organization\",\"@id\":\"https:\\\/\\\/galerijakaptol.hr\\\/#organization\",\"name\":\"Galerija umjetnina\",\"url\":\"https:\\\/\\\/galerijakaptol.hr\\\/\",\"logo\":{\"@type\":\"ImageObject\",\"inLanguage\":\"hr\",\"@id\":\"https:\\\/\\\/galerijakaptol.hr\\\/#\\\/schema\\\/logo\\\/image\\\/\",\"url\":\"https:\\\/\\\/galerijakaptol.hr\\\/wp-content\\\/uploads\\\/2023\\\/09\\\/logo-Kaptol-Galerija.png\",\"contentUrl\":\"https:\\\/\\\/galerijakaptol.hr\\\/wp-content\\\/uploads\\\/2023\\\/09\\\/logo-Kaptol-Galerija.png\",\"width\":342,\"height\":72,\"caption\":\"Galerija umjetnina\"},\"image\":{\"@id\":\"https:\\\/\\\/galerijakaptol.hr\\\/#\\\/schema\\\/logo\\\/image\\\/\"}}]}<\/script>\n<!-- \/ Yoast SEO plugin. -->","yoast_head_json":{"title":"O nama - Galerija umjetnina","robots":{"index":"index","follow":"follow","max-snippet":"max-snippet:-1","max-image-preview":"max-image-preview:large","max-video-preview":"max-video-preview:-1"},"canonical":"https:\/\/galerijakaptol.hr\/index.php\/informacije\/","og_locale":"hr_HR","og_type":"article","og_title":"O nama - Galerija umjetnina","og_description":"Galerija Kaptol d.o.o.\u00a0 profitna je organizacija koja se bavi izlaga\u010dkom djelatno\u0161\u0107u, posredovanjem i trgovinom umjetni\u010dkim predmetima. Galerija je osnovana\u00a01987. godine sa sjedi\u0161tem u Zagrebu, na adresi Kaptol 13, gdje se nalazi i danas. Od osnutka bavimo se \u017eivom izlaga\u010dkom djelatno\u0161\u010du umjetnika svih generacija. U galeriji \u00abKaptol\u00bb samostalno su izlagali : Antun Motika, Vilim Sve\u010dnjak, Ivo [&hellip;]","og_url":"https:\/\/galerijakaptol.hr\/index.php\/informacije\/","og_site_name":"Galerija umjetnina","article_modified_time":"2023-10-02T09:37:38+00:00","twitter_card":"summary_large_image","twitter_misc":{"Procijenjeno vrijeme \u010ditanja":"2 minute"},"schema":{"@context":"https:\/\/schema.org","@graph":[{"@type":"WebPage","@id":"https:\/\/galerijakaptol.hr\/index.php\/informacije\/","url":"https:\/\/galerijakaptol.hr\/index.php\/informacije\/","name":"O nama - Galerija umjetnina","isPartOf":{"@id":"https:\/\/galerijakaptol.hr\/#website"},"datePublished":"2023-09-10T14:34:25+00:00","dateModified":"2023-10-02T09:37:38+00:00","breadcrumb":{"@id":"https:\/\/galerijakaptol.hr\/index.php\/informacije\/#breadcrumb"},"inLanguage":"hr","potentialAction":[{"@type":"ReadAction","target":["https:\/\/galerijakaptol.hr\/index.php\/informacije\/"]}]},{"@type":"BreadcrumbList","@id":"https:\/\/galerijakaptol.hr\/index.php\/informacije\/#breadcrumb","itemListElement":[{"@type":"ListItem","position":1,"name":"Po\u010detna stranica","item":"https:\/\/galerijakaptol.hr\/"},{"@type":"ListItem","position":2,"name":"O nama"}]},{"@type":"WebSite","@id":"https:\/\/galerijakaptol.hr\/#website","url":"https:\/\/galerijakaptol.hr\/","name":"Galerija umjetnina","description":"","publisher":{"@id":"https:\/\/galerijakaptol.hr\/#organization"},"potentialAction":[{"@type":"SearchAction","target":{"@type":"EntryPoint","urlTemplate":"https:\/\/galerijakaptol.hr\/?s={search_term_string}"},"query-input":{"@type":"PropertyValueSpecification","valueRequired":true,"valueName":"search_term_string"}}],"inLanguage":"hr"},{"@type":"Organization","@id":"https:\/\/galerijakaptol.hr\/#organization","name":"Galerija umjetnina","url":"https:\/\/galerijakaptol.hr\/","logo":{"@type":"ImageObject","inLanguage":"hr","@id":"https:\/\/galerijakaptol.hr\/#\/schema\/logo\/image\/","url":"https:\/\/galerijakaptol.hr\/wp-content\/uploads\/2023\/09\/logo-Kaptol-Galerija.png","contentUrl":"https:\/\/galerijakaptol.hr\/wp-content\/uploads\/2023\/09\/logo-Kaptol-Galerija.png","width":342,"height":72,"caption":"Galerija umjetnina"},"image":{"@id":"https:\/\/galerijakaptol.hr\/#\/schema\/logo\/image\/"}}]}},"jetpack_sharing_enabled":true,"_links":{"self":[{"href":"https:\/\/galerijakaptol.hr\/index.php\/wp-json\/wp\/v2\/pages\/8","targetHints":{"allow":["GET"]}}],"collection":[{"href":"https:\/\/galerijakaptol.hr\/index.php\/wp-json\/wp\/v2\/pages"}],"about":[{"href":"https:\/\/galerijakaptol.hr\/index.php\/wp-json\/wp\/v2\/types\/page"}],"author":[{"embeddable":true,"href":"https:\/\/galerijakaptol.hr\/index.php\/wp-json\/wp\/v2\/users\/1"}],"replies":[{"embeddable":true,"href":"https:\/\/galerijakaptol.hr\/index.php\/wp-json\/wp\/v2\/comments?post=8"}],"version-history":[{"count":7,"href":"https:\/\/galerijakaptol.hr\/index.php\/wp-json\/wp\/v2\/pages\/8\/revisions"}],"predecessor-version":[{"id":1094,"href":"https:\/\/galerijakaptol.hr\/index.php\/wp-json\/wp\/v2\/pages\/8\/revisions\/1094"}],"wp:attachment":[{"href":"https:\/\/galerijakaptol.hr\/index.php\/wp-json\/wp\/v2\/media?parent=8"}],"curies":[{"name":"wp","href":"https:\/\/api.w.org\/{rel}","templated":true}]}}